{"id":2724,"date":"2025-03-10T11:03:06","date_gmt":"2025-03-10T10:03:06","guid":{"rendered":"https:\/\/boscvidra.com\/?post_type=tribe_events&#038;p=2724"},"modified":"2025-03-10T11:03:07","modified_gmt":"2025-03-10T10:03:07","slug":"slow-yoga-amb-beth-2","status":"publish","type":"tribe_events","link":"https:\/\/boscvidra.com\/es\/evento\/slow-yoga-amb-beth-2\/","title":{"rendered":"SLOW YOGA amb Beth"},"content":{"rendered":"<div  class=\"tribe-events-schedule tribe-clearfix\" >\n\t<p class=\"tribe-events-schedule__datetime\">\n\t\t<span class=\"tribe-events-schedule__date tribe-events-schedule__date--start\">\n\t\t\t21 junio, 2025\t\t<\/span>\n\n\t\t\t\t\t<span class=\"tribe-events-schedule__separator tribe-events-schedule__separator--date\">\n\t\t\t\t , \t\t\t<\/span>\n\t\t\t<span class=\"tribe-events-schedule__time tribe-events-schedule__time--start\">\n\t\t\t\t10:00 am\t\t\t<\/span>\n\t\t\n\t\t\t\t\t\t\t\t\t<span class=\"tribe-events-schedule__separator tribe-events-schedule__separator--time\">\n\t\t\t\t\t &#8211; \t\t\t\t<\/span>\n\t\t\t\n\t\t\t\t\t\t\t<span class=\"tribe-events-schedule__time tribe-events-schedule__time--end\">\n\t\t\t\t\t4:00 pm\t\t\t\t<\/span>\n\t\t\t\n\t\t\t\t\t\t<\/p>\n<\/div>\n\n\n<div class=\"tribe-events-event-image\"><img loading=\"lazy\" decoding=\"async\" width=\"1280\" height=\"960\" src=\"https:\/\/boscvidra.com\/wp-content\/uploads\/2023\/11\/IMG_6246-en-tamano-grande.jpeg\" class=\"attachment-full size-full wp-post-image\" alt=\"Yoga con Beth en Bosc Vidr\u00e0\" srcset=\"https:\/\/boscvidra.com\/wp-content\/uploads\/2023\/11\/IMG_6246-en-tamano-grande.jpeg 1280w, https:\/\/boscvidra.com\/wp-content\/uploads\/2023\/11\/IMG_6246-en-tamano-grande-300x225.jpeg 300w, https:\/\/boscvidra.com\/wp-content\/uploads\/2023\/11\/IMG_6246-en-tamano-grande-1024x768.jpeg 1024w, https:\/\/boscvidra.com\/wp-content\/uploads\/2023\/11\/IMG_6246-en-tamano-grande-768x576.jpeg 768w\" sizes=\"auto, (max-width: 1280px) 100vw, 1280px\" \/><\/div>\n\n<div class=\"\" data-block=\"true\" data-editor=\"7r8m\" data-offset-key=\"9p4ns-0-0\">\n<div class=\"public-DraftStyleDefault-block public-DraftStyleDefault-ltr\" data-offset-key=\"9p4ns-0-0\">\n<p><b>\ud83c\udf3f Ioga a l\u2019aire lliure amb Beth a Bosc Vidr\u00e0 \ud83c\udf3f<\/b><\/p>\n<p class=\"p1\">Vine a viure una experi\u00e8ncia \u00fanica de <b>benestar i connexi\u00f3 amb la natura<\/b> en un entorn incomparable. \ud83c\udf43\u2728<\/p>\n<\/p>\n<p class=\"p1\">\ud83c\udf32 <b>Qu\u00e8 t\u2019espera en aquesta jornada especial?<\/b><\/p>\n<p class=\"p1\">\ud83d\udeb6\u200d\u2640\ufe0f Passeig conscient pel <b>bosc terap\u00e8utic<\/b>, per reconnectar amb la calma i la serenor de la natura.<\/p>\n<p class=\"p1\">\ud83e\uddd8 Sessi\u00f3 de <b>ioga restauratiu a l\u2019aire lliure<\/b>, per relaxar el cos i equilibrar l\u2019energia.<\/p>\n<p class=\"p1\">\ud83c\udf7d\ufe0f <b>Brunch amb productes de proximitat<\/b>, per gaudir d\u2019una alimentaci\u00f3 saludable i nutritiva en plena natura.<\/p>\n<\/p>\n<p class=\"p1\">Una oportunitat per desconnectar de la rutina, respirar profundament i nodrir-te a tots els nivells. \ud83d\udc9a<\/p>\n<\/p>\n<p class=\"p1\">\ud83d\udcc5 <b>Data:<\/b> 16 Mar\u00e7 2025, 10-16h<\/p>\n<p class=\"p1\">\ud83d\udccd <b>Lloc:<\/b> Bosc Vidr\u00e0, Vidr\u00e0 (Osona)<\/p>\n<p class=\"p1\">\ud83d\udce9 <b>Reserva la teva pla\u00e7a al 610 24 48 00<\/b><\/p>\n<\/div>\n<div class=\"public-DraftStyleDefault-block public-DraftStyleDefault-ltr\" data-offset-key=\"9p4ns-0-0\">\n<p class=\"p1\">#IogaANatura #BoscVidr\u00e0 #Benestar #Connexi\u00f3AmbLaNatura #IogaRestauratiu #Respira #Pausa #Mindfulness<\/p>\n<\/div>\n<\/div>","protected":false},"excerpt":{"rendered":"<p>\ud83c\udf3f Ioga a l\u2019aire lliure amb Beth a Bosc Vidr\u00e0 \ud83c\udf3f Vine a viure una experi\u00e8ncia \u00fanica de benestar i connexi\u00f3 amb la natura en un entorn incomparable. \ud83c\udf43\u2728 \ud83c\udf32 [&hellip;]<\/p>\n","protected":false},"author":1,"featured_media":935,"template":"","meta":{"_uag_custom_page_level_css":"","site-sidebar-layout":"default","site-content-layout":"","ast-site-content-layout":"default","site-content-style":"default","site-sidebar-style":"default","ast-global-header-display":"","ast-banner-title-visibility":"","ast-main-header-display":"","ast-hfb-above-header-display":"","ast-hfb-below-header-display":"","ast-hfb-mobile-header-display":"","site-post-title":"","ast-breadcrumbs-content":"","ast-featured-img":"","footer-sml-layout":"","ast-disable-related-posts":"","theme-transparent-header-meta":"default","adv-header-id-meta":"","stick-header-meta":"","header-above-stick-meta":"","header-main-stick-meta":"","header-below-stick-meta":"","astra-migrate-meta-layouts":"set","ast-page-background-enabled":"default","ast-page-background-meta":{"desktop":{"background-color":"var(--ast-global-color-4)","background-image":"","background-repeat":"repeat","background-position":"center center","background-size":"auto","background-attachment":"scroll","background-type":"","background-media":"","overlay-type":"","overlay-color":"","overlay-opacity":"","overlay-gradient":""},"tablet":{"background-color":"","background-image":"","background-repeat":"repeat","background-position":"center center","background-size":"auto","background-attachment":"scroll","background-type":"","background-media":"","overlay-type":"","overlay-color":"","overlay-opacity":"","overlay-gradient":""},"mobile":{"background-color":"","background-image":"","background-repeat":"repeat","background-position":"center center","background-size":"auto","background-attachment":"scroll","background-type":"","background-media":"","overlay-type":"","overlay-color":"","overlay-opacity":"","overlay-gradient":""}},"ast-content-background-meta":{"desktop":{"background-color":"var(--ast-global-color-5)","background-image":"","background-repeat":"repeat","background-position":"center center","background-size":"auto","background-attachment":"scroll","background-type":"","background-media":"","overlay-type":"","overlay-color":"","overlay-opacity":"","overlay-gradient":""},"tablet":{"background-color":"var(--ast-global-color-5)","background-image":"","background-repeat":"repeat","background-position":"center center","background-size":"auto","background-attachment":"scroll","background-type":"","background-media":"","overlay-type":"","overlay-color":"","overlay-opacity":"","overlay-gradient":""},"mobile":{"background-color":"var(--ast-global-color-5)","background-image":"","background-repeat":"repeat","background-position":"center center","background-size":"auto","background-attachment":"scroll","background-type":"","background-media":"","overlay-type":"","overlay-color":"","overlay-opacity":"","overlay-gradient":""}},"_EventAllDay":false,"_EventTimezone":"UTC+1","_EventStartDate":"2025-06-21 10:00:00","_EventEndDate":"2025-06-21 16:00:00","_EventStartDateUTC":"2025-06-21 08:00:00","_EventEndDateUTC":"2025-06-21 14:00:00","_EventShowMap":true,"_EventShowMapLink":true,"_EventURL":"","_EventCost":"55","_EventCostDescription":"","_EventCurrencySymbol":"\u20ac","_EventCurrencyCode":"","_EventCurrencyPosition":"suffix","_EventDateTimeSeparator":"","_EventTimeRangeSeparator":"","_EventOrganizerID":[],"_EventVenueID":[],"_OrganizerEmail":"","_OrganizerPhone":"","_OrganizerWebsite":"","_VenueAddress":"","_VenueCity":"","_VenueCountry":"","_VenueProvince":"","_VenueState":"","_VenueZip":"","_VenuePhone":"","_VenueURL":"","_VenueStateProvince":"","_VenueLat":"","_VenueLng":"","_VenueShowMap":false,"_VenueShowMapLink":false,"_tribe_events_status":"","_tribe_events_status_reason":"","footnotes":""},"tags":[],"tribe_events_cat":[],"class_list":["post-2724","tribe_events","type-tribe_events","status-publish","has-post-thumbnail","hentry"],"yoast_head":"<!-- This site is optimized with the Yoast SEO plugin v27.4 - https:\/\/yoast.com\/product\/yoast-seo-wordpress\/ -->\n<title>SLOW YOGA amb Beth - Bosc Vidr\u00e0<\/title>\n<meta name=\"description\" content=\"Nuestro retiro SLOW YOGA &amp; NATURE es una oportunidad \u00fanica para desconectar de la vida cotidiana y reconectar con la naturaleza y con tu cuerpo.\" \/>\n<meta name=\"robots\" content=\"index, follow, max-snippet:-1, max-image-preview:large, max-video-preview:-1\" \/>\n<link rel=\"canonical\" href=\"https:\/\/boscvidra.com\/es\/evento\/slow-yoga-amb-beth-2\/\" \/>\n<meta property=\"og:locale\" content=\"es_ES\" \/>\n<meta property=\"og:type\" content=\"article\" \/>\n<meta property=\"og:title\" content=\"SLOW YOGA amb Beth - Bosc Vidr\u00e0\" \/>\n<meta property=\"og:description\" content=\"Nuestro retiro SLOW YOGA &amp; NATURE es una oportunidad \u00fanica para desconectar de la vida cotidiana y reconectar con la naturaleza y con tu cuerpo.\" \/>\n<meta property=\"og:url\" content=\"https:\/\/boscvidra.com\/es\/evento\/slow-yoga-amb-beth-2\/\" \/>\n<meta property=\"og:site_name\" content=\"Bosc Vidr\u00e0\" \/>\n<meta property=\"article:publisher\" content=\"https:\/\/www.facebook.com\/profile.php?id=61556356701093&amp;locale=es_ES\" \/>\n<meta property=\"article:modified_time\" content=\"2025-03-10T10:03:07+00:00\" \/>\n<meta property=\"og:image\" content=\"https:\/\/boscvidra.com\/wp-content\/uploads\/2023\/11\/IMG_6246-en-tamano-grande.jpeg\" \/>\n\t<meta property=\"og:image:width\" content=\"1280\" \/>\n\t<meta property=\"og:image:height\" content=\"960\" \/>\n\t<meta property=\"og:image:type\" content=\"image\/jpeg\" \/>\n<meta name=\"twitter:card\" content=\"summary_large_image\" \/>\n<meta name=\"twitter:label1\" content=\"Tiempo de lectura\" \/>\n\t<meta name=\"twitter:data1\" content=\"1 minuto\" \/>\n<script type=\"application\/ld+json\" class=\"yoast-schema-graph\">{\"@context\":\"https:\\\/\\\/schema.org\",\"@graph\":[{\"@type\":\"WebPage\",\"@id\":\"https:\\\/\\\/boscvidra.com\\\/evento\\\/slow-yoga-amb-beth-2\\\/\",\"url\":\"https:\\\/\\\/boscvidra.com\\\/evento\\\/slow-yoga-amb-beth-2\\\/\",\"name\":\"SLOW YOGA amb Beth - Bosc Vidr\u00e0\",\"isPartOf\":{\"@id\":\"https:\\\/\\\/boscvidra.com\\\/#website\"},\"primaryImageOfPage\":{\"@id\":\"https:\\\/\\\/boscvidra.com\\\/evento\\\/slow-yoga-amb-beth-2\\\/#primaryimage\"},\"image\":{\"@id\":\"https:\\\/\\\/boscvidra.com\\\/evento\\\/slow-yoga-amb-beth-2\\\/#primaryimage\"},\"thumbnailUrl\":\"https:\\\/\\\/boscvidra.com\\\/wp-content\\\/uploads\\\/2023\\\/11\\\/IMG_6246-en-tamano-grande.jpeg\",\"datePublished\":\"2025-03-10T10:03:06+00:00\",\"dateModified\":\"2025-03-10T10:03:07+00:00\",\"description\":\"Nuestro retiro SLOW YOGA & NATURE es una oportunidad \u00fanica para desconectar de la vida cotidiana y reconectar con la naturaleza y con tu cuerpo.\",\"breadcrumb\":{\"@id\":\"https:\\\/\\\/boscvidra.com\\\/evento\\\/slow-yoga-amb-beth-2\\\/#breadcrumb\"},\"inLanguage\":\"es\",\"potentialAction\":[{\"@type\":\"ReadAction\",\"target\":[\"https:\\\/\\\/boscvidra.com\\\/evento\\\/slow-yoga-amb-beth-2\\\/\"]}]},{\"@type\":\"ImageObject\",\"inLanguage\":\"es\",\"@id\":\"https:\\\/\\\/boscvidra.com\\\/evento\\\/slow-yoga-amb-beth-2\\\/#primaryimage\",\"url\":\"https:\\\/\\\/boscvidra.com\\\/wp-content\\\/uploads\\\/2023\\\/11\\\/IMG_6246-en-tamano-grande.jpeg\",\"contentUrl\":\"https:\\\/\\\/boscvidra.com\\\/wp-content\\\/uploads\\\/2023\\\/11\\\/IMG_6246-en-tamano-grande.jpeg\",\"width\":1280,\"height\":960,\"caption\":\"Bosc Vidr\u00e0\"},{\"@type\":\"BreadcrumbList\",\"@id\":\"https:\\\/\\\/boscvidra.com\\\/evento\\\/slow-yoga-amb-beth-2\\\/#breadcrumb\",\"itemListElement\":[{\"@type\":\"ListItem\",\"position\":1,\"name\":\"Portada\",\"item\":\"https:\\\/\\\/boscvidra.com\\\/\"},{\"@type\":\"ListItem\",\"position\":2,\"name\":\"Esdeveniments\",\"item\":\"https:\\\/\\\/boscvidra.com\\\/calendari\\\/\"},{\"@type\":\"ListItem\",\"position\":3,\"name\":\"SLOW YOGA amb Beth\"}]},{\"@type\":\"WebSite\",\"@id\":\"https:\\\/\\\/boscvidra.com\\\/#website\",\"url\":\"https:\\\/\\\/boscvidra.com\\\/\",\"name\":\"Bosc Vidr\u00e0\",\"description\":\"Bosc Vidr\u00e0\",\"potentialAction\":[{\"@type\":\"SearchAction\",\"target\":{\"@type\":\"EntryPoint\",\"urlTemplate\":\"https:\\\/\\\/boscvidra.com\\\/?s={search_term_string}\"},\"query-input\":{\"@type\":\"PropertyValueSpecification\",\"valueRequired\":true,\"valueName\":\"search_term_string\"}}],\"inLanguage\":\"es\"}]}<\/script>\n<!-- \/ Yoast SEO plugin. -->","yoast_head_json":{"title":"SLOW YOGA amb Beth - Bosc Vidr\u00e0","description":"Nuestro retiro SLOW YOGA & NATURE es una oportunidad \u00fanica para desconectar de la vida cotidiana y reconectar con la naturaleza y con tu cuerpo.","robots":{"index":"index","follow":"follow","max-snippet":"max-snippet:-1","max-image-preview":"max-image-preview:large","max-video-preview":"max-video-preview:-1"},"canonical":"https:\/\/boscvidra.com\/es\/evento\/slow-yoga-amb-beth-2\/","og_locale":"es_ES","og_type":"article","og_title":"SLOW YOGA amb Beth - Bosc Vidr\u00e0","og_description":"Nuestro retiro SLOW YOGA & NATURE es una oportunidad \u00fanica para desconectar de la vida cotidiana y reconectar con la naturaleza y con tu cuerpo.","og_url":"https:\/\/boscvidra.com\/es\/evento\/slow-yoga-amb-beth-2\/","og_site_name":"Bosc Vidr\u00e0","article_publisher":"https:\/\/www.facebook.com\/profile.php?id=61556356701093&locale=es_ES","article_modified_time":"2025-03-10T10:03:07+00:00","og_image":[{"width":1280,"height":960,"url":"https:\/\/boscvidra.com\/wp-content\/uploads\/2023\/11\/IMG_6246-en-tamano-grande.jpeg","type":"image\/jpeg"}],"twitter_card":"summary_large_image","twitter_misc":{"Tiempo de lectura":"1 minuto"},"schema":{"@context":"https:\/\/schema.org","@graph":[{"@type":"WebPage","@id":"https:\/\/boscvidra.com\/evento\/slow-yoga-amb-beth-2\/","url":"https:\/\/boscvidra.com\/evento\/slow-yoga-amb-beth-2\/","name":"SLOW YOGA amb Beth - Bosc Vidr\u00e0","isPartOf":{"@id":"https:\/\/boscvidra.com\/#website"},"primaryImageOfPage":{"@id":"https:\/\/boscvidra.com\/evento\/slow-yoga-amb-beth-2\/#primaryimage"},"image":{"@id":"https:\/\/boscvidra.com\/evento\/slow-yoga-amb-beth-2\/#primaryimage"},"thumbnailUrl":"https:\/\/boscvidra.com\/wp-content\/uploads\/2023\/11\/IMG_6246-en-tamano-grande.jpeg","datePublished":"2025-03-10T10:03:06+00:00","dateModified":"2025-03-10T10:03:07+00:00","description":"Nuestro retiro SLOW YOGA & NATURE es una oportunidad \u00fanica para desconectar de la vida cotidiana y reconectar con la naturaleza y con tu cuerpo.","breadcrumb":{"@id":"https:\/\/boscvidra.com\/evento\/slow-yoga-amb-beth-2\/#breadcrumb"},"inLanguage":"es","potentialAction":[{"@type":"ReadAction","target":["https:\/\/boscvidra.com\/evento\/slow-yoga-amb-beth-2\/"]}]},{"@type":"ImageObject","inLanguage":"es","@id":"https:\/\/boscvidra.com\/evento\/slow-yoga-amb-beth-2\/#primaryimage","url":"https:\/\/boscvidra.com\/wp-content\/uploads\/2023\/11\/IMG_6246-en-tamano-grande.jpeg","contentUrl":"https:\/\/boscvidra.com\/wp-content\/uploads\/2023\/11\/IMG_6246-en-tamano-grande.jpeg","width":1280,"height":960,"caption":"Bosc Vidr\u00e0"},{"@type":"BreadcrumbList","@id":"https:\/\/boscvidra.com\/evento\/slow-yoga-amb-beth-2\/#breadcrumb","itemListElement":[{"@type":"ListItem","position":1,"name":"Portada","item":"https:\/\/boscvidra.com\/"},{"@type":"ListItem","position":2,"name":"Esdeveniments","item":"https:\/\/boscvidra.com\/calendari\/"},{"@type":"ListItem","position":3,"name":"SLOW YOGA amb Beth"}]},{"@type":"WebSite","@id":"https:\/\/boscvidra.com\/#website","url":"https:\/\/boscvidra.com\/","name":"Bosc Vidr\u00e0","description":"Bosc Vidr\u00e0","potentialAction":[{"@type":"SearchAction","target":{"@type":"EntryPoint","urlTemplate":"https:\/\/boscvidra.com\/?s={search_term_string}"},"query-input":{"@type":"PropertyValueSpecification","valueRequired":true,"valueName":"search_term_string"}}],"inLanguage":"es"}]}},"uagb_featured_image_src":{"full":["https:\/\/boscvidra.com\/wp-content\/uploads\/2023\/11\/IMG_6246-en-tamano-grande.jpeg",1280,960,false],"thumbnail":["https:\/\/boscvidra.com\/wp-content\/uploads\/2023\/11\/IMG_6246-en-tamano-grande-150x150.jpeg",150,150,true],"medium":["https:\/\/boscvidra.com\/wp-content\/uploads\/2023\/11\/IMG_6246-en-tamano-grande-300x225.jpeg",300,225,true],"medium_large":["https:\/\/boscvidra.com\/wp-content\/uploads\/2023\/11\/IMG_6246-en-tamano-grande-768x576.jpeg",768,576,true],"large":["https:\/\/boscvidra.com\/wp-content\/uploads\/2023\/11\/IMG_6246-en-tamano-grande-1024x768.jpeg",1024,768,true],"1536x1536":["https:\/\/boscvidra.com\/wp-content\/uploads\/2023\/11\/IMG_6246-en-tamano-grande.jpeg",1280,960,false],"2048x2048":["https:\/\/boscvidra.com\/wp-content\/uploads\/2023\/11\/IMG_6246-en-tamano-grande.jpeg",1280,960,false],"trp-custom-language-flag":["https:\/\/boscvidra.com\/wp-content\/uploads\/2023\/11\/IMG_6246-en-tamano-grande.jpeg",16,12,false]},"uagb_author_info":{"display_name":"BoscVidr\u00e0","author_link":"https:\/\/boscvidra.com\/es\/author\/admin\/"},"uagb_comment_info":0,"uagb_excerpt":"\ud83c\udf3f Ioga a l\u2019aire lliure amb Beth a Bosc Vidr\u00e0 \ud83c\udf3f Vine a viure una experi\u00e8ncia \u00fanica de benestar i connexi\u00f3 amb la natura en un entorn incomparable. \ud83c\udf43\u2728 \ud83c\udf32 [&hellip;]","_links":{"self":[{"href":"https:\/\/boscvidra.com\/es\/wp-json\/wp\/v2\/tribe_events\/2724","targetHints":{"allow":["GET"]}}],"collection":[{"href":"https:\/\/boscvidra.com\/es\/wp-json\/wp\/v2\/tribe_events"}],"about":[{"href":"https:\/\/boscvidra.com\/es\/wp-json\/wp\/v2\/types\/tribe_events"}],"author":[{"embeddable":true,"href":"https:\/\/boscvidra.com\/es\/wp-json\/wp\/v2\/users\/1"}],"version-history":[{"count":2,"href":"https:\/\/boscvidra.com\/es\/wp-json\/wp\/v2\/tribe_events\/2724\/revisions"}],"predecessor-version":[{"id":2749,"href":"https:\/\/boscvidra.com\/es\/wp-json\/wp\/v2\/tribe_events\/2724\/revisions\/2749"}],"wp:featuredmedia":[{"embeddable":true,"href":"https:\/\/boscvidra.com\/es\/wp-json\/wp\/v2\/media\/935"}],"wp:attachment":[{"href":"https:\/\/boscvidra.com\/es\/wp-json\/wp\/v2\/media?parent=2724"}],"wp:term":[{"taxonomy":"post_tag","embeddable":true,"href":"https:\/\/boscvidra.com\/es\/wp-json\/wp\/v2\/tags?post=2724"},{"taxonomy":"tribe_events_cat","embeddable":true,"href":"https:\/\/boscvidra.com\/es\/wp-json\/wp\/v2\/tribe_events_cat?post=2724"}],"curies":[{"name":"wp","href":"https:\/\/api.w.org\/{rel}","templated":true}]}}