{"id":2714,"date":"2025-02-17T08:34:17","date_gmt":"2025-02-17T07:34:17","guid":{"rendered":"https:\/\/boscvidra.com\/?post_type=tribe_events&#038;p=2714"},"modified":"2025-02-17T08:36:31","modified_gmt":"2025-02-17T07:36:31","slug":"%e2%9c%a8-tallers-per-a-families-vida-art-i-creacio-amb-la-natura-%e2%9c%a8","status":"publish","type":"tribe_events","link":"https:\/\/boscvidra.com\/es\/evento\/%e2%9c%a8-tallers-per-a-families-vida-art-i-creacio-amb-la-natura-%e2%9c%a8\/","title":{"rendered":"\u2728 Tallers per a Fam\u00edlies: Vida, Art i Creaci\u00f3 amb la Natura \u2728"},"content":{"rendered":"<div  class=\"tribe-events-schedule tribe-clearfix\" >\n\t<p class=\"tribe-events-schedule__datetime\">\n\t\t<span class=\"tribe-events-schedule__date tribe-events-schedule__date--start\">\n\t\t\t7 mayo, 2025\t\t<\/span>\n\n\t\t\t\t\t<span class=\"tribe-events-schedule__separator tribe-events-schedule__separator--date\">\n\t\t\t\t , \t\t\t<\/span>\n\t\t\t<span class=\"tribe-events-schedule__time tribe-events-schedule__time--start\">\n\t\t\t\t10:00 am\t\t\t<\/span>\n\t\t\n\t\t\t\t\t\t\t\t\t<span class=\"tribe-events-schedule__separator tribe-events-schedule__separator--time\">\n\t\t\t\t\t &#8211; \t\t\t\t<\/span>\n\t\t\t\n\t\t\t\t\t\t\t<span class=\"tribe-events-schedule__time tribe-events-schedule__time--end\">\n\t\t\t\t\t4:00 pm\t\t\t\t<\/span>\n\t\t\t\n\t\t\t\t\t\t<\/p>\n<\/div>\n\n\n<div class=\"tribe-events-event-image\"><img loading=\"lazy\" decoding=\"async\" width=\"1080\" height=\"1080\" src=\"https:\/\/boscvidra.com\/wp-content\/uploads\/2025\/02\/Post-Vidra-1.png\" class=\"attachment-full size-full wp-post-image\" alt=\"Activitat en familia Bosc Vidra\" srcset=\"https:\/\/boscvidra.com\/wp-content\/uploads\/2025\/02\/Post-Vidra-1.png 1080w, https:\/\/boscvidra.com\/wp-content\/uploads\/2025\/02\/Post-Vidra-1-300x300.png 300w, https:\/\/boscvidra.com\/wp-content\/uploads\/2025\/02\/Post-Vidra-1-1024x1024.png 1024w, https:\/\/boscvidra.com\/wp-content\/uploads\/2025\/02\/Post-Vidra-1-150x150.png 150w, https:\/\/boscvidra.com\/wp-content\/uploads\/2025\/02\/Post-Vidra-1-768x768.png 768w, https:\/\/boscvidra.com\/wp-content\/uploads\/2025\/02\/Post-Vidra-1-12x12.png 12w\" sizes=\"auto, (max-width: 1080px) 100vw, 1080px\" \/><\/div>\n\n<div class=\"\" data-block=\"true\" data-editor=\"7r8m\" data-offset-key=\"9p4ns-0-0\">\n<div class=\"public-DraftStyleDefault-block public-DraftStyleDefault-ltr\" data-offset-key=\"9p4ns-0-0\">\n<p><b>\ud83d\uddd3 Primer Taller: Som Creaci\u00f3<\/b><\/p>\n<p><b>\ud83d\udcc5 Data:<\/b><span style=\"font-weight: 400;\"> 7 de mayo<\/span><\/p>\n<p><b>\ud83c\udf33 On:<\/b><span style=\"font-weight: 400;\"> Bosc Vidr\u00e0<\/span><\/p>\n<p><span style=\"font-weight: 400;\">Endinsa\u2019t en una experi\u00e8ncia \u00fanica per a totes les edats (de 6 a 99 anys) i reconnecta amb la teva alegria i benestar en plena natura! \ud83c\udf3f<\/span><\/p>\n<p><span style=\"font-weight: 400;\">Comen\u00e7arem amb una meditaci\u00f3 adaptada als infants per trobar calma i seguretat, seguirem creant un mandala de fils que reflecteixi la vostra ess\u00e8ncia i acabarem amb una sessi\u00f3 de ioga del riure per acomiadar-nos amb somriures plens de vida. \ud83d\ude0a<\/span><\/p>\n<p>\u00a0<\/p>\n<p><b>Beneficis que us endureu:<\/b><\/p>\n<p><span style=\"font-weight: 400;\">\ud83c\udf1f Connexi\u00f3 amb l\u2019alegria, la calma i el benestar.<\/span><\/p>\n<p><span style=\"font-weight: 400;\">\ud83c\udfa8 Desenvolupament de la creativitat i habilitats motrius.<\/span><\/p>\n<p><span style=\"font-weight: 400;\">\ud83e\udde0 Millora de l\u2019atenci\u00f3 i la concentraci\u00f3.<\/span><\/p>\n<p>\u00a0<\/p>\n<p><b>Destinat a:<\/b><span style=\"font-weight: 400;\"> Fam\u00edlies (pares, mares, infants, avis i \u00e0vies).<\/span><\/p>\n<p><span style=\"font-weight: 400;\">\ud83d\udc8c Porta el teu dinar i gaudeix d\u2019un \u00e0pat comunitari al final del taller!<\/span><\/p>\n<p><span style=\"font-weight: 400;\">\ud83d\udce9 <\/span><b>Reserva ja la teva pla\u00e7a!<\/b><\/p>\n<p><span style=\"font-weight: 400;\">WhatsApp: <\/span><b>628 55 29 39<\/b><\/p>\n<p><span style=\"font-weight: 400;\">Instagram:<\/span><a href=\"https:\/\/www.instagram.com\/can\"> <span style=\"font-weight: 400;\">@canriureeducacion<\/span><\/a><\/p>\n<p>\u00a0<\/p>\n<p><span style=\"font-weight: 400;\">\ud83c\udf1f Places limitades, vine i descobreix el poder de la creaci\u00f3 en fam\u00edlia!<\/span><\/p>\n<p>\u00a0<\/p>\n<p><span style=\"font-weight: 400;\">#TallersEnFam\u00edlia #NaturaICreaci\u00f3 #MandalesEnFam\u00edlia #ArtINatura #ActivitatsInfantils #IogaDelRiure #ConnectaAmbLaTevaAlegria #CreativitatEnFam\u00edlia #BenestarNatural #TallersCreatius #Meditaci\u00f3Infantil #CanRiure #Fam\u00edliesQueCreen #Diversi\u00f3EnNatura #TempsEnFam\u00edlia<\/span><\/p>\n<\/div>\n<\/div>","protected":false},"excerpt":{"rendered":"<p>\ud83d\uddd3 Primer Taller: Som Creaci\u00f3 \ud83d\udcc5 Data: 7 de mayo \ud83c\udf33 On: Bosc Vidr\u00e0 Endinsa\u2019t en una experi\u00e8ncia \u00fanica per a totes les edats (de 6 a 99 anys) i [&hellip;]<\/p>\n","protected":false},"author":1,"featured_media":2715,"template":"","meta":{"_uag_custom_page_level_css":"","site-sidebar-layout":"default","site-content-layout":"","ast-site-content-layout":"default","site-content-style":"default","site-sidebar-style":"default","ast-global-header-display":"","ast-banner-title-visibility":"","ast-main-header-display":"","ast-hfb-above-header-display":"","ast-hfb-below-header-display":"","ast-hfb-mobile-header-display":"","site-post-title":"","ast-breadcrumbs-content":"","ast-featured-img":"","footer-sml-layout":"","ast-disable-related-posts":"","theme-transparent-header-meta":"default","adv-header-id-meta":"","stick-header-meta":"","header-above-stick-meta":"","header-main-stick-meta":"","header-below-stick-meta":"","astra-migrate-meta-layouts":"set","ast-page-background-enabled":"default","ast-page-background-meta":{"desktop":{"background-color":"var(--ast-global-color-4)","background-image":"","background-repeat":"repeat","background-position":"center center","background-size":"auto","background-attachment":"scroll","background-type":"","background-media":"","overlay-type":"","overlay-color":"","overlay-opacity":"","overlay-gradient":""},"tablet":{"background-color":"","background-image":"","background-repeat":"repeat","background-position":"center center","background-size":"auto","background-attachment":"scroll","background-type":"","background-media":"","overlay-type":"","overlay-color":"","overlay-opacity":"","overlay-gradient":""},"mobile":{"background-color":"","background-image":"","background-repeat":"repeat","background-position":"center center","background-size":"auto","background-attachment":"scroll","background-type":"","background-media":"","overlay-type":"","overlay-color":"","overlay-opacity":"","overlay-gradient":""}},"ast-content-background-meta":{"desktop":{"background-color":"var(--ast-global-color-5)","background-image":"","background-repeat":"repeat","background-position":"center center","background-size":"auto","background-attachment":"scroll","background-type":"","background-media":"","overlay-type":"","overlay-color":"","overlay-opacity":"","overlay-gradient":""},"tablet":{"background-color":"var(--ast-global-color-5)","background-image":"","background-repeat":"repeat","background-position":"center center","background-size":"auto","background-attachment":"scroll","background-type":"","background-media":"","overlay-type":"","overlay-color":"","overlay-opacity":"","overlay-gradient":""},"mobile":{"background-color":"var(--ast-global-color-5)","background-image":"","background-repeat":"repeat","background-position":"center center","background-size":"auto","background-attachment":"scroll","background-type":"","background-media":"","overlay-type":"","overlay-color":"","overlay-opacity":"","overlay-gradient":""}},"_EventAllDay":false,"_EventTimezone":"UTC+1","_EventStartDate":"2025-05-07 10:00:00","_EventEndDate":"2025-05-07 16:00:00","_EventStartDateUTC":"2025-05-07 08:00:00","_EventEndDateUTC":"2025-05-07 14:00:00","_EventShowMap":true,"_EventShowMapLink":true,"_EventURL":"","_EventCost":"55","_EventCostDescription":"","_EventCurrencySymbol":"\u20ac","_EventCurrencyCode":"","_EventCurrencyPosition":"suffix","_EventDateTimeSeparator":"","_EventTimeRangeSeparator":"","_EventOrganizerID":[],"_EventVenueID":[],"_OrganizerEmail":"","_OrganizerPhone":"","_OrganizerWebsite":"","_VenueAddress":"","_VenueCity":"","_VenueCountry":"","_VenueProvince":"","_VenueState":"","_VenueZip":"","_VenuePhone":"","_VenueURL":"","_VenueStateProvince":"","_VenueLat":"","_VenueLng":"","_VenueShowMap":false,"_VenueShowMapLink":false,"_tribe_events_status":"","_tribe_events_status_reason":"","footnotes":""},"tags":[],"tribe_events_cat":[],"class_list":["post-2714","tribe_events","type-tribe_events","status-publish","has-post-thumbnail","hentry"],"yoast_head":"<!-- This site is optimized with the Yoast SEO plugin v27.4 - https:\/\/yoast.com\/product\/yoast-seo-wordpress\/ -->\n<title>\u2728 Tallers per a Fam\u00edlies: Vida, Art i Creaci\u00f3 amb la Natura \u2728 - Bosc Vidr\u00e0<\/title>\n<meta name=\"description\" content=\"Nuestro retiro SLOW YOGA &amp; NATURE es una oportunidad \u00fanica para desconectar de la vida cotidiana y reconectar con la naturaleza y con tu cuerpo.\" \/>\n<meta name=\"robots\" content=\"index, follow, max-snippet:-1, max-image-preview:large, max-video-preview:-1\" \/>\n<link rel=\"canonical\" href=\"https:\/\/boscvidra.com\/es\/evento\/\u2728-tallers-per-a-families-vida-art-i-creacio-amb-la-natura-\u2728\/\" \/>\n<meta property=\"og:locale\" content=\"es_ES\" \/>\n<meta property=\"og:type\" content=\"article\" \/>\n<meta property=\"og:title\" content=\"\u2728 Tallers per a Fam\u00edlies: Vida, Art i Creaci\u00f3 amb la Natura \u2728 - Bosc Vidr\u00e0\" \/>\n<meta property=\"og:description\" content=\"Nuestro retiro SLOW YOGA &amp; NATURE es una oportunidad \u00fanica para desconectar de la vida cotidiana y reconectar con la naturaleza y con tu cuerpo.\" \/>\n<meta property=\"og:url\" content=\"https:\/\/boscvidra.com\/es\/evento\/\u2728-tallers-per-a-families-vida-art-i-creacio-amb-la-natura-\u2728\/\" \/>\n<meta property=\"og:site_name\" content=\"Bosc Vidr\u00e0\" \/>\n<meta property=\"article:publisher\" content=\"https:\/\/www.facebook.com\/profile.php?id=61556356701093&amp;locale=es_ES\" \/>\n<meta property=\"article:modified_time\" content=\"2025-02-17T07:36:31+00:00\" \/>\n<meta property=\"og:image\" content=\"https:\/\/boscvidra.com\/wp-content\/uploads\/2025\/02\/Post-Vidra-1.png\" \/>\n\t<meta property=\"og:image:width\" content=\"1080\" \/>\n\t<meta property=\"og:image:height\" content=\"1080\" \/>\n\t<meta property=\"og:image:type\" content=\"image\/png\" \/>\n<meta name=\"twitter:card\" content=\"summary_large_image\" \/>\n<meta name=\"twitter:label1\" content=\"Tiempo de lectura\" \/>\n\t<meta name=\"twitter:data1\" content=\"1 minuto\" \/>\n<script type=\"application\/ld+json\" class=\"yoast-schema-graph\">{\"@context\":\"https:\\\/\\\/schema.org\",\"@graph\":[{\"@type\":\"WebPage\",\"@id\":\"https:\\\/\\\/boscvidra.com\\\/evento\\\/%e2%9c%a8-tallers-per-a-families-vida-art-i-creacio-amb-la-natura-%e2%9c%a8\\\/\",\"url\":\"https:\\\/\\\/boscvidra.com\\\/evento\\\/%e2%9c%a8-tallers-per-a-families-vida-art-i-creacio-amb-la-natura-%e2%9c%a8\\\/\",\"name\":\"\u2728 Tallers per a Fam\u00edlies: Vida, Art i Creaci\u00f3 amb la Natura \u2728 - Bosc Vidr\u00e0\",\"isPartOf\":{\"@id\":\"https:\\\/\\\/boscvidra.com\\\/#website\"},\"primaryImageOfPage\":{\"@id\":\"https:\\\/\\\/boscvidra.com\\\/evento\\\/%e2%9c%a8-tallers-per-a-families-vida-art-i-creacio-amb-la-natura-%e2%9c%a8\\\/#primaryimage\"},\"image\":{\"@id\":\"https:\\\/\\\/boscvidra.com\\\/evento\\\/%e2%9c%a8-tallers-per-a-families-vida-art-i-creacio-amb-la-natura-%e2%9c%a8\\\/#primaryimage\"},\"thumbnailUrl\":\"https:\\\/\\\/boscvidra.com\\\/wp-content\\\/uploads\\\/2025\\\/02\\\/Post-Vidra-1.png\",\"datePublished\":\"2025-02-17T07:34:17+00:00\",\"dateModified\":\"2025-02-17T07:36:31+00:00\",\"description\":\"Nuestro retiro SLOW YOGA & NATURE es una oportunidad \u00fanica para desconectar de la vida cotidiana y reconectar con la naturaleza y con tu cuerpo.\",\"breadcrumb\":{\"@id\":\"https:\\\/\\\/boscvidra.com\\\/evento\\\/%e2%9c%a8-tallers-per-a-families-vida-art-i-creacio-amb-la-natura-%e2%9c%a8\\\/#breadcrumb\"},\"inLanguage\":\"es\",\"potentialAction\":[{\"@type\":\"ReadAction\",\"target\":[\"https:\\\/\\\/boscvidra.com\\\/evento\\\/%e2%9c%a8-tallers-per-a-families-vida-art-i-creacio-amb-la-natura-%e2%9c%a8\\\/\"]}]},{\"@type\":\"ImageObject\",\"inLanguage\":\"es\",\"@id\":\"https:\\\/\\\/boscvidra.com\\\/evento\\\/%e2%9c%a8-tallers-per-a-families-vida-art-i-creacio-amb-la-natura-%e2%9c%a8\\\/#primaryimage\",\"url\":\"https:\\\/\\\/boscvidra.com\\\/wp-content\\\/uploads\\\/2025\\\/02\\\/Post-Vidra-1.png\",\"contentUrl\":\"https:\\\/\\\/boscvidra.com\\\/wp-content\\\/uploads\\\/2025\\\/02\\\/Post-Vidra-1.png\",\"width\":1080,\"height\":1080,\"caption\":\"Activitat en familia Bosc Vidra\"},{\"@type\":\"BreadcrumbList\",\"@id\":\"https:\\\/\\\/boscvidra.com\\\/evento\\\/%e2%9c%a8-tallers-per-a-families-vida-art-i-creacio-amb-la-natura-%e2%9c%a8\\\/#breadcrumb\",\"itemListElement\":[{\"@type\":\"ListItem\",\"position\":1,\"name\":\"Portada\",\"item\":\"https:\\\/\\\/boscvidra.com\\\/\"},{\"@type\":\"ListItem\",\"position\":2,\"name\":\"Esdeveniments\",\"item\":\"https:\\\/\\\/boscvidra.com\\\/calendari\\\/\"},{\"@type\":\"ListItem\",\"position\":3,\"name\":\"\u2728 Tallers per a Fam\u00edlies: Vida, Art i Creaci\u00f3 amb la Natura \u2728\"}]},{\"@type\":\"WebSite\",\"@id\":\"https:\\\/\\\/boscvidra.com\\\/#website\",\"url\":\"https:\\\/\\\/boscvidra.com\\\/\",\"name\":\"Bosc Vidr\u00e0\",\"description\":\"Bosc Vidr\u00e0\",\"potentialAction\":[{\"@type\":\"SearchAction\",\"target\":{\"@type\":\"EntryPoint\",\"urlTemplate\":\"https:\\\/\\\/boscvidra.com\\\/?s={search_term_string}\"},\"query-input\":{\"@type\":\"PropertyValueSpecification\",\"valueRequired\":true,\"valueName\":\"search_term_string\"}}],\"inLanguage\":\"es\"}]}<\/script>\n<!-- \/ Yoast SEO plugin. -->","yoast_head_json":{"title":"\u2728 Tallers per a Fam\u00edlies: Vida, Art i Creaci\u00f3 amb la Natura \u2728 - Bosc Vidr\u00e0","description":"Nuestro retiro SLOW YOGA & NATURE es una oportunidad \u00fanica para desconectar de la vida cotidiana y reconectar con la naturaleza y con tu cuerpo.","robots":{"index":"index","follow":"follow","max-snippet":"max-snippet:-1","max-image-preview":"max-image-preview:large","max-video-preview":"max-video-preview:-1"},"canonical":"https:\/\/boscvidra.com\/es\/evento\/\u2728-tallers-per-a-families-vida-art-i-creacio-amb-la-natura-\u2728\/","og_locale":"es_ES","og_type":"article","og_title":"\u2728 Tallers per a Fam\u00edlies: Vida, Art i Creaci\u00f3 amb la Natura \u2728 - Bosc Vidr\u00e0","og_description":"Nuestro retiro SLOW YOGA & NATURE es una oportunidad \u00fanica para desconectar de la vida cotidiana y reconectar con la naturaleza y con tu cuerpo.","og_url":"https:\/\/boscvidra.com\/es\/evento\/\u2728-tallers-per-a-families-vida-art-i-creacio-amb-la-natura-\u2728\/","og_site_name":"Bosc Vidr\u00e0","article_publisher":"https:\/\/www.facebook.com\/profile.php?id=61556356701093&locale=es_ES","article_modified_time":"2025-02-17T07:36:31+00:00","og_image":[{"width":1080,"height":1080,"url":"https:\/\/boscvidra.com\/wp-content\/uploads\/2025\/02\/Post-Vidra-1.png","type":"image\/png"}],"twitter_card":"summary_large_image","twitter_misc":{"Tiempo de lectura":"1 minuto"},"schema":{"@context":"https:\/\/schema.org","@graph":[{"@type":"WebPage","@id":"https:\/\/boscvidra.com\/evento\/%e2%9c%a8-tallers-per-a-families-vida-art-i-creacio-amb-la-natura-%e2%9c%a8\/","url":"https:\/\/boscvidra.com\/evento\/%e2%9c%a8-tallers-per-a-families-vida-art-i-creacio-amb-la-natura-%e2%9c%a8\/","name":"\u2728 Tallers per a Fam\u00edlies: Vida, Art i Creaci\u00f3 amb la Natura \u2728 - Bosc Vidr\u00e0","isPartOf":{"@id":"https:\/\/boscvidra.com\/#website"},"primaryImageOfPage":{"@id":"https:\/\/boscvidra.com\/evento\/%e2%9c%a8-tallers-per-a-families-vida-art-i-creacio-amb-la-natura-%e2%9c%a8\/#primaryimage"},"image":{"@id":"https:\/\/boscvidra.com\/evento\/%e2%9c%a8-tallers-per-a-families-vida-art-i-creacio-amb-la-natura-%e2%9c%a8\/#primaryimage"},"thumbnailUrl":"https:\/\/boscvidra.com\/wp-content\/uploads\/2025\/02\/Post-Vidra-1.png","datePublished":"2025-02-17T07:34:17+00:00","dateModified":"2025-02-17T07:36:31+00:00","description":"Nuestro retiro SLOW YOGA & NATURE es una oportunidad \u00fanica para desconectar de la vida cotidiana y reconectar con la naturaleza y con tu cuerpo.","breadcrumb":{"@id":"https:\/\/boscvidra.com\/evento\/%e2%9c%a8-tallers-per-a-families-vida-art-i-creacio-amb-la-natura-%e2%9c%a8\/#breadcrumb"},"inLanguage":"es","potentialAction":[{"@type":"ReadAction","target":["https:\/\/boscvidra.com\/evento\/%e2%9c%a8-tallers-per-a-families-vida-art-i-creacio-amb-la-natura-%e2%9c%a8\/"]}]},{"@type":"ImageObject","inLanguage":"es","@id":"https:\/\/boscvidra.com\/evento\/%e2%9c%a8-tallers-per-a-families-vida-art-i-creacio-amb-la-natura-%e2%9c%a8\/#primaryimage","url":"https:\/\/boscvidra.com\/wp-content\/uploads\/2025\/02\/Post-Vidra-1.png","contentUrl":"https:\/\/boscvidra.com\/wp-content\/uploads\/2025\/02\/Post-Vidra-1.png","width":1080,"height":1080,"caption":"Activitat en familia Bosc Vidra"},{"@type":"BreadcrumbList","@id":"https:\/\/boscvidra.com\/evento\/%e2%9c%a8-tallers-per-a-families-vida-art-i-creacio-amb-la-natura-%e2%9c%a8\/#breadcrumb","itemListElement":[{"@type":"ListItem","position":1,"name":"Portada","item":"https:\/\/boscvidra.com\/"},{"@type":"ListItem","position":2,"name":"Esdeveniments","item":"https:\/\/boscvidra.com\/calendari\/"},{"@type":"ListItem","position":3,"name":"\u2728 Tallers per a Fam\u00edlies: Vida, Art i Creaci\u00f3 amb la Natura \u2728"}]},{"@type":"WebSite","@id":"https:\/\/boscvidra.com\/#website","url":"https:\/\/boscvidra.com\/","name":"Bosc Vidr\u00e0","description":"Bosc Vidr\u00e0","potentialAction":[{"@type":"SearchAction","target":{"@type":"EntryPoint","urlTemplate":"https:\/\/boscvidra.com\/?s={search_term_string}"},"query-input":{"@type":"PropertyValueSpecification","valueRequired":true,"valueName":"search_term_string"}}],"inLanguage":"es"}]}},"uagb_featured_image_src":{"full":["https:\/\/boscvidra.com\/wp-content\/uploads\/2025\/02\/Post-Vidra-1.png",1080,1080,false],"thumbnail":["https:\/\/boscvidra.com\/wp-content\/uploads\/2025\/02\/Post-Vidra-1-150x150.png",150,150,true],"medium":["https:\/\/boscvidra.com\/wp-content\/uploads\/2025\/02\/Post-Vidra-1-300x300.png",300,300,true],"medium_large":["https:\/\/boscvidra.com\/wp-content\/uploads\/2025\/02\/Post-Vidra-1-768x768.png",768,768,true],"large":["https:\/\/boscvidra.com\/wp-content\/uploads\/2025\/02\/Post-Vidra-1-1024x1024.png",1024,1024,true],"1536x1536":["https:\/\/boscvidra.com\/wp-content\/uploads\/2025\/02\/Post-Vidra-1.png",1080,1080,false],"2048x2048":["https:\/\/boscvidra.com\/wp-content\/uploads\/2025\/02\/Post-Vidra-1.png",1080,1080,false],"trp-custom-language-flag":["https:\/\/boscvidra.com\/wp-content\/uploads\/2025\/02\/Post-Vidra-1-12x12.png",12,12,true]},"uagb_author_info":{"display_name":"BoscVidr\u00e0","author_link":"https:\/\/boscvidra.com\/es\/author\/admin\/"},"uagb_comment_info":0,"uagb_excerpt":"\ud83d\uddd3 Primer Taller: Som Creaci\u00f3 \ud83d\udcc5 Data: 7 de mayo \ud83c\udf33 On: Bosc Vidr\u00e0 Endinsa\u2019t en una experi\u00e8ncia \u00fanica per a totes les edats (de 6 a 99 anys) i [&hellip;]","_links":{"self":[{"href":"https:\/\/boscvidra.com\/es\/wp-json\/wp\/v2\/tribe_events\/2714","targetHints":{"allow":["GET"]}}],"collection":[{"href":"https:\/\/boscvidra.com\/es\/wp-json\/wp\/v2\/tribe_events"}],"about":[{"href":"https:\/\/boscvidra.com\/es\/wp-json\/wp\/v2\/types\/tribe_events"}],"author":[{"embeddable":true,"href":"https:\/\/boscvidra.com\/es\/wp-json\/wp\/v2\/users\/1"}],"version-history":[{"count":1,"href":"https:\/\/boscvidra.com\/es\/wp-json\/wp\/v2\/tribe_events\/2714\/revisions"}],"predecessor-version":[{"id":2716,"href":"https:\/\/boscvidra.com\/es\/wp-json\/wp\/v2\/tribe_events\/2714\/revisions\/2716"}],"wp:featuredmedia":[{"embeddable":true,"href":"https:\/\/boscvidra.com\/es\/wp-json\/wp\/v2\/media\/2715"}],"wp:attachment":[{"href":"https:\/\/boscvidra.com\/es\/wp-json\/wp\/v2\/media?parent=2714"}],"wp:term":[{"taxonomy":"post_tag","embeddable":true,"href":"https:\/\/boscvidra.com\/es\/wp-json\/wp\/v2\/tags?post=2714"},{"taxonomy":"tribe_events_cat","embeddable":true,"href":"https:\/\/boscvidra.com\/es\/wp-json\/wp\/v2\/tribe_events_cat?post=2714"}],"curies":[{"name":"wp","href":"https:\/\/api.w.org\/{rel}","templated":true}]}}