{"id":2707,"date":"2025-02-12T08:55:31","date_gmt":"2025-02-12T07:55:31","guid":{"rendered":"https:\/\/boscvidra.com\/?post_type=tribe_events&#038;p=2707"},"modified":"2025-02-17T08:35:23","modified_gmt":"2025-02-17T07:35:23","slug":"bany-de-bosc-amb-beti-2","status":"publish","type":"tribe_events","link":"https:\/\/boscvidra.com\/es\/evento\/bany-de-bosc-amb-beti-2\/","title":{"rendered":"Bany de Bosc amb Beti"},"content":{"rendered":"<div  class=\"tribe-events-schedule tribe-clearfix\" >\n\t<p class=\"tribe-events-schedule__datetime\">\n\t\t<span class=\"tribe-events-schedule__date tribe-events-schedule__date--start\">\n\t\t\t2 marzo, 2025\t\t<\/span>\n\n\t\t\t\t\t<span class=\"tribe-events-schedule__separator tribe-events-schedule__separator--date\">\n\t\t\t\t , \t\t\t<\/span>\n\t\t\t<span class=\"tribe-events-schedule__time tribe-events-schedule__time--start\">\n\t\t\t\t10:00 am\t\t\t<\/span>\n\t\t\n\t\t\t\t\t\t\t\t\t<span class=\"tribe-events-schedule__separator tribe-events-schedule__separator--time\">\n\t\t\t\t\t &#8211; \t\t\t\t<\/span>\n\t\t\t\n\t\t\t\t\t\t\t<span class=\"tribe-events-schedule__time tribe-events-schedule__time--end\">\n\t\t\t\t\t4:00 pm\t\t\t\t<\/span>\n\t\t\t\n\t\t\t\t\t\t<\/p>\n<\/div>\n\n\n\n<p>Bany de Bosc amb Beti Costillas<\/p>\n\n\n\n<p>M\u00e9s informaci\u00f3 y reserves info@beticostillas.com<\/p>\n\n\n<div  class=\"tribe-block tribe-block__event-price\" >\n\t\t<\/div>\n\n\n\n\n<div  class=\"tribe-block tribe-block__venue tribe-clearfix\" >\n\t\n\t\t\n\t<\/div>\n\n\n\n\n\t<div  class=\"tribe-block tribe-block__events-link\" >\n\t\t<div class=\"tribe-events tribe-common\">\n\t\t\t<div class=\"tribe-events-c-subscribe-dropdown__container\">\n\t\t\t\t<div class=\"tribe-events-c-subscribe-dropdown\">\n\t\t\t\t\t<div class=\"tribe-common-c-btn-border tribe-events-c-subscribe-dropdown__button\">\n\t\t\t\t\t\t<svg\n\t class=\"tribe-common-c-svgicon tribe-common-c-svgicon--cal-export tribe-events-c-subscribe-dropdown__export-icon\" \taria-hidden=\"true\"\n\tviewbox=\"0 0 23 17\"\n\txmlns=\"http:\/\/www.w3.org\/2000\/svg\"\n>\n\t<path fill-rule=\"evenodd\" clip-rule=\"evenodd\" d=\"M.128.896V16.13c0 .211.145.383.323.383h15.354c.179 0 .323-.172.323-.383V.896c0-.212-.144-.383-.323-.383H.451C.273.513.128.684.128.896Zm16 6.742h-.901V4.679H1.009v10.729h14.218v-3.336h.901V7.638ZM1.01 1.614h14.218v2.058H1.009V1.614Z\" \/>\n\t<path d=\"M20.5 9.846H8.312M18.524 6.953l2.89 2.909-2.855 2.855\" stroke-width=\"1.2\" stroke-linecap=\"round\" stroke-linejoin=\"round\"\/>\n<\/svg>\n\t\t\t\t\t\t<button\n\t\t\t\t\t\t\tclass=\"tribe-events-c-subscribe-dropdown__button-text\"\n\t\t\t\t\t\t\taria-expanded=\"false\"\n\t\t\t\t\t\t\taria-controls=\"tribe-events-subscribe-dropdown-content\"\n\t\t\t\t\t\t\taria-label=\"Ver enlaces para a\u00f1adir eventos al calendario\"\n\t\t\t\t\t\t>\n\t\t\t\t\t\t\tA\u00f1adir al calendario\t\t\t\t\t\t<\/button>\n\t\t\t\t\t\t<svg\n\t class=\"tribe-common-c-svgicon tribe-common-c-svgicon--caret-down tribe-events-c-subscribe-dropdown__button-icon\" \taria-hidden=\"true\"\n\tviewbox=\"0 0 10 7\"\n\txmlns=\"http:\/\/www.w3.org\/2000\/svg\"\n>\n\t<path fill-rule=\"evenodd\" clip-rule=\"evenodd\" d=\"M1.008.609L5 4.6 8.992.61l.958.958L5 6.517.05 1.566l.958-.958z\" class=\"tribe-common-c-svgicon__svg-fill\"\/>\n<\/svg>\n\t\t\t\t\t<\/div>\n\t\t\t\t\t<div id=\"tribe-events-subscribe-dropdown-content\" class=\"tribe-events-c-subscribe-dropdown__content\">\n\t\t\t\t\t\t<ul class=\"tribe-events-c-subscribe-dropdown__list\">\n\t\t\t\t\t\t\t\t\t\t\t\t\t\t\t<li class=\"tribe-events-c-subscribe-dropdown__list-item tribe-events-c-subscribe-dropdown__list-item--gcal\">\n\t\t\t\t\t\t\t\t\t<a\n\t\t\t\t\t\t\t\t\t\thref=\"https:\/\/www.google.com\/calendar\/event?action=TEMPLATE&#038;dates=20250302T100000\/20250302T160000&#038;text=Bany%20de%20Bosc%20amb%20Beti&#038;details=%3Cp%3EBany+de+Bosc+amb+Beti+Costillas%3C%2Fp%3E+%3Cp%3EM%C3%A9s+informaci%C3%B3+y+reserves+info%40beticostillas.com%3C%2Fp%3E+&#038;trp=false&#038;ctz=Europe\/Paris&#038;sprop=website:https:\/\/boscvidra.com\/es\"\n\t\t\t\t\t\t\t\t\t\tclass=\"tribe-events-c-subscribe-dropdown__list-item-link\"\n\t\t\t\t\t\t\t\t\t\ttarget=\"_blank\"\n\t\t\t\t\t\t\t\t\t\trel=\"noopener noreferrer nofollow noindex\"\n\t\t\t\t\t\t\t\t\t>\n\t\t\t\t\t\t\t\t\t\tGoogle Calendar\t\t\t\t\t\t\t\t\t<\/a>\n\t\t\t\t\t\t\t\t<\/li>\n\t\t\t\t\t\t\t\t\t\t\t\t\t\t\t<li class=\"tribe-events-c-subscribe-dropdown__list-item tribe-events-c-subscribe-dropdown__list-item--ical\">\n\t\t\t\t\t\t\t\t\t<a\n\t\t\t\t\t\t\t\t\t\thref=\"\"\n\t\t\t\t\t\t\t\t\t\tclass=\"tribe-events-c-subscribe-dropdown__list-item-link\"\n\t\t\t\t\t\t\t\t\t\ttarget=\"_blank\"\n\t\t\t\t\t\t\t\t\t\trel=\"noopener noreferrer nofollow noindex\"\n\t\t\t\t\t\t\t\t\t>\n\t\t\t\t\t\t\t\t\t\tiCalendar\t\t\t\t\t\t\t\t\t<\/a>\n\t\t\t\t\t\t\t\t<\/li>\n\t\t\t\t\t\t\t\t\t\t\t\t\t\t\t<li class=\"tribe-events-c-subscribe-dropdown__list-item tribe-events-c-subscribe-dropdown__list-item--outlook-365\">\n\t\t\t\t\t\t\t\t\t<a\n\t\t\t\t\t\t\t\t\t\thref=\"\"\n\t\t\t\t\t\t\t\t\t\tclass=\"tribe-events-c-subscribe-dropdown__list-item-link\"\n\t\t\t\t\t\t\t\t\t\ttarget=\"_blank\"\n\t\t\t\t\t\t\t\t\t\trel=\"noopener noreferrer nofollow noindex\"\n\t\t\t\t\t\t\t\t\t>\n\t\t\t\t\t\t\t\t\t\tOutlook 365\t\t\t\t\t\t\t\t\t<\/a>\n\t\t\t\t\t\t\t\t<\/li>\n\t\t\t\t\t\t\t\t\t\t\t\t\t\t\t<li class=\"tribe-events-c-subscribe-dropdown__list-item tribe-events-c-subscribe-dropdown__list-item--outlook-live\">\n\t\t\t\t\t\t\t\t\t<a\n\t\t\t\t\t\t\t\t\t\thref=\"\"\n\t\t\t\t\t\t\t\t\t\tclass=\"tribe-events-c-subscribe-dropdown__list-item-link\"\n\t\t\t\t\t\t\t\t\t\ttarget=\"_blank\"\n\t\t\t\t\t\t\t\t\t\trel=\"noopener noreferrer nofollow noindex\"\n\t\t\t\t\t\t\t\t\t>\n\t\t\t\t\t\t\t\t\t\tOutlook Live\t\t\t\t\t\t\t\t\t<\/a>\n\t\t\t\t\t\t\t\t<\/li>\n\t\t\t\t\t\t\t\t\t\t\t\t\t<\/ul>\n\t\t\t\t\t<\/div>\n\t\t\t\t<\/div>\n\t\t\t<\/div>\n\t\t<\/div>\n\t<\/div>","protected":false},"excerpt":{"rendered":"<p>Bany de Bosc amb Beti Costillas M\u00e9s informaci\u00f3 y reserves info@beticostillas.com<\/p>","protected":false},"author":1,"featured_media":0,"template":"","meta":{"_uag_custom_page_level_css":"","site-sidebar-layout":"default","site-content-layout":"","ast-site-content-layout":"default","site-content-style":"default","site-sidebar-style":"default","ast-global-header-display":"","ast-banner-title-visibility":"","ast-main-header-display":"","ast-hfb-above-header-display":"","ast-hfb-below-header-display":"","ast-hfb-mobile-header-display":"","site-post-title":"","ast-breadcrumbs-content":"","ast-featured-img":"","footer-sml-layout":"","ast-disable-related-posts":"","theme-transparent-header-meta":"","adv-header-id-meta":"","stick-header-meta":"","header-above-stick-meta":"","header-main-stick-meta":"","header-below-stick-meta":"","astra-migrate-meta-layouts":"set","ast-page-background-enabled":"default","ast-page-background-meta":{"desktop":{"background-color":"var(--ast-global-color-4)","background-image":"","background-repeat":"repeat","background-position":"center center","background-size":"auto","background-attachment":"scroll","background-type":"","background-media":"","overlay-type":"","overlay-color":"","overlay-opacity":"","overlay-gradient":""},"tablet":{"background-color":"","background-image":"","background-repeat":"repeat","background-position":"center center","background-size":"auto","background-attachment":"scroll","background-type":"","background-media":"","overlay-type":"","overlay-color":"","overlay-opacity":"","overlay-gradient":""},"mobile":{"background-color":"","background-image":"","background-repeat":"repeat","background-position":"center center","background-size":"auto","background-attachment":"scroll","background-type":"","background-media":"","overlay-type":"","overlay-color":"","overlay-opacity":"","overlay-gradient":""}},"ast-content-background-meta":{"desktop":{"background-color":"var(--ast-global-color-5)","background-image":"","background-repeat":"repeat","background-position":"center center","background-size":"auto","background-attachment":"scroll","background-type":"","background-media":"","overlay-type":"","overlay-color":"","overlay-opacity":"","overlay-gradient":""},"tablet":{"background-color":"var(--ast-global-color-5)","background-image":"","background-repeat":"repeat","background-position":"center center","background-size":"auto","background-attachment":"scroll","background-type":"","background-media":"","overlay-type":"","overlay-color":"","overlay-opacity":"","overlay-gradient":""},"mobile":{"background-color":"var(--ast-global-color-5)","background-image":"","background-repeat":"repeat","background-position":"center center","background-size":"auto","background-attachment":"scroll","background-type":"","background-media":"","overlay-type":"","overlay-color":"","overlay-opacity":"","overlay-gradient":""}},"_EventAllDay":false,"_EventTimezone":"UTC+1","_EventStartDate":"2025-03-02 10:00:00","_EventEndDate":"2025-03-02 16:00:00","_EventStartDateUTC":"2025-03-02 09:00:00","_EventEndDateUTC":"2025-03-02 15:00:00","_EventShowMap":false,"_EventShowMapLink":false,"_EventURL":"","_EventCost":"","_EventCostDescription":"","_EventCurrencySymbol":"\u20ac","_EventCurrencyCode":"EUR","_EventCurrencyPosition":"prefix","_EventDateTimeSeparator":" , ","_EventTimeRangeSeparator":" - ","_EventOrganizerID":[],"_EventVenueID":[],"_OrganizerEmail":"","_OrganizerPhone":"","_OrganizerWebsite":"","_VenueAddress":"","_VenueCity":"","_VenueCountry":"","_VenueProvince":"","_VenueState":"","_VenueZip":"","_VenuePhone":"","_VenueURL":"","_VenueStateProvince":"","_VenueLat":"","_VenueLng":"","_VenueShowMap":false,"_VenueShowMapLink":false,"_tribe_events_status":"","_tribe_events_status_reason":"","footnotes":""},"tags":[],"tribe_events_cat":[],"class_list":["post-2707","tribe_events","type-tribe_events","status-publish","hentry"],"yoast_head":"<!-- This site is optimized with the Yoast SEO plugin v27.4 - https:\/\/yoast.com\/product\/yoast-seo-wordpress\/ -->\n<title>Bany de Bosc amb Beti - Bosc Vidr\u00e0<\/title>\n<meta name=\"robots\" content=\"index, follow, max-snippet:-1, max-image-preview:large, max-video-preview:-1\" \/>\n<link rel=\"canonical\" href=\"https:\/\/boscvidra.com\/es\/evento\/bany-de-bosc-amb-beti-2\/\" \/>\n<meta property=\"og:locale\" content=\"es_ES\" \/>\n<meta property=\"og:type\" content=\"article\" \/>\n<meta property=\"og:title\" content=\"Bany de Bosc amb Beti - Bosc Vidr\u00e0\" \/>\n<meta property=\"og:description\" content=\"Bany de Bosc amb Beti Costillas M\u00e9s informaci\u00f3 y reserves info@beticostillas.com\" \/>\n<meta property=\"og:url\" content=\"https:\/\/boscvidra.com\/es\/evento\/bany-de-bosc-amb-beti-2\/\" \/>\n<meta property=\"og:site_name\" content=\"Bosc Vidr\u00e0\" \/>\n<meta property=\"article:publisher\" content=\"https:\/\/www.facebook.com\/profile.php?id=61556356701093&amp;locale=es_ES\" \/>\n<meta property=\"article:modified_time\" content=\"2025-02-17T07:35:23+00:00\" \/>\n<meta name=\"twitter:card\" content=\"summary_large_image\" \/>\n<meta name=\"twitter:label1\" content=\"Tiempo de lectura\" \/>\n\t<meta name=\"twitter:data1\" content=\"1 minuto\" \/>\n<script type=\"application\/ld+json\" class=\"yoast-schema-graph\">{\"@context\":\"https:\\\/\\\/schema.org\",\"@graph\":[{\"@type\":\"WebPage\",\"@id\":\"https:\\\/\\\/boscvidra.com\\\/evento\\\/bany-de-bosc-amb-beti-2\\\/\",\"url\":\"https:\\\/\\\/boscvidra.com\\\/evento\\\/bany-de-bosc-amb-beti-2\\\/\",\"name\":\"Bany de Bosc amb Beti - Bosc Vidr\u00e0\",\"isPartOf\":{\"@id\":\"https:\\\/\\\/boscvidra.com\\\/#website\"},\"datePublished\":\"2025-02-12T07:55:31+00:00\",\"dateModified\":\"2025-02-17T07:35:23+00:00\",\"breadcrumb\":{\"@id\":\"https:\\\/\\\/boscvidra.com\\\/evento\\\/bany-de-bosc-amb-beti-2\\\/#breadcrumb\"},\"inLanguage\":\"es\",\"potentialAction\":[{\"@type\":\"ReadAction\",\"target\":[\"https:\\\/\\\/boscvidra.com\\\/evento\\\/bany-de-bosc-amb-beti-2\\\/\"]}]},{\"@type\":\"BreadcrumbList\",\"@id\":\"https:\\\/\\\/boscvidra.com\\\/evento\\\/bany-de-bosc-amb-beti-2\\\/#breadcrumb\",\"itemListElement\":[{\"@type\":\"ListItem\",\"position\":1,\"name\":\"Portada\",\"item\":\"https:\\\/\\\/boscvidra.com\\\/\"},{\"@type\":\"ListItem\",\"position\":2,\"name\":\"Esdeveniments\",\"item\":\"https:\\\/\\\/boscvidra.com\\\/calendari\\\/\"},{\"@type\":\"ListItem\",\"position\":3,\"name\":\"Bany de Bosc amb Beti\"}]},{\"@type\":\"WebSite\",\"@id\":\"https:\\\/\\\/boscvidra.com\\\/#website\",\"url\":\"https:\\\/\\\/boscvidra.com\\\/\",\"name\":\"Bosc Vidr\u00e0\",\"description\":\"Bosc Vidr\u00e0\",\"potentialAction\":[{\"@type\":\"SearchAction\",\"target\":{\"@type\":\"EntryPoint\",\"urlTemplate\":\"https:\\\/\\\/boscvidra.com\\\/?s={search_term_string}\"},\"query-input\":{\"@type\":\"PropertyValueSpecification\",\"valueRequired\":true,\"valueName\":\"search_term_string\"}}],\"inLanguage\":\"es\"}]}<\/script>\n<!-- \/ Yoast SEO plugin. -->","yoast_head_json":{"title":"Bany de Bosc amb Beti - Bosc Vidr\u00e0","robots":{"index":"index","follow":"follow","max-snippet":"max-snippet:-1","max-image-preview":"max-image-preview:large","max-video-preview":"max-video-preview:-1"},"canonical":"https:\/\/boscvidra.com\/es\/evento\/bany-de-bosc-amb-beti-2\/","og_locale":"es_ES","og_type":"article","og_title":"Bany de Bosc amb Beti - Bosc Vidr\u00e0","og_description":"Bany de Bosc amb Beti Costillas M\u00e9s informaci\u00f3 y reserves info@beticostillas.com","og_url":"https:\/\/boscvidra.com\/es\/evento\/bany-de-bosc-amb-beti-2\/","og_site_name":"Bosc Vidr\u00e0","article_publisher":"https:\/\/www.facebook.com\/profile.php?id=61556356701093&locale=es_ES","article_modified_time":"2025-02-17T07:35:23+00:00","twitter_card":"summary_large_image","twitter_misc":{"Tiempo de lectura":"1 minuto"},"schema":{"@context":"https:\/\/schema.org","@graph":[{"@type":"WebPage","@id":"https:\/\/boscvidra.com\/evento\/bany-de-bosc-amb-beti-2\/","url":"https:\/\/boscvidra.com\/evento\/bany-de-bosc-amb-beti-2\/","name":"Bany de Bosc amb Beti - Bosc Vidr\u00e0","isPartOf":{"@id":"https:\/\/boscvidra.com\/#website"},"datePublished":"2025-02-12T07:55:31+00:00","dateModified":"2025-02-17T07:35:23+00:00","breadcrumb":{"@id":"https:\/\/boscvidra.com\/evento\/bany-de-bosc-amb-beti-2\/#breadcrumb"},"inLanguage":"es","potentialAction":[{"@type":"ReadAction","target":["https:\/\/boscvidra.com\/evento\/bany-de-bosc-amb-beti-2\/"]}]},{"@type":"BreadcrumbList","@id":"https:\/\/boscvidra.com\/evento\/bany-de-bosc-amb-beti-2\/#breadcrumb","itemListElement":[{"@type":"ListItem","position":1,"name":"Portada","item":"https:\/\/boscvidra.com\/"},{"@type":"ListItem","position":2,"name":"Esdeveniments","item":"https:\/\/boscvidra.com\/calendari\/"},{"@type":"ListItem","position":3,"name":"Bany de Bosc amb Beti"}]},{"@type":"WebSite","@id":"https:\/\/boscvidra.com\/#website","url":"https:\/\/boscvidra.com\/","name":"Bosc Vidr\u00e0","description":"Bosc Vidr\u00e0","potentialAction":[{"@type":"SearchAction","target":{"@type":"EntryPoint","urlTemplate":"https:\/\/boscvidra.com\/?s={search_term_string}"},"query-input":{"@type":"PropertyValueSpecification","valueRequired":true,"valueName":"search_term_string"}}],"inLanguage":"es"}]}},"uagb_featured_image_src":{"full":false,"thumbnail":false,"medium":false,"medium_large":false,"large":false,"1536x1536":false,"2048x2048":false,"trp-custom-language-flag":false},"uagb_author_info":{"display_name":"BoscVidr\u00e0","author_link":"https:\/\/boscvidra.com\/es\/author\/admin\/"},"uagb_comment_info":0,"uagb_excerpt":"Bany de Bosc amb Beti Costillas M\u00e9s informaci\u00f3 y reserves info@beticostillas.com","_links":{"self":[{"href":"https:\/\/boscvidra.com\/es\/wp-json\/wp\/v2\/tribe_events\/2707","targetHints":{"allow":["GET"]}}],"collection":[{"href":"https:\/\/boscvidra.com\/es\/wp-json\/wp\/v2\/tribe_events"}],"about":[{"href":"https:\/\/boscvidra.com\/es\/wp-json\/wp\/v2\/types\/tribe_events"}],"author":[{"embeddable":true,"href":"https:\/\/boscvidra.com\/es\/wp-json\/wp\/v2\/users\/1"}],"version-history":[{"count":1,"href":"https:\/\/boscvidra.com\/es\/wp-json\/wp\/v2\/tribe_events\/2707\/revisions"}],"predecessor-version":[{"id":2708,"href":"https:\/\/boscvidra.com\/es\/wp-json\/wp\/v2\/tribe_events\/2707\/revisions\/2708"}],"wp:attachment":[{"href":"https:\/\/boscvidra.com\/es\/wp-json\/wp\/v2\/media?parent=2707"}],"wp:term":[{"taxonomy":"post_tag","embeddable":true,"href":"https:\/\/boscvidra.com\/es\/wp-json\/wp\/v2\/tags?post=2707"},{"taxonomy":"tribe_events_cat","embeddable":true,"href":"https:\/\/boscvidra.com\/es\/wp-json\/wp\/v2\/tribe_events_cat?post=2707"}],"curies":[{"name":"wp","href":"https:\/\/api.w.org\/{rel}","templated":true}]}}