{"id":2588,"date":"2024-08-26T16:13:47","date_gmt":"2024-08-26T15:13:47","guid":{"rendered":"https:\/\/boscvidra.com\/?post_type=tribe_events&#038;p=2588"},"modified":"2024-08-26T16:14:05","modified_gmt":"2024-08-26T15:14:05","slug":"retiro-1-dia-slow-yoga-nature-2","status":"publish","type":"tribe_events","link":"https:\/\/boscvidra.com\/es\/evento\/retiro-1-dia-slow-yoga-nature-2\/","title":{"rendered":"Retiro 1 d\u00eda &#8220;SLOW YOGA &amp; NATURE&#8221;"},"content":{"rendered":"<div  class=\"tribe-events-schedule tribe-clearfix\" >\n\t<p class=\"tribe-events-schedule__datetime\">\n\t\t<span class=\"tribe-events-schedule__date tribe-events-schedule__date--start\">\n\t\t\t10 noviembre, 2024\t\t<\/span>\n\n\t\t\t\t\t<span class=\"tribe-events-schedule__separator tribe-events-schedule__separator--date\">\n\t\t\t\t , \t\t\t<\/span>\n\t\t\t<span class=\"tribe-events-schedule__time tribe-events-schedule__time--start\">\n\t\t\t\t10:00 am\t\t\t<\/span>\n\t\t\n\t\t\t\t\t\t\t\t\t<span class=\"tribe-events-schedule__separator tribe-events-schedule__separator--time\">\n\t\t\t\t\t &#8211; \t\t\t\t<\/span>\n\t\t\t\n\t\t\t\t\t\t\t<span class=\"tribe-events-schedule__time tribe-events-schedule__time--end\">\n\t\t\t\t\t5:00 pm\t\t\t\t<\/span>\n\t\t\t\n\t\t\t\t\t\t<\/p>\n<\/div>\n\n\n<div class=\"tribe-events-event-image\"><img loading=\"lazy\" decoding=\"async\" width=\"960\" height=\"720\" src=\"https:\/\/boscvidra.com\/wp-content\/uploads\/2023\/11\/IMG_2062-2-en-tamano-grande.jpeg\" class=\"attachment-full size-full wp-post-image\" alt=\"\" srcset=\"https:\/\/boscvidra.com\/wp-content\/uploads\/2023\/11\/IMG_2062-2-en-tamano-grande.jpeg 960w, https:\/\/boscvidra.com\/wp-content\/uploads\/2023\/11\/IMG_2062-2-en-tamano-grande-300x225.jpeg 300w, https:\/\/boscvidra.com\/wp-content\/uploads\/2023\/11\/IMG_2062-2-en-tamano-grande-768x576.jpeg 768w\" sizes=\"auto, (max-width: 960px) 100vw, 960px\" \/><\/div>\n\n<div class=\"\" data-block=\"true\" data-editor=\"7r8m\" data-offset-key=\"9p4ns-0-0\">\n<div class=\"public-DraftStyleDefault-block public-DraftStyleDefault-ltr\" data-offset-key=\"9p4ns-0-0\">\n<p>Nuestro retiro\u00a0SLOW YOGA &amp; NATURE\u00a0es una oportunidad \u00fanica para desconectar de la vida cotidiana y reconectar con la naturaleza y con tu cuerpo.<\/p>\n<p>Comenzaremos este retiro con una relajante sesi\u00f3n de yoga al aire libre en medio del bosque. Esta practica te dar\u00e1 el espacio mental y emocional para centrarte y empezar el d\u00eda con una energ\u00eda positiva.<\/p>\n<p>Despu\u00e9s de la sesi\u00f3n de yoga, te llevaremos a un majestuoso bosque donde tendr\u00e1s la oportunidad de experimentar un Ba\u00f1o de Bosque. Esta pr\u00e1ctica te ayudar\u00e1 a relajarte y conectar profundamente con la naturaleza.\u00a0<\/p>\n<p>A continuaci\u00f3n, tomaremos un descanso para disfrutar del delicioso almuerzo saludable preparado por Searock y seguiremos con la sesi\u00f3n de Ba\u00f1os de Bosque.<\/p>\n<p>Este retiro de un d\u00eda te dejar\u00e1 con una sensaci\u00f3n completa de armon\u00eda con la naturaleza y contigo misma.\u00a0<\/p>\n<p><strong>Horario:<\/strong>\u00a010 &#8211; 17 horas<\/p>\n<p><strong>Lugar:<\/strong>\u00a0Les Torrenteres, Vidr\u00e0<\/p>\n<p><strong>M\u00e1s informaci\u00f3n y reservas:<\/strong>\u00a0<a href=\"https:\/\/musgobosque.com\/evento\/retiro-1-dia-slow-yoga-nature\/\">https:\/\/musgobosque.com\/evento\/retiro-1-dia-slow-yoga-nature-25-5-24\/<\/a><\/p>\n<\/div>\n<\/div>","protected":false},"excerpt":{"rendered":"<p>Nuestro retiro\u00a0SLOW YOGA &amp; NATURE\u00a0es una oportunidad \u00fanica para desconectar de la vida cotidiana y reconectar con la naturaleza y con tu cuerpo. Comenzaremos este retiro con una relajante sesi\u00f3n [&hellip;]<\/p>\n","protected":false},"author":1,"featured_media":906,"template":"","meta":{"_uag_custom_page_level_css":"","site-sidebar-layout":"default","site-content-layout":"","ast-site-content-layout":"default","site-content-style":"default","site-sidebar-style":"default","ast-global-header-display":"","ast-banner-title-visibility":"","ast-main-header-display":"","ast-hfb-above-header-display":"","ast-hfb-below-header-display":"","ast-hfb-mobile-header-display":"","site-post-title":"","ast-breadcrumbs-content":"","ast-featured-img":"","footer-sml-layout":"","ast-disable-related-posts":"","theme-transparent-header-meta":"default","adv-header-id-meta":"","stick-header-meta":"","header-above-stick-meta":"","header-main-stick-meta":"","header-below-stick-meta":"","astra-migrate-meta-layouts":"set","ast-page-background-enabled":"default","ast-page-background-meta":{"desktop":{"background-color":"var(--ast-global-color-4)","background-image":"","background-repeat":"repeat","background-position":"center center","background-size":"auto","background-attachment":"scroll","background-type":"","background-media":"","overlay-type":"","overlay-color":"","overlay-opacity":"","overlay-gradient":""},"tablet":{"background-color":"","background-image":"","background-repeat":"repeat","background-position":"center center","background-size":"auto","background-attachment":"scroll","background-type":"","background-media":"","overlay-type":"","overlay-color":"","overlay-opacity":"","overlay-gradient":""},"mobile":{"background-color":"","background-image":"","background-repeat":"repeat","background-position":"center center","background-size":"auto","background-attachment":"scroll","background-type":"","background-media":"","overlay-type":"","overlay-color":"","overlay-opacity":"","overlay-gradient":""}},"ast-content-background-meta":{"desktop":{"background-color":"var(--ast-global-color-5)","background-image":"","background-repeat":"repeat","background-position":"center center","background-size":"auto","background-attachment":"scroll","background-type":"","background-media":"","overlay-type":"","overlay-color":"","overlay-opacity":"","overlay-gradient":""},"tablet":{"background-color":"var(--ast-global-color-5)","background-image":"","background-repeat":"repeat","background-position":"center center","background-size":"auto","background-attachment":"scroll","background-type":"","background-media":"","overlay-type":"","overlay-color":"","overlay-opacity":"","overlay-gradient":""},"mobile":{"background-color":"var(--ast-global-color-5)","background-image":"","background-repeat":"repeat","background-position":"center center","background-size":"auto","background-attachment":"scroll","background-type":"","background-media":"","overlay-type":"","overlay-color":"","overlay-opacity":"","overlay-gradient":""}},"_EventAllDay":false,"_EventTimezone":"UTC+1","_EventStartDate":"2024-11-10 10:00:00","_EventEndDate":"2024-11-10 17:00:00","_EventStartDateUTC":"2024-11-10 09:00:00","_EventEndDateUTC":"2024-11-10 16:00:00","_EventShowMap":true,"_EventShowMapLink":true,"_EventURL":"","_EventCost":"55","_EventCostDescription":"","_EventCurrencySymbol":"\u20ac","_EventCurrencyCode":"","_EventCurrencyPosition":"suffix","_EventDateTimeSeparator":"","_EventTimeRangeSeparator":"","_EventOrganizerID":[],"_EventVenueID":[],"_OrganizerEmail":"","_OrganizerPhone":"","_OrganizerWebsite":"","_VenueAddress":"","_VenueCity":"","_VenueCountry":"","_VenueProvince":"","_VenueState":"","_VenueZip":"","_VenuePhone":"","_VenueURL":"","_VenueStateProvince":"","_VenueLat":"","_VenueLng":"","_VenueShowMap":false,"_VenueShowMapLink":false,"_tribe_events_status":"","_tribe_events_status_reason":"","footnotes":""},"tags":[],"tribe_events_cat":[],"class_list":["post-2588","tribe_events","type-tribe_events","status-publish","has-post-thumbnail","hentry"],"yoast_head":"<!-- This site is optimized with the Yoast SEO plugin v27.4 - https:\/\/yoast.com\/product\/yoast-seo-wordpress\/ -->\n<title>Retiro 1 d\u00eda &quot;SLOW YOGA &amp; NATURE&quot; - Bosc Vidr\u00e0<\/title>\n<meta name=\"description\" content=\"Nuestro retiro SLOW YOGA &amp; NATURE es una oportunidad \u00fanica para desconectar de la vida cotidiana y reconectar con la naturaleza y con tu cuerpo.\" \/>\n<meta name=\"robots\" content=\"index, follow, max-snippet:-1, max-image-preview:large, max-video-preview:-1\" \/>\n<link rel=\"canonical\" href=\"https:\/\/boscvidra.com\/es\/evento\/retiro-1-dia-slow-yoga-nature-2\/\" \/>\n<meta property=\"og:locale\" content=\"es_ES\" \/>\n<meta property=\"og:type\" content=\"article\" \/>\n<meta property=\"og:title\" content=\"Retiro 1 d\u00eda &quot;SLOW YOGA &amp; NATURE&quot; - Bosc Vidr\u00e0\" \/>\n<meta property=\"og:description\" content=\"Nuestro retiro SLOW YOGA &amp; NATURE es una oportunidad \u00fanica para desconectar de la vida cotidiana y reconectar con la naturaleza y con tu cuerpo.\" \/>\n<meta property=\"og:url\" content=\"https:\/\/boscvidra.com\/es\/evento\/retiro-1-dia-slow-yoga-nature-2\/\" \/>\n<meta property=\"og:site_name\" content=\"Bosc Vidr\u00e0\" \/>\n<meta property=\"article:publisher\" content=\"https:\/\/www.facebook.com\/profile.php?id=61556356701093&amp;locale=es_ES\" \/>\n<meta property=\"article:modified_time\" content=\"2024-08-26T15:14:05+00:00\" \/>\n<meta property=\"og:image\" content=\"https:\/\/boscvidra.com\/wp-content\/uploads\/2023\/11\/IMG_2062-2-en-tamano-grande.jpeg\" \/>\n\t<meta property=\"og:image:width\" content=\"960\" \/>\n\t<meta property=\"og:image:height\" content=\"720\" \/>\n\t<meta property=\"og:image:type\" content=\"image\/jpeg\" \/>\n<meta name=\"twitter:card\" content=\"summary_large_image\" \/>\n<meta name=\"twitter:label1\" content=\"Tiempo de lectura\" \/>\n\t<meta name=\"twitter:data1\" content=\"1 minuto\" \/>\n<script type=\"application\/ld+json\" class=\"yoast-schema-graph\">{\"@context\":\"https:\\\/\\\/schema.org\",\"@graph\":[{\"@type\":\"WebPage\",\"@id\":\"https:\\\/\\\/boscvidra.com\\\/evento\\\/retiro-1-dia-slow-yoga-nature-2\\\/\",\"url\":\"https:\\\/\\\/boscvidra.com\\\/evento\\\/retiro-1-dia-slow-yoga-nature-2\\\/\",\"name\":\"Retiro 1 d\u00eda \\\"SLOW YOGA &amp; NATURE\\\" - Bosc Vidr\u00e0\",\"isPartOf\":{\"@id\":\"https:\\\/\\\/boscvidra.com\\\/#website\"},\"primaryImageOfPage\":{\"@id\":\"https:\\\/\\\/boscvidra.com\\\/evento\\\/retiro-1-dia-slow-yoga-nature-2\\\/#primaryimage\"},\"image\":{\"@id\":\"https:\\\/\\\/boscvidra.com\\\/evento\\\/retiro-1-dia-slow-yoga-nature-2\\\/#primaryimage\"},\"thumbnailUrl\":\"https:\\\/\\\/boscvidra.com\\\/wp-content\\\/uploads\\\/2023\\\/11\\\/IMG_2062-2-en-tamano-grande.jpeg\",\"datePublished\":\"2024-08-26T15:13:47+00:00\",\"dateModified\":\"2024-08-26T15:14:05+00:00\",\"description\":\"Nuestro retiro SLOW YOGA & NATURE es una oportunidad \u00fanica para desconectar de la vida cotidiana y reconectar con la naturaleza y con tu cuerpo.\",\"breadcrumb\":{\"@id\":\"https:\\\/\\\/boscvidra.com\\\/evento\\\/retiro-1-dia-slow-yoga-nature-2\\\/#breadcrumb\"},\"inLanguage\":\"es\",\"potentialAction\":[{\"@type\":\"ReadAction\",\"target\":[\"https:\\\/\\\/boscvidra.com\\\/evento\\\/retiro-1-dia-slow-yoga-nature-2\\\/\"]}]},{\"@type\":\"ImageObject\",\"inLanguage\":\"es\",\"@id\":\"https:\\\/\\\/boscvidra.com\\\/evento\\\/retiro-1-dia-slow-yoga-nature-2\\\/#primaryimage\",\"url\":\"https:\\\/\\\/boscvidra.com\\\/wp-content\\\/uploads\\\/2023\\\/11\\\/IMG_2062-2-en-tamano-grande.jpeg\",\"contentUrl\":\"https:\\\/\\\/boscvidra.com\\\/wp-content\\\/uploads\\\/2023\\\/11\\\/IMG_2062-2-en-tamano-grande.jpeg\",\"width\":960,\"height\":720},{\"@type\":\"BreadcrumbList\",\"@id\":\"https:\\\/\\\/boscvidra.com\\\/evento\\\/retiro-1-dia-slow-yoga-nature-2\\\/#breadcrumb\",\"itemListElement\":[{\"@type\":\"ListItem\",\"position\":1,\"name\":\"Portada\",\"item\":\"https:\\\/\\\/boscvidra.com\\\/\"},{\"@type\":\"ListItem\",\"position\":2,\"name\":\"Esdeveniments\",\"item\":\"https:\\\/\\\/boscvidra.com\\\/calendari\\\/\"},{\"@type\":\"ListItem\",\"position\":3,\"name\":\"Retiro 1 d\u00eda \u00abSLOW YOGA &amp; NATURE\u00bb\"}]},{\"@type\":\"WebSite\",\"@id\":\"https:\\\/\\\/boscvidra.com\\\/#website\",\"url\":\"https:\\\/\\\/boscvidra.com\\\/\",\"name\":\"Bosc Vidr\u00e0\",\"description\":\"Bosc Vidr\u00e0\",\"potentialAction\":[{\"@type\":\"SearchAction\",\"target\":{\"@type\":\"EntryPoint\",\"urlTemplate\":\"https:\\\/\\\/boscvidra.com\\\/?s={search_term_string}\"},\"query-input\":{\"@type\":\"PropertyValueSpecification\",\"valueRequired\":true,\"valueName\":\"search_term_string\"}}],\"inLanguage\":\"es\"}]}<\/script>\n<!-- \/ Yoast SEO plugin. -->","yoast_head_json":{"title":"Retiro 1 d\u00eda \"SLOW YOGA &amp; NATURE\" - Bosc Vidr\u00e0","description":"Nuestro retiro SLOW YOGA & NATURE es una oportunidad \u00fanica para desconectar de la vida cotidiana y reconectar con la naturaleza y con tu cuerpo.","robots":{"index":"index","follow":"follow","max-snippet":"max-snippet:-1","max-image-preview":"max-image-preview:large","max-video-preview":"max-video-preview:-1"},"canonical":"https:\/\/boscvidra.com\/es\/evento\/retiro-1-dia-slow-yoga-nature-2\/","og_locale":"es_ES","og_type":"article","og_title":"Retiro 1 d\u00eda \"SLOW YOGA &amp; NATURE\" - Bosc Vidr\u00e0","og_description":"Nuestro retiro SLOW YOGA & NATURE es una oportunidad \u00fanica para desconectar de la vida cotidiana y reconectar con la naturaleza y con tu cuerpo.","og_url":"https:\/\/boscvidra.com\/es\/evento\/retiro-1-dia-slow-yoga-nature-2\/","og_site_name":"Bosc Vidr\u00e0","article_publisher":"https:\/\/www.facebook.com\/profile.php?id=61556356701093&locale=es_ES","article_modified_time":"2024-08-26T15:14:05+00:00","og_image":[{"width":960,"height":720,"url":"https:\/\/boscvidra.com\/wp-content\/uploads\/2023\/11\/IMG_2062-2-en-tamano-grande.jpeg","type":"image\/jpeg"}],"twitter_card":"summary_large_image","twitter_misc":{"Tiempo de lectura":"1 minuto"},"schema":{"@context":"https:\/\/schema.org","@graph":[{"@type":"WebPage","@id":"https:\/\/boscvidra.com\/evento\/retiro-1-dia-slow-yoga-nature-2\/","url":"https:\/\/boscvidra.com\/evento\/retiro-1-dia-slow-yoga-nature-2\/","name":"Retiro 1 d\u00eda \"SLOW YOGA &amp; NATURE\" - Bosc Vidr\u00e0","isPartOf":{"@id":"https:\/\/boscvidra.com\/#website"},"primaryImageOfPage":{"@id":"https:\/\/boscvidra.com\/evento\/retiro-1-dia-slow-yoga-nature-2\/#primaryimage"},"image":{"@id":"https:\/\/boscvidra.com\/evento\/retiro-1-dia-slow-yoga-nature-2\/#primaryimage"},"thumbnailUrl":"https:\/\/boscvidra.com\/wp-content\/uploads\/2023\/11\/IMG_2062-2-en-tamano-grande.jpeg","datePublished":"2024-08-26T15:13:47+00:00","dateModified":"2024-08-26T15:14:05+00:00","description":"Nuestro retiro SLOW YOGA & NATURE es una oportunidad \u00fanica para desconectar de la vida cotidiana y reconectar con la naturaleza y con tu cuerpo.","breadcrumb":{"@id":"https:\/\/boscvidra.com\/evento\/retiro-1-dia-slow-yoga-nature-2\/#breadcrumb"},"inLanguage":"es","potentialAction":[{"@type":"ReadAction","target":["https:\/\/boscvidra.com\/evento\/retiro-1-dia-slow-yoga-nature-2\/"]}]},{"@type":"ImageObject","inLanguage":"es","@id":"https:\/\/boscvidra.com\/evento\/retiro-1-dia-slow-yoga-nature-2\/#primaryimage","url":"https:\/\/boscvidra.com\/wp-content\/uploads\/2023\/11\/IMG_2062-2-en-tamano-grande.jpeg","contentUrl":"https:\/\/boscvidra.com\/wp-content\/uploads\/2023\/11\/IMG_2062-2-en-tamano-grande.jpeg","width":960,"height":720},{"@type":"BreadcrumbList","@id":"https:\/\/boscvidra.com\/evento\/retiro-1-dia-slow-yoga-nature-2\/#breadcrumb","itemListElement":[{"@type":"ListItem","position":1,"name":"Portada","item":"https:\/\/boscvidra.com\/"},{"@type":"ListItem","position":2,"name":"Esdeveniments","item":"https:\/\/boscvidra.com\/calendari\/"},{"@type":"ListItem","position":3,"name":"Retiro 1 d\u00eda \u00abSLOW YOGA &amp; NATURE\u00bb"}]},{"@type":"WebSite","@id":"https:\/\/boscvidra.com\/#website","url":"https:\/\/boscvidra.com\/","name":"Bosc Vidr\u00e0","description":"Bosc Vidr\u00e0","potentialAction":[{"@type":"SearchAction","target":{"@type":"EntryPoint","urlTemplate":"https:\/\/boscvidra.com\/?s={search_term_string}"},"query-input":{"@type":"PropertyValueSpecification","valueRequired":true,"valueName":"search_term_string"}}],"inLanguage":"es"}]}},"uagb_featured_image_src":{"full":["https:\/\/boscvidra.com\/wp-content\/uploads\/2023\/11\/IMG_2062-2-en-tamano-grande.jpeg",960,720,false],"thumbnail":["https:\/\/boscvidra.com\/wp-content\/uploads\/2023\/11\/IMG_2062-2-en-tamano-grande-150x150.jpeg",150,150,true],"medium":["https:\/\/boscvidra.com\/wp-content\/uploads\/2023\/11\/IMG_2062-2-en-tamano-grande-300x225.jpeg",300,225,true],"medium_large":["https:\/\/boscvidra.com\/wp-content\/uploads\/2023\/11\/IMG_2062-2-en-tamano-grande-768x576.jpeg",768,576,true],"large":["https:\/\/boscvidra.com\/wp-content\/uploads\/2023\/11\/IMG_2062-2-en-tamano-grande.jpeg",960,720,false],"1536x1536":["https:\/\/boscvidra.com\/wp-content\/uploads\/2023\/11\/IMG_2062-2-en-tamano-grande.jpeg",960,720,false],"2048x2048":["https:\/\/boscvidra.com\/wp-content\/uploads\/2023\/11\/IMG_2062-2-en-tamano-grande.jpeg",960,720,false],"trp-custom-language-flag":["https:\/\/boscvidra.com\/wp-content\/uploads\/2023\/11\/IMG_2062-2-en-tamano-grande.jpeg",16,12,false]},"uagb_author_info":{"display_name":"BoscVidr\u00e0","author_link":"https:\/\/boscvidra.com\/es\/author\/admin\/"},"uagb_comment_info":0,"uagb_excerpt":"Nuestro retiro\u00a0SLOW YOGA &amp; NATURE\u00a0es una oportunidad \u00fanica para desconectar de la vida cotidiana y reconectar con la naturaleza y con tu cuerpo. Comenzaremos este retiro con una relajante sesi\u00f3n [&hellip;]","_links":{"self":[{"href":"https:\/\/boscvidra.com\/es\/wp-json\/wp\/v2\/tribe_events\/2588","targetHints":{"allow":["GET"]}}],"collection":[{"href":"https:\/\/boscvidra.com\/es\/wp-json\/wp\/v2\/tribe_events"}],"about":[{"href":"https:\/\/boscvidra.com\/es\/wp-json\/wp\/v2\/types\/tribe_events"}],"author":[{"embeddable":true,"href":"https:\/\/boscvidra.com\/es\/wp-json\/wp\/v2\/users\/1"}],"version-history":[{"count":1,"href":"https:\/\/boscvidra.com\/es\/wp-json\/wp\/v2\/tribe_events\/2588\/revisions"}],"predecessor-version":[{"id":2589,"href":"https:\/\/boscvidra.com\/es\/wp-json\/wp\/v2\/tribe_events\/2588\/revisions\/2589"}],"wp:featuredmedia":[{"embeddable":true,"href":"https:\/\/boscvidra.com\/es\/wp-json\/wp\/v2\/media\/906"}],"wp:attachment":[{"href":"https:\/\/boscvidra.com\/es\/wp-json\/wp\/v2\/media?parent=2588"}],"wp:term":[{"taxonomy":"post_tag","embeddable":true,"href":"https:\/\/boscvidra.com\/es\/wp-json\/wp\/v2\/tags?post=2588"},{"taxonomy":"tribe_events_cat","embeddable":true,"href":"https:\/\/boscvidra.com\/es\/wp-json\/wp\/v2\/tribe_events_cat?post=2588"}],"curies":[{"name":"wp","href":"https:\/\/api.w.org\/{rel}","templated":true}]}}