{"id":1975,"date":"2024-01-12T11:57:05","date_gmt":"2024-01-12T11:57:05","guid":{"rendered":"http:\/\/boscvidra.com\/?page_id=1975"},"modified":"2025-01-16T08:47:27","modified_gmt":"2025-01-16T07:47:27","slug":"vila-vella-alquiler-espacio-natural","status":"publish","type":"page","link":"https:\/\/boscvidra.com\/es\/vila-vella-alquiler-espacio-natural\/","title":{"rendered":"Vila Vella"},"content":{"rendered":"\n<div class=\"wp-block-uagb-container uagb-block-494c42c4 alignfull uagb-is-root-container\"><div class=\"uagb-container__video-wrap\"><video autoplay loop muted playsinline><source src=\"http:\/\/boscvidra.com\/wp-content\/uploads\/2023\/11\/boscvidra.mp4\" type=\"video\/mp4\"\/><\/video><\/div><div class=\"uagb-container-inner-blocks-wrap\"><\/div><\/div>\n\n\n\n<div class=\"wp-block-uagb-container uagb-block-5fcee4f8 alignfull uagb-is-root-container\"><div class=\"uagb-container-inner-blocks-wrap\">\n<div class=\"wp-block-uagb-advanced-heading uagb-block-2b5f3149\"><h2 class=\"uagb-heading-text\">Reserva <mark style=\"background-color:rgba(0, 0, 0, 0)\" class=\"has-inline-color has-ast-global-color-0-color\">Vila Vella<\/mark> per la teva activitat en naturalesa<\/h2><div class=\"uagb-separator\"><\/div><\/div>\n\n\n\n<div class=\"wp-block-columns is-layout-flex wp-container-core-columns-is-layout-28f84493 wp-block-columns-is-layout-flex\">\n<div class=\"wp-block-column is-layout-flow wp-block-column-is-layout-flow\">\n<figure class=\"wp-block-image aligncenter size-large\"><img loading=\"lazy\" decoding=\"async\" width=\"1024\" height=\"768\" src=\"https:\/\/boscvidra.com\/wp-content\/uploads\/2023\/11\/IMG_6246-en-tamano-grande-1024x768.jpeg\" alt=\"alquiler-espacios-naturaleza\" class=\"wp-image-935\" srcset=\"https:\/\/boscvidra.com\/wp-content\/uploads\/2023\/11\/IMG_6246-en-tamano-grande-1024x768.jpeg 1024w, https:\/\/boscvidra.com\/wp-content\/uploads\/2023\/11\/IMG_6246-en-tamano-grande-300x225.jpeg 300w, https:\/\/boscvidra.com\/wp-content\/uploads\/2023\/11\/IMG_6246-en-tamano-grande-768x576.jpeg 768w, https:\/\/boscvidra.com\/wp-content\/uploads\/2023\/11\/IMG_6246-en-tamano-grande.jpeg 1280w\" sizes=\"auto, (max-width: 1024px) 100vw, 1024px\" \/><figcaption class=\"wp-element-caption\">Ioga | Taitx\u00ed | Ter\u00e0pies energ\u00e8tiques<\/figcaption><\/figure>\n<\/div>\n\n\n\n<div class=\"wp-block-column is-layout-constrained wp-block-column-is-layout-constrained\">\n<figure class=\"wp-block-image aligncenter size-full\"><img loading=\"lazy\" decoding=\"async\" width=\"2560\" height=\"1920\" src=\"http:\/\/boscvidra.com\/wp-content\/uploads\/2024\/02\/vila-vella-1-1-scaled.webp\" alt=\"alquiler-espacios-naturaleza\" class=\"wp-image-2387\" srcset=\"https:\/\/boscvidra.com\/wp-content\/uploads\/2024\/02\/vila-vella-1-1-scaled.webp 2560w, https:\/\/boscvidra.com\/wp-content\/uploads\/2024\/02\/vila-vella-1-1-300x225.webp 300w, https:\/\/boscvidra.com\/wp-content\/uploads\/2024\/02\/vila-vella-1-1-1024x768.webp 1024w, https:\/\/boscvidra.com\/wp-content\/uploads\/2024\/02\/vila-vella-1-1-768x576.webp 768w, https:\/\/boscvidra.com\/wp-content\/uploads\/2024\/02\/vila-vella-1-1-1536x1152.webp 1536w, https:\/\/boscvidra.com\/wp-content\/uploads\/2024\/02\/vila-vella-1-1-2048x1536.webp 2048w, https:\/\/boscvidra.com\/wp-content\/uploads\/2024\/02\/vila-vella-1-1-16x12.webp 16w\" sizes=\"auto, (max-width: 2560px) 100vw, 2560px\" \/><figcaption class=\"wp-element-caption\">Reunions | Dinars<\/figcaption><\/figure>\n<\/div>\n\n\n\n<div class=\"wp-block-column is-layout-flow wp-block-column-is-layout-flow\">\n<figure data-wp-context=\"{&quot;imageId&quot;:&quot;69ee5851bff2c&quot;}\" data-wp-interactive=\"core\/image\" data-wp-key=\"69ee5851bff2c\" class=\"wp-block-image aligncenter size-large wp-lightbox-container\"><img loading=\"lazy\" decoding=\"async\" width=\"1024\" height=\"768\" data-wp-class--hide=\"state.isContentHidden\" data-wp-class--show=\"state.isContentVisible\" data-wp-init=\"callbacks.setButtonStyles\" data-wp-on--click=\"actions.showLightbox\" data-wp-on--load=\"callbacks.setButtonStyles\" data-wp-on-window--resize=\"callbacks.setButtonStyles\" src=\"http:\/\/boscvidra.com\/wp-content\/uploads\/2023\/11\/retir-1024x768.jpeg\" alt=\"alquiler-espacios-naturaleza\" class=\"wp-image-1887\" srcset=\"https:\/\/boscvidra.com\/wp-content\/uploads\/2023\/11\/retir-1024x768.jpeg 1024w, https:\/\/boscvidra.com\/wp-content\/uploads\/2023\/11\/retir-300x225.jpeg 300w, https:\/\/boscvidra.com\/wp-content\/uploads\/2023\/11\/retir-768x576.jpeg 768w, https:\/\/boscvidra.com\/wp-content\/uploads\/2023\/11\/retir.jpeg 1280w\" sizes=\"auto, (max-width: 1024px) 100vw, 1024px\" \/><button\n\t\t\tclass=\"lightbox-trigger\"\n\t\t\ttype=\"button\"\n\t\t\taria-haspopup=\"dialog\"\n\t\t\taria-label=\"Agrandar\"\n\t\t\tdata-wp-init=\"callbacks.initTriggerButton\"\n\t\t\tdata-wp-on--click=\"actions.showLightbox\"\n\t\t\tdata-wp-style--right=\"state.imageButtonRight\"\n\t\t\tdata-wp-style--top=\"state.imageButtonTop\"\n\t\t>\n\t\t\t<svg xmlns=\"http:\/\/www.w3.org\/2000\/svg\" width=\"12\" height=\"12\" fill=\"none\" viewBox=\"0 0 12 12\">\n\t\t\t\t<path fill=\"#fff\" d=\"M2 0a2 2 0 0 0-2 2v2h1.5V2a.5.5 0 0 1 .5-.5h2V0H2Zm2 10.5H2a.5.5 0 0 1-.5-.5V8H0v2a2 2 0 0 0 2 2h2v-1.5ZM8 12v-1.5h2a.5.5 0 0 0 .5-.5V8H12v2a2 2 0 0 1-2 2H8Zm2-12a2 2 0 0 1 2 2v2h-1.5V2a.5.5 0 0 0-.5-.5H8V0h2Z\" \/>\n\t\t\t<\/svg>\n\t\t<\/button><figcaption class=\"wp-element-caption\">Retirs<\/figcaption><\/figure>\n<\/div>\n<\/div>\n<\/div><\/div>\n\n\n\n<div class=\"wp-block-buttons alignfull is-horizontal is-content-justification-center is-layout-flex wp-container-core-buttons-is-layout-ef5ce59c wp-block-buttons-is-layout-flex\">\n<div class=\"wp-block-button has-custom-width wp-block-button__width-75 has-custom-font-size has-medium-font-size\" id=\"enviarpressupost\"><a class=\"wp-block-button__link has-text-align-center wp-element-button\" href=\"#pressupost\" style=\"border-style:none;border-width:0px;padding-top:var(--wp--preset--spacing--30);padding-right:0;padding-bottom:var(--wp--preset--spacing--30);padding-left:0\"><strong>DEMANA EL TEU PRESSUPOST<\/strong><\/a><\/div>\n<\/div>\n\n\n\n<div class=\"wp-block-uagb-container uagb-block-6999b479 alignfull uagb-is-root-container\"><div class=\"uagb-container-inner-blocks-wrap\">\n<div class=\"wp-block-uagb-container uagb-block-788ba4c8\">\n<div class=\"wp-block-uagb-image aligncenter uagb-block-f790ce5a wp-block-uagb-image--layout-default wp-block-uagb-image--effect-static wp-block-uagb-image--align-center alignright\"><figure class=\"wp-block-uagb-image__figure\"><a class=\"\" href=\"https:\/\/boscvidra.com\/wp-content\/uploads\/2023\/11\/ElCavallerdeVidra-26.jpeg\" target=\"\" rel=\"noopener\"><img decoding=\"async\" srcset=\"https:\/\/boscvidra.com\/wp-content\/uploads\/2023\/11\/ElCavallerdeVidra-26-1024x768.jpeg ,https:\/\/boscvidra.com\/wp-content\/uploads\/2023\/11\/ElCavallerdeVidra-26.jpeg 780w, https:\/\/boscvidra.com\/wp-content\/uploads\/2023\/11\/ElCavallerdeVidra-26.jpeg 360w\" sizes=\"auto, (max-width: 480px) 150px\" src=\"https:\/\/boscvidra.com\/wp-content\/uploads\/2023\/11\/ElCavallerdeVidra-26-1024x768.jpeg\" alt=\"alquiler-espacios-naturaleza\" class=\"uag-image-919\" width=\"1024\" height=\"768\" title=\"alquiler-espacios-naturaleza\" loading=\"lazy\" role=\"img\"\/><\/a><\/figure><\/div>\n<\/div>\n\n\n\n<div class=\"wp-block-uagb-container uagb-block-55f27f39\">\n<div class=\"wp-block-uagb-info-box uagb-block-309bf170 uagb-infobox__content-wrap  uagb-infobox-icon-above-title uagb-infobox-image-valign-top\"><div class=\"uagb-ifb-content\"><div class=\"uagb-ifb-title-wrap\"><h4 class=\"uagb-ifb-title\">La Vila Vella<\/h4><\/div><p class=\"uagb-ifb-desc\">La cabanya de la Vila \u00e9s una construcci\u00f3 de l&#8217;any 1783. Constru\u00efda per la fam\u00edlia Cavaller per ser utilitzada com a graner i emmagatzemar els materials agr\u00edcoles.<br><br>Actualment s&#8217;utilitza per a realitzar esdeveniments, reunions i dinars amb les impressionants vistes als boscos de Vidr\u00e0.&nbsp;<br><br>Est\u00e0 situada al costat del bosc terap\u00e8utic Les Torrenteres i compta amb totes les comoditats per a albergar un esdeveniment.<br><\/p><\/div><\/div>\n<\/div>\n<\/div><\/div>\n\n\n\n<div class=\"wp-block-uagb-container uagb-block-lmyuhert alignfull uagb-is-root-container\"><div class=\"uagb-container-inner-blocks-wrap\">\n<div class=\"wp-block-uagb-info-box uagb-block-fz8svaxx uagb-infobox__content-wrap  uagb-infobox-icon-above-title uagb-infobox-image-valign-top\"><div class=\"uagb-ifb-content\"><div class=\"uagb-ifb-title-wrap\"><h2 class=\"uagb-ifb-title\">Principals <mark style=\"background-color:rgba(0, 0, 0, 0)\" class=\"has-inline-color has-ast-global-color-0-color\">caracter\u00edstiques<\/mark><\/h2><\/div><p class=\"uagb-ifb-desc\">Descobreix les principals caracter\u00edstiques de l&#8217;espai Vila&nbsp;Vella<\/p><\/div><\/div>\n\n\n\n<div class=\"wp-block-uagb-container uagb-block-f9fopotk\">\n<div class=\"wp-block-uagb-container uagb-block-7camubcx\">\n<div class=\"wp-block-uagb-image alignleft uagb-block-w7wupqdi wp-block-uagb-image--layout-default wp-block-uagb-image--effect-static wp-block-uagb-image--align-left\"><figure class=\"wp-block-uagb-image__figure\"><img decoding=\"async\" srcset=\"https:\/\/boscvidra.com\/wp-content\/uploads\/2023\/11\/ElCavallerdeVidra-26-1024x768.jpeg ,https:\/\/boscvidra.com\/wp-content\/uploads\/2023\/11\/ElCavallerdeVidra-26.jpeg 780w, https:\/\/boscvidra.com\/wp-content\/uploads\/2023\/11\/ElCavallerdeVidra-26.jpeg 360w\" sizes=\"auto, (max-width: 480px) 150px\" src=\"https:\/\/boscvidra.com\/wp-content\/uploads\/2023\/11\/ElCavallerdeVidra-26-1024x768.jpeg\" alt=\"alquiler-espacios-naturaleza\" class=\"uag-image-919\" width=\"352\" height=\"260\" title=\"alquiler-espacios-naturaleza\" loading=\"lazy\" role=\"img\"\/><\/figure><\/div>\n\n\n\n<div class=\"wp-block-uagb-info-box uagb-block-qrjh0len uagb-infobox__content-wrap  uagb-infobox-icon-above-title uagb-infobox-image-valign-top\"><div class=\"uagb-ifb-content\"><div class=\"uagb-ifb-title-wrap\"><h5 class=\"uagb-ifb-title\">Caracter\u00edstiques de l&#8217;espai<\/h5><\/div><p class=\"uagb-ifb-desc\">La&nbsp;Vila&nbsp;Vella&nbsp;mesura 200 m\u00b2 i t\u00e9 la capacitat per al m\u00e0xim de 100 persones.<br><br>Aquest espai compta amb electricitat, llum, aigua potable, lavabo, mobiliari (taula i cadires) i parament de taula.<\/p><\/div><\/div>\n<\/div>\n\n\n\n<div class=\"wp-block-uagb-container uagb-block-mxvnyhiu\">\n<div class=\"wp-block-uagb-image alignleft uagb-block-uw6qv0em wp-block-uagb-image--layout-default wp-block-uagb-image--effect-static wp-block-uagb-image--align-left\"><figure class=\"wp-block-uagb-image__figure\"><img decoding=\"async\" srcset=\"https:\/\/boscvidra.com\/wp-content\/uploads\/2024\/02\/vila-vella-2-1-1024x682.webp ,https:\/\/boscvidra.com\/wp-content\/uploads\/2024\/02\/vila-vella-2-1-jpeg.webp 780w, https:\/\/boscvidra.com\/wp-content\/uploads\/2024\/02\/vila-vella-2-1-jpeg.webp 360w\" sizes=\"auto, (max-width: 480px) 150px\" src=\"https:\/\/boscvidra.com\/wp-content\/uploads\/2024\/02\/vila-vella-2-1-1024x682.webp\" alt=\"alquiler-espacios-naturalezas\" class=\"uag-image-2388\" width=\"352\" height=\"260\" title=\"alquiler-espacios-naturaleza\" loading=\"lazy\" role=\"img\"\/><\/figure><\/div>\n\n\n\n<div class=\"wp-block-uagb-info-box uagb-block-atykhgse uagb-infobox__content-wrap  uagb-infobox-icon-above-title uagb-infobox-image-valign-top\"><div class=\"uagb-ifb-content\"><div class=\"uagb-ifb-title-wrap\"><h5 class=\"uagb-ifb-title\">Acc\u00e9s a bosc privat<\/h5><\/div><p class=\"uagb-ifb-desc\">Les Torrenteres \u00e9s un dels millors boscos terap\u00e8utic certificats de la prov\u00edncia de Girona. <br><br>En aquest bosc nom\u00e9s es realitzen les activitats programades, per tant, est\u00e0 tancat al p\u00fablic en general.<\/p><\/div><\/div>\n<\/div>\n\n\n\n<div class=\"wp-block-uagb-container uagb-block-x8ejckwi\">\n<div class=\"wp-block-group is-vertical is-layout-flex wp-container-core-group-is-layout-fe9cc265 wp-block-group-is-layout-flex\">\n<div class=\"wp-block-uagb-image alignleft uagb-block-oo0cgrhv wp-block-uagb-image--layout-default wp-block-uagb-image--effect-static wp-block-uagb-image--align-left\"><figure class=\"wp-block-uagb-image__figure\"><img decoding=\"async\" srcset=\"https:\/\/boscvidra.com\/wp-content\/uploads\/2024\/02\/bosc-vidra-inici-1-1024x1024.webp ,https:\/\/boscvidra.com\/wp-content\/uploads\/2024\/02\/bosc-vidra-inici-1-jpeg.webp 780w, https:\/\/boscvidra.com\/wp-content\/uploads\/2024\/02\/bosc-vidra-inici-1-jpeg.webp 360w\" sizes=\"auto, (max-width: 480px) 150px\" src=\"https:\/\/boscvidra.com\/wp-content\/uploads\/2024\/02\/bosc-vidra-inici-1-1024x1024.webp\" alt=\"alquiler-espacios-naturaleza\" class=\"uag-image-2386\" width=\"352\" height=\"260\" title=\"alquiler-espacios-naturaleza\" loading=\"lazy\" role=\"img\"\/><\/figure><\/div>\n\n\n\n<div class=\"wp-block-uagb-info-box uagb-block-rnhgvztt uagb-infobox__content-wrap  uagb-infobox-icon-above-title uagb-infobox-image-valign-top\"><div class=\"uagb-ifb-content\"><div class=\"uagb-ifb-title-wrap\"><h5 class=\"uagb-ifb-title\">Situada a Vidr\u00e0<\/h5><\/div><p class=\"uagb-ifb-desc\">La Vila Vella est\u00e0 situada a Vidr\u00e0 (provincia de Girona) a:<br><br>&#8211; 1,45 min de Barcelona<br>&#8211; 1,30 min de Girona<br>&#8211; 45 min de Vic<\/p><\/div><\/div>\n<\/div>\n<\/div>\n<\/div>\n<\/div><\/div>\n\n\n\n<div class=\"wp-block-uagb-container uagb-block-c5u8ygtq alignwide uagb-is-root-container\">\n<div class=\"wp-block-uagb-info-box uagb-block-lhpv9lmv uagb-infobox__content-wrap  uagb-infobox-icon-above-title uagb-infobox-image-valign-top\"><div class=\"uagb-ifb-content\"><div class=\"uagb-ifb-title-wrap\"><h6 class=\"uagb-ifb-title-prefix\">Testimonis<\/h6><h2 class=\"uagb-ifb-title\">Qu\u00e8 diuen els nostres clients<\/h2><\/div><p class=\"uagb-ifb-desc\">Aix\u00f2 \u00e9s el que diuen els que ja han experimentat la qualitat i els valors dels nostres serveis.<\/p><\/div><\/div>\n\n\n\n<div class=\"wp-block-uagb-container uagb-block-5fajsxy4\">\n<div class=\"wp-block-uagb-slider uagb-block-c5ef6fac uagb-slider-container\"><div class=\"uagb-slides uagb-swiper\"><div class=\"swiper-wrapper\">\n<div class=\"wp-block-uagb-slider-child uagb-slider-child-wrap swiper-slide uagb-block-bb6c6607\"><div class=\"swiper-content\">\n<div class=\"wp-block-uagb-container uagb-block-f7651f07\">\n<div class=\"wp-block-uagb-info-box uagb-block-3abd029f uagb-infobox__content-wrap  uagb-infobox-icon-above-title uagb-infobox-image-valign-top\"><div class=\"uagb-ifb-content\"><div class=\"uagb-ifb-title-wrap\"><h3 class=\"uagb-ifb-title\">\u2605\u2605\u2605\u2605\u2605<\/h3><\/div><p class=\"uagb-ifb-desc\"><br><em>La experiencia Refresh en Bosc Vidr\u00e0 ha sido altamente beneficiosa. Este bosque terap\u00e9utico ofrece un entorno preservado con senderos accesibles y zonas que facilitan la conexi\u00f3n con la naturaleza a trav\u00e9s de un itinerario sensorial. Durante el ba\u00f1o de bosque, practicamos meditaciones, ejercicios de respiraci\u00f3n y din\u00e1micas que nos ayudaron a conectar con nuestro silencio interno. En La Caba\u00f1a, continuamos nuestras actividades en grupo y en conexi\u00f3n con la naturaleza, lo que foment\u00f3 un cambio transformador, proporcionando paz interior, calma mental, relajaci\u00f3n y serenidad.<\/em><br><\/p><div class=\"uagb-ifb-button-wrapper wp-block-button\"><a href=\"https:\/\/retirosyeventos.com\/\" target=\"_self\" onclick=\"return true;\" class=\"uagb-infobox-cta-link\" rel=\"noopener noreferrer\"><span class=\"uagb-inline-editing\">Beti Costillas, Coach de salud &amp; Emociones<\/span><\/a><\/div><\/div><\/div>\n<\/div>\n<\/div><\/div>\n\n\n\n<div class=\"wp-block-uagb-slider-child uagb-slider-child-wrap swiper-slide uagb-block-3ab9f377\"><div class=\"swiper-content\">\n<div class=\"wp-block-uagb-container uagb-block-76119b8d\">\n<div class=\"wp-block-uagb-info-box uagb-block-936200dc uagb-infobox__content-wrap  uagb-infobox-icon-above-title uagb-infobox-image-valign-top\"><div class=\"uagb-ifb-content\"><div class=\"uagb-ifb-title-wrap\"><h3 class=\"uagb-ifb-title\">\u2605\u2605\u2605\u2605\u2605<\/h3><\/div><p class=\"uagb-ifb-desc\"><br>\u00a1Ha sido una experiencia maravillosa de trabajo terap\u00e9utico en Bosc Vidr\u00e0! Nos ha encantado tanto la Vila Vella, como la energ\u00eda m\u00e1gica del bosque de hayas les Torrenteres \u2013 contacto con la esencia de uno mismo, los sonidos del bosque, las hojas, el r\u00edo\u2026\u00a1una experiencia de conexi\u00f3n fabulosa y sensacional! Eli, anfitriona del espacio, nos ayud\u00f3 en todo momento a que todo sea c\u00f3modo y f\u00e1cil, simplemente gracias, gracias, gracias!<br><\/p><div class=\"uagb-ifb-button-wrapper wp-block-button\"><a href=\"https:\/\/retirosyeventos.com\/\" target=\"_self\" onclick=\"return true;\" class=\"uagb-infobox-cta-link\" rel=\"noopener noreferrer\"><span class=\"uagb-inline-editing\">Mireia &amp; Jordi, ATHMA Life<\/span><\/a><\/div><\/div><\/div>\n<\/div>\n<\/div><\/div>\n\n\n\n<div class=\"wp-block-uagb-slider-child uagb-slider-child-wrap swiper-slide uagb-block-00f5a820\"><div class=\"swiper-content\">\n<div class=\"wp-block-uagb-container uagb-block-7f816664\">\n<div class=\"wp-block-uagb-info-box uagb-block-1874bcc6 uagb-infobox__content-wrap  uagb-infobox-icon-above-title uagb-infobox-image-valign-top\"><div class=\"uagb-ifb-content\"><div class=\"uagb-ifb-title-wrap\"><h3 class=\"uagb-ifb-title\">\u2605\u2605\u2605\u2605\u2605<\/h3><\/div><p class=\"uagb-ifb-desc\"><br>Poder realizar mi actividad de Yoga en un entorno tan maravilloso y \u00fanico cerca de tanta naturaleza junt@s, nos permiti\u00f3 estimular nuestros sentidos, renovar-nos y relajarnos de una forma m\u00e1s respetuosa y efectiva. Todo un regalo \ud83c\udf31<\/p><div class=\"uagb-ifb-button-wrapper wp-block-button\"><a href=\"https:\/\/www.instagram.com\/feelyoga_bet\/\" target=\"_self\" onclick=\"return true;\" class=\"uagb-infobox-cta-link\" rel=\"noopener noreferrer\"><span class=\"uagb-inline-editing\">Bet, Feelyoga_bet<\/span><\/a><\/div><\/div><\/div>\n<\/div>\n<\/div><\/div>\n\n\n\n<div class=\"wp-block-uagb-slider-child uagb-slider-child-wrap swiper-slide uagb-block-b7a91952\"><div class=\"swiper-content\">\n<div class=\"wp-block-uagb-container uagb-block-45639c31\">\n<div class=\"wp-block-uagb-info-box uagb-block-2b0161f1 uagb-infobox__content-wrap  uagb-infobox-icon-above-title uagb-infobox-image-valign-top\"><div class=\"uagb-ifb-content\"><div class=\"uagb-ifb-title-wrap\"><h3 class=\"uagb-ifb-title\">\u2605\u2605\u2605\u2605\u2605<\/h3><\/div><p class=\"uagb-ifb-desc\"><br>Vila Vella es un enclave \u00fanico por sus caracter\u00edsticas, donde poder desconectar del bullicio de la ciudad y conectar con la naturaleza en su estado m\u00e1s puro.<\/p><div class=\"uagb-ifb-button-wrapper wp-block-button\"><a href=\"musgobosque.com\" target=\"_self\" onclick=\"return true;\" class=\"uagb-infobox-cta-link\" rel=\"noopener noreferrer\"><span class=\"uagb-inline-editing\">Katia, MUSGO Ba\u00f1os de Bosque<\/span><\/a><\/div><\/div><\/div>\n<\/div>\n<\/div><\/div>\n\n\n\n<div class=\"wp-block-uagb-slider-child uagb-slider-child-wrap swiper-slide uagb-block-10500a9c\"><div class=\"swiper-content\">\n<div class=\"wp-block-uagb-container uagb-block-fb32d165\">\n<div class=\"wp-block-uagb-info-box uagb-block-193c1b88 uagb-infobox__content-wrap  uagb-infobox-icon-above-title uagb-infobox-image-valign-top\"><div class=\"uagb-ifb-content\"><div class=\"uagb-ifb-title-wrap\"><h3 class=\"uagb-ifb-title\">\u2605\u2605\u2605\u2605\u2605<\/h3><\/div><p class=\"uagb-ifb-desc\">El bosc de les torrenteres \u00e9s un espai viu que acull i acompanya de la millor manera a les persones que el visiten. Un paisatge net que desperta els sentits i fan venir ganes de viure i respirar profund. Un espai ric i abundant on descobrir la m\u00e0gia del ritme natural.<\/p><div class=\"uagb-ifb-button-wrapper wp-block-button\"><a href=\"#\" target=\"_self\" onclick=\"return false;\" class=\"uagb-infobox-cta-link\" rel=\"noopener noreferrer\"><span class=\"uagb-inline-editing\">Berta, guia de Banys de Bosc<\/span><\/a><\/div><\/div><\/div>\n<\/div>\n<\/div><\/div>\n<\/div><\/div><div class=\"swiper-pagination\"><\/div><div class=\"swiper-button-prev\"><\/div><div class=\"swiper-button-next\"><\/div><\/div>\n<\/div>\n<\/div>\n\n\n\n<div style=\"height:80px\" aria-hidden=\"true\" class=\"wp-block-spacer\"><\/div>\n\n\n\n<div class=\"wp-block-uagb-advanced-heading uagb-block-66b37276\" id=\"pressupost\"><h2 class=\"uagb-heading-text\">Lloga <mark style=\"background-color:rgba(0, 0, 0, 0)\" class=\"has-inline-color has-ast-global-color-0-color\">Vila Vella <\/mark>per al teu esdeveniment en naturalesa<\/h2><\/div>\n\n\n\n<div class=\"wp-block-uagb-forms uagb-forms__outer-wrap uagb-block-5dc49ce3 uagb-forms__medium-btn\"><form class=\"uagb-forms-main-form\" method=\"post\" autocomplete=\"on\" name=\"uagb-form-5dc49ce3\">\n\n<div class=\"wp-block-uagb-forms-name uagb-forms-name-wrap uagb-forms-field-set uagb-block-65afd3e3\"><div class=\"uagb-forms-name-label required uagb-forms-input-label\" id=\"65afd3e3\">Nom<\/div><input type=\"text\" placeholder=\"Juan\" required class=\"uagb-forms-name-input uagb-forms-input\" name=\"65afd3e3\" autocomplete=\"given-name\"\/><\/div>\n\n\n<div class=\"wp-block-uagb-forms-email uagb-forms-email-wrap uagb-forms-field-set uagb-block-98a106a6\"><div class=\"uagb-forms-email-label  uagb-forms-input-label\" id=\"98a106a6\">Correu electr\u00f2nic<\/div><input type=\"email\" class=\"uagb-forms-email-input uagb-forms-input\" placeholder=\"ejemplo@correo.es\" name=\"98a106a6\" autocomplete=\"email\"\/><\/div>\n\n\n<div class=\"wp-block-uagb-forms-textarea uagb-forms-textarea-wrap uagb-forms-field-set uagb-block-cf5f054e\"><div class=\"uagb-forms-textarea-label required uagb-forms-input-label\" id=\"cf5f054e\">Missatge<\/div><textarea required class=\"uagb-forms-textarea-input uagb-forms-input\" rows=\"4\" placeholder=\"El teu missatge\" name=\"cf5f054e\" autocomplete=\"off\"><\/textarea><\/div>\n\n\n<div class=\"wp-block-uagb-forms-textarea uagb-forms-textarea-wrap uagb-forms-field-set uagb-block-a210e815\"><div class=\"uagb-forms-textarea-label  uagb-forms-input-label\" id=\"a210e815\">Data del teu esdeveniment<\/div><textarea class=\"uagb-forms-textarea-input uagb-forms-input\" rows=\"4\" placeholder=\"Data o dades\" name=\"a210e815\" autocomplete=\"off\"><\/textarea><\/div>\n\n\n<div class=\"wp-block-uagb-forms-textarea uagb-forms-textarea-wrap uagb-forms-field-set uagb-block-a1d6009e\"><div class=\"uagb-forms-textarea-label  uagb-forms-input-label\" id=\"a1d6009e\">Sobre el teu esdeveniment<\/div><textarea class=\"uagb-forms-textarea-input uagb-forms-input\" rows=\"4\" placeholder=\"Quin tipus d'esdeveniment \u00e9s, quantes persones, necessitats especials, etc\" name=\"a1d6009e\" autocomplete=\"off\"><\/textarea><\/div>\n\n<div class=\"uagb-forms-form-hidden-data\"><input type=\"hidden\" class=\"uagb_forms_form_label\" value=\"Formulario Spectra\"\/><input type=\"hidden\" class=\"uagb_forms_form_id\" value=\"uagb-form-5dc49ce3\"\/><\/div><div class=\"uagb-form-reacaptcha-error-5dc49ce3\"><\/div><div class=\"uagb-forms-main-submit-button-wrap wp-block-button\"><button class=\"uagb-forms-main-submit-button wp-block-button__link\"><div class=\"uagb-forms-main-submit-button-text\">Enviar<\/div><\/button><\/div><\/form><div class=\"uagb-forms-success-message-5dc49ce3 uagb-forms-submit-message-hide\"><span>El formulari ha estat enviat correctament!<\/span><\/div><div class=\"uagb-forms-failed-message-5dc49ce3 uagb-forms-submit-message-hide\"><span>Ha ocorregut algun error en enviar el formulari. Si us plau, revisa de nou tots els camps.<\/span><\/div><\/div>\n\n\n\n<div class=\"wp-block-uagb-advanced-heading uagb-block-35ce10e3\" id=\"agenda\"><h2 class=\"uagb-heading-text\"><br>Pr\u00f2ximes <mark style=\"background-color:rgba(0, 0, 0, 0)\" class=\"has-inline-color has-ast-global-color-0-color\">activitats<\/mark><\/h2><\/div>\n\n\n\n<div  class=\"tribe-compatibility-container\" >\n\t<div\n\t\t class=\"tribe-common tribe-events tribe-events-view tribe-events-view--widget-events-list tribe-events-widget\" \t\tdata-js=\"tribe-events-view\"\n\t\tdata-view-rest-url=\"https:\/\/boscvidra.com\/es\/wp-json\/tribe\/views\/v2\/html\"\n\t\tdata-view-manage-url=\"1\"\n\t\t\t\t\t\t\tdata-view-breakpoint-pointer=\"b39588ca-6ed0-4a04-9a83-e4461db6ee70\"\n\t\t\t>\n\t\t<div class=\"tribe-events-widget-events-list\">\n\n\t\t\t\n\t\t\t<script data-js=\"tribe-events-view-data\" type=\"application\/json\">\n\t{\"slug\":\"widget-events-list\",\"prev_url\":\"\",\"next_url\":\"\",\"view_class\":\"Tribe\\\\Events\\\\Views\\\\V2\\\\Views\\\\Widgets\\\\Widget_List_View\",\"view_slug\":\"widget-events-list\",\"view_label\":\"View\",\"view\":null,\"should_manage_url\":true,\"id\":null,\"alias-slugs\":null,\"title\":\"Pr\\u00f3ximos Eventos \\u2013 Bosc Vidr\\u00e0\",\"limit\":\"5\",\"no_upcoming_events\":false,\"featured_events_only\":false,\"jsonld_enable\":true,\"tribe_is_list_widget\":false,\"admin_fields\":{\"title\":{\"label\":\"T\\u00edtulo:\",\"type\":\"text\",\"parent_classes\":\"\",\"classes\":\"\",\"dependency\":\"\",\"id\":\"widget-tribe-widget-events-list--1-title\",\"name\":\"widget-tribe-widget-events-list[-1][title]\",\"options\":[],\"placeholder\":\"\",\"value\":null},\"limit\":{\"label\":\"Mostrar:\",\"type\":\"number\",\"default\":5,\"min\":1,\"max\":10,\"step\":1,\"parent_classes\":\"\",\"classes\":\"\",\"dependency\":\"\",\"id\":\"widget-tribe-widget-events-list--1-limit\",\"name\":\"widget-tribe-widget-events-list[-1][limit]\",\"options\":[],\"placeholder\":\"\",\"value\":null},\"no_upcoming_events\":{\"label\":\"Ocultar este widget si no hay pr\\u00f3ximos eventos.\",\"type\":\"checkbox\",\"parent_classes\":\"\",\"classes\":\"\",\"dependency\":\"\",\"id\":\"widget-tribe-widget-events-list--1-no_upcoming_events\",\"name\":\"widget-tribe-widget-events-list[-1][no_upcoming_events]\",\"options\":[],\"placeholder\":\"\",\"value\":null},\"featured_events_only\":{\"label\":\"Limitar a solo eventos destacados\",\"type\":\"checkbox\",\"parent_classes\":\"\",\"classes\":\"\",\"dependency\":\"\",\"id\":\"widget-tribe-widget-events-list--1-featured_events_only\",\"name\":\"widget-tribe-widget-events-list[-1][featured_events_only]\",\"options\":[],\"placeholder\":\"\",\"value\":null},\"jsonld_enable\":{\"label\":\"Generar datos JSON-LD\",\"type\":\"checkbox\",\"parent_classes\":\"\",\"classes\":\"\",\"dependency\":\"\",\"id\":\"widget-tribe-widget-events-list--1-jsonld_enable\",\"name\":\"widget-tribe-widget-events-list[-1][jsonld_enable]\",\"options\":[],\"placeholder\":\"\",\"value\":null}},\"events\":[],\"url\":\"https:\\\/\\\/boscvidra.com\\\/es\\\/?post_type=tribe_events&eventDisplay=widget-events-list\",\"url_event_date\":false,\"bar\":{\"keyword\":\"\",\"date\":\"\"},\"today\":\"2026-04-26 00:00:00\",\"now\":\"2026-04-26 20:24:17\",\"home_url\":\"https:\\\/\\\/boscvidra.com\\\/es\",\"rest_url\":\"https:\\\/\\\/boscvidra.com\\\/es\\\/wp-json\\\/tribe\\\/views\\\/v2\\\/html\",\"rest_method\":\"GET\",\"rest_nonce\":\"\",\"today_url\":\"https:\\\/\\\/boscvidra.com\\\/es\\\/?post_type=tribe_events&eventDisplay=widget-events-list&rest_route=%2Fwp%2Fv2%2Fpages%2F1975\",\"today_title\":\"Haz clic para seleccionar la fecha de hoy\",\"today_label\":\"Hoy\",\"prev_label\":\"\",\"next_label\":\"\",\"date_formats\":{\"compact\":\"j\\\/n\\\/Y\",\"month_and_year_compact\":\"n\\\/Y\",\"month_and_year\":\"F Y\",\"time_range_separator\":\" - \",\"date_time_separator\":\" , \"},\"messages\":{\"notice\":[\"No hay eventos programados.\"]},\"start_of_week\":\"1\",\"header_title\":\"\",\"header_title_element\":\"h1\",\"content_title\":\"\",\"show_content_title\":false,\"breadcrumbs\":[],\"backlink\":false,\"before_events\":\"\",\"after_events\":\"\\n<!--\\nThis calendar is powered by The Events Calendar.\\nhttp:\\\/\\\/evnt.is\\\/18wn\\n-->\\n\",\"display_events_bar\":false,\"disable_event_search\":false,\"live_refresh\":true,\"ical\":{\"display_link\":true,\"link\":{\"url\":\"https:\\\/\\\/boscvidra.com\\\/es\\\/?post_type=tribe_events&#038;eventDisplay=widget-events-list&#038;ical=1\",\"text\":\"Exportar Eventos\",\"title\":\"Usa esto para compartir los datos del calendario con Google Calendar, Apple iCal y otras aplicaciones compatibles\"}},\"container_classes\":[\"tribe-common\",\"tribe-events\",\"tribe-events-view\",\"tribe-events-view--widget-events-list\",\"tribe-events-widget\"],\"container_data\":[],\"is_past\":false,\"breakpoints\":{\"xsmall\":500,\"medium\":768,\"full\":960},\"breakpoint_pointer\":\"b39588ca-6ed0-4a04-9a83-e4461db6ee70\",\"is_initial_load\":false,\"public_views\":{\"list\":{\"view_class\":\"Tribe\\\\Events\\\\Views\\\\V2\\\\Views\\\\List_View\",\"view_url\":\"https:\\\/\\\/boscvidra.com\\\/es\\\/calendari\\\/lista\\\/\",\"view_label\":\"Lista\",\"aria_label\":\"Mostrar Eventos en la vista Lista\"},\"month\":{\"view_class\":\"Tribe\\\\Events\\\\Views\\\\V2\\\\Views\\\\Month_View\",\"view_url\":\"https:\\\/\\\/boscvidra.com\\\/es\\\/calendari\\\/mes\\\/\",\"view_label\":\"Mes\",\"aria_label\":\"Mostrar Eventos en la vista Mes\"},\"day\":{\"view_class\":\"Tribe\\\\Events\\\\Views\\\\V2\\\\Views\\\\Day_View\",\"view_url\":\"https:\\\/\\\/boscvidra.com\\\/es\\\/calendari\\\/hoy\\\/\",\"view_label\":\"D\\u00eda\",\"aria_label\":\"Mostrar Eventos en la vista D\\u00eda\"}},\"show_latest_past\":false,\"past\":false,\"compatibility_classes\":[\"tribe-compatibility-container\"],\"view_more_text\":\"Ver calendario\",\"view_more_title\":\"Ver m\\u00e1s eventos.\",\"view_more_link\":\"https:\\\/\\\/boscvidra.com\\\/es\\\/calendari\\\/\",\"widget_title\":\"\",\"hide_if_no_upcoming_events\":false,\"display\":[],\"subscribe_links\":{\"gcal\":{\"label\":\"Google Calendar\",\"single_label\":\"A\\u00f1adir a Google Calendar\",\"visible\":true,\"block_slug\":\"hasGoogleCalendar\"},\"ical\":{\"label\":\"iCalendar\",\"single_label\":\"Agregar a iCalendar\",\"visible\":true,\"block_slug\":\"hasiCal\"},\"outlook-365\":{\"label\":\"Outlook 365\",\"single_label\":\"Outlook 365\",\"visible\":true,\"block_slug\":\"hasOutlook365\"},\"outlook-live\":{\"label\":\"Outlook Live\",\"single_label\":\"Outlook Live\",\"visible\":true,\"block_slug\":\"hasOutlookLive\"},\"ics\":{\"label\":\"Exportar archivo .ics\",\"single_label\":\"Exportar archivo .ics\",\"visible\":true,\"block_slug\":null},\"outlook-ics\":{\"label\":\"Exportar archivo .ics de Outlook\",\"single_label\":\"Exportar archivo .ics de Outlook\",\"visible\":true,\"block_slug\":null}},\"_context\":{\"slug\":\"widget-events-list\"}}<\/script>\n\n\t\t\t\n\t\t\t\n\t\t\t\t<div  class=\"tribe-events-header__messages tribe-events-c-messages tribe-common-b2\"  >\n\t\t\t<div class=\"tribe-events-c-messages__message tribe-events-c-messages__message--notice\" tabindex=\"0\" role=\"alert\" aria-live=\"assertive\">\n\t\t\t<svg\n\t class=\"tribe-common-c-svgicon tribe-common-c-svgicon--messages-not-found tribe-events-c-messages__message-icon-svg\" \taria-hidden=\"true\"\n\tviewBox=\"0 0 21 23\"\n\txmlns=\"http:\/\/www.w3.org\/2000\/svg\"\n>\n\t<g fill-rule=\"evenodd\">\n\t\t<path d=\"M.5 2.5h20v20H.5z\"\/>\n\t\t<path stroke-linecap=\"round\" d=\"M7.583 11.583l5.834 5.834m0-5.834l-5.834 5.834\" class=\"tribe-common-c-svgicon__svg-stroke\"\/>\n\t\t<path stroke-linecap=\"round\" d=\"M4.5.5v4m12-4v4\"\/>\n\t\t<path stroke-linecap=\"square\" d=\"M.5 7.5h20\"\/>\n\t<\/g>\n<\/svg>\n<span class=\"tribe-common-a11y-visual-hide\">\n\tAviso<\/span>\n\t\t\t\t\t\t\t<div\n\t\t\t\t\t data-key=\"0\" >\n\t\t\t\t\tNo hay eventos programados.\t\t\t\t<\/div>\n\t\t\t\t\t<\/div>\n\t<\/div>\n\n\t\t\t\t\t<\/div>\n\t<\/div>\n<\/div>\n<script data-js='tribe-events-view-nonce-data' type='application\/json'>{\"tvn1\":\"0f12bb6b83\",\"tvn2\":\"\"}<\/script>\n\n\n\n<div class=\"wp-block-uagb-container uagb-block-9ukxsdix alignfull uagb-is-root-container\"><div class=\"uagb-container-inner-blocks-wrap\">\n<div class=\"wp-block-uagb-container uagb-block-f2ppgzru\">\n<div class=\"wp-block-uagb-info-box uagb-block-cvjcedhe uagb-infobox__content-wrap  uagb-infobox-icon-above-title uagb-infobox-image-valign-top\"><div class=\"uagb-ifb-content\"><div class=\"uagb-ifb-title-wrap\"><h2 class=\"uagb-ifb-title\">Contacta&#8217;ns<\/h2><\/div><p class=\"uagb-ifb-desc\">Tant si tens curiositat per les caracter\u00edstiques, <br>vols unir-te a un Bany de bosc o vols col\u00b7laborar, <br>estem aqu\u00ed per resoldre qualsevol dubte.<\/p><\/div><\/div>\n\n\n\n<div class=\"wp-block-uagb-container uagb-block-wiccnvrr alignfull uagb-is-root-container\"><div class=\"uagb-container-inner-blocks-wrap\">\n<div class=\"wp-block-uagb-info-box uagb-block-m1lmlyts uagb-infobox__content-wrap  uagb-infobox-icon-left-title uagb-infobox-left uagb-infobox-image-valign-top\"><div class=\"uagb-ifb-content\"><div class=\"uagb-ifb-left-title-image\"><div class=\"uagb-ifb-icon-wrap\"><svg xmlns=\"https:\/\/www.w3.org\/2000\/svg\" viewBox=\"0 0 384 512\"><path d=\"M168.3 499.2C116.1 435 0 279.4 0 192C0 85.96 85.96 0 192 0C298 0 384 85.96 384 192C384 279.4 267 435 215.7 499.2C203.4 514.5 180.6 514.5 168.3 499.2H168.3zM192 256C227.3 256 256 227.3 256 192C256 156.7 227.3 128 192 128C156.7 128 128 156.7 128 192C128 227.3 156.7 256 192 256z\"><\/path><\/svg><\/div><div class=\"uagb-ifb-title-wrap\"><h6 class=\"uagb-ifb-title\">Adre\u00e7a<\/h6><\/div><\/div><p class=\"uagb-ifb-desc\">Vila Vella, Vidr\u00e0, 17515, Girona<\/p><div class=\"uagb-ifb-separator\"><\/div><\/div><\/div>\n\n\n\n<div class=\"wp-block-uagb-info-box uagb-block-wjkznraw uagb-infobox__content-wrap  uagb-infobox-icon-left-title uagb-infobox-left uagb-infobox-image-valign-top\"><div class=\"uagb-ifb-content\"><div class=\"uagb-ifb-left-title-image\"><div class=\"uagb-ifb-icon-wrap\"><svg xmlns=\"https:\/\/www.w3.org\/2000\/svg\" viewBox=\"0 0 512 512\"><path d=\"M511.2 387l-23.25 100.8c-3.266 14.25-15.79 24.22-30.46 24.22C205.2 512 0 306.8 0 54.5c0-14.66 9.969-27.2 24.22-30.45l100.8-23.25C139.7-2.602 154.7 5.018 160.8 18.92l46.52 108.5c5.438 12.78 1.77 27.67-8.98 36.45L144.5 207.1c33.98 69.22 90.26 125.5 159.5 159.5l44.08-53.8c8.688-10.78 23.69-14.51 36.47-8.975l108.5 46.51C506.1 357.2 514.6 372.4 511.2 387z\"><\/path><\/svg><\/div><div class=\"uagb-ifb-title-wrap\"><h6 class=\"uagb-ifb-title\">Tel\u00e8fon<\/h6><\/div><\/div><p class=\"uagb-ifb-desc\">+34 679 17 06 82<\/p><div class=\"uagb-ifb-separator\"><\/div><\/div><\/div>\n\n\n\n<div class=\"wp-block-uagb-info-box uagb-block-ia8gkpq7 uagb-infobox__content-wrap  uagb-infobox-icon-left-title uagb-infobox-left uagb-infobox-image-valign-top\"><div class=\"uagb-ifb-content\"><div class=\"uagb-ifb-left-title-image\"><div class=\"uagb-ifb-icon-wrap\"><svg xmlns=\"https:\/\/www.w3.org\/2000\/svg\" viewBox=\"0 0 512 512\"><path d=\"M464 64C490.5 64 512 85.49 512 112C512 127.1 504.9 141.3 492.8 150.4L275.2 313.6C263.8 322.1 248.2 322.1 236.8 313.6L19.2 150.4C7.113 141.3 0 127.1 0 112C0 85.49 21.49 64 48 64H464zM217.6 339.2C240.4 356.3 271.6 356.3 294.4 339.2L512 176V384C512 419.3 483.3 448 448 448H64C28.65 448 0 419.3 0 384V176L217.6 339.2z\"><\/path><\/svg><\/div><div class=\"uagb-ifb-title-wrap\"><h6 class=\"uagb-ifb-title\">Correu electr\u00f2nic<\/h6><\/div><\/div><p class=\"uagb-ifb-desc\"><mark style=\"background-color:rgba(0, 0, 0, 0)\" class=\"has-inline-color has-ast-global-color-3-color\"><a href=\"mailto:info@boscvidra.com\">info@boscvidra.com<\/a><\/mark><\/p><div class=\"uagb-ifb-separator\"><\/div><\/div><\/div>\n<\/div><\/div>\n<\/div>\n\n\n\n<div class=\"wp-block-uagb-container uagb-block-vyfc2rrv\">\t\t\t<div \n\t\t\tclass=\"wp-block-uagb-google-map uagb-google-map__wrap uagb-block-tahikbir     \"\n\t\t\tstyle=\"\" >\n\t\t\t\t<embed\n\t\t\t\t\tclass=\"uagb-google-map__iframe\"\n\t\t\t\t\ttitle=\"Mapa de Google de\"\n\t\t\t\t\tsrc=\"https:\/\/maps.google.com\/maps?q=Vidr%C3%A0&#038;z=12&#038;hl=es&#038;t=m&#038;output=embed&#038;iwloc=near\"\n\t\t\t\t\twidth=\"640\"\n\t\t\t\t\theight=\"500\"\n\t\t\t\t\tloading=\"lazy\"\n\t\t\t\t><\/embed>\n\t\t\t<\/div>\n\t\t\t<\/div>\n<\/div><\/div>\n\n\n\n<p><\/p>\n","protected":false},"excerpt":{"rendered":"<p>Reserva Vila Vella per la teva activitat en naturalesa Lloga Vila Vella per al teu esdeveniment en naturalesa Pr\u00f2ximes activitats<\/p>","protected":false},"author":1,"featured_media":0,"parent":0,"menu_order":0,"comment_status":"closed","ping_status":"closed","template":"","meta":{"_uag_custom_page_level_css":"","site-sidebar-layout":"no-sidebar","site-content-layout":"page-builder","ast-site-content-layout":"full-width-container","site-content-style":"unboxed","site-sidebar-style":"unboxed","ast-global-header-display":"","ast-banner-title-visibility":"","ast-main-header-display":"","ast-hfb-above-header-display":"","ast-hfb-below-header-display":"","ast-hfb-mobile-header-display":"","site-post-title":"disabled","ast-breadcrumbs-content":"","ast-featured-img":"disabled","footer-sml-layout":"","ast-disable-related-posts":"","theme-transparent-header-meta":"enabled","adv-header-id-meta":"","stick-header-meta":"","header-above-stick-meta":"","header-main-stick-meta":"","header-below-stick-meta":"","astra-migrate-meta-layouts":"set","ast-page-background-enabled":"default","ast-page-background-meta":{"desktop":{"background-color":"var(--ast-global-color-4)","background-image":"","background-repeat":"repeat","background-position":"center center","background-size":"auto","background-attachment":"scroll","background-type":"","background-media":"","overlay-type":"","overlay-color":"","overlay-opacity":"","overlay-gradient":""},"tablet":{"background-color":"","background-image":"","background-repeat":"repeat","background-position":"center center","background-size":"auto","background-attachment":"scroll","background-type":"","background-media":"","overlay-type":"","overlay-color":"","overlay-opacity":"","overlay-gradient":""},"mobile":{"background-color":"","background-image":"","background-repeat":"repeat","background-position":"center center","background-size":"auto","background-attachment":"scroll","background-type":"","background-media":"","overlay-type":"","overlay-color":"","overlay-opacity":"","overlay-gradient":""}},"ast-content-background-meta":{"desktop":{"background-color":"var(--ast-global-color-5)","background-image":"","background-repeat":"repeat","background-position":"center center","background-size":"auto","background-attachment":"scroll","background-type":"","background-media":"","overlay-type":"","overlay-color":"","overlay-opacity":"","overlay-gradient":""},"tablet":{"background-color":"var(--ast-global-color-5)","background-image":"","background-repeat":"repeat","background-position":"center center","background-size":"auto","background-attachment":"scroll","background-type":"","background-media":"","overlay-type":"","overlay-color":"","overlay-opacity":"","overlay-gradient":""},"mobile":{"background-color":"var(--ast-global-color-5)","background-image":"","background-repeat":"repeat","background-position":"center center","background-size":"auto","background-attachment":"scroll","background-type":"","background-media":"","overlay-type":"","overlay-color":"","overlay-opacity":"","overlay-gradient":""}},"_EventAllDay":false,"_EventTimezone":"","_EventStartDate":"","_EventEndDate":"","_EventStartDateUTC":"","_EventEndDateUTC":"","_EventShowMap":false,"_EventShowMapLink":false,"_EventURL":"","_EventCost":"","_EventCostDescription":"","_EventCurrencySymbol":"","_EventCurrencyCode":"","_EventCurrencyPosition":"","_EventDateTimeSeparator":"","_EventTimeRangeSeparator":"","_EventOrganizerID":[],"_EventVenueID":[],"_OrganizerEmail":"","_OrganizerPhone":"","_OrganizerWebsite":"","_VenueAddress":"","_VenueCity":"","_VenueCountry":"","_VenueProvince":"","_VenueState":"","_VenueZip":"","_VenuePhone":"","_VenueURL":"","_VenueStateProvince":"","_VenueLat":"","_VenueLng":"","_VenueShowMap":false,"_VenueShowMapLink":false,"footnotes":""},"class_list":["post-1975","page","type-page","status-publish","hentry"],"yoast_head":"<!-- This site is optimized with the Yoast SEO plugin v27.4 - https:\/\/yoast.com\/product\/yoast-seo-wordpress\/ -->\n<title>Vila Vella - Bosc Vidr\u00e0<\/title>\n<meta name=\"description\" content=\"Disfruta del alquiler de espacios \u00fanicos en la naturaleza para cursos, yoga y actividades empresariales cerca de Barcelona y Girona\" \/>\n<meta name=\"robots\" content=\"index, follow, max-snippet:-1, max-image-preview:large, max-video-preview:-1\" \/>\n<link rel=\"canonical\" href=\"https:\/\/boscvidra.com\/es\/vila-vella-alquiler-espacio-natural\/\" \/>\n<meta property=\"og:locale\" content=\"es_ES\" \/>\n<meta property=\"og:type\" content=\"article\" \/>\n<meta property=\"og:title\" content=\"Vila Vella - Bosc Vidr\u00e0\" \/>\n<meta property=\"og:description\" content=\"Disfruta del alquiler de espacios \u00fanicos en la naturaleza para cursos, yoga y actividades empresariales cerca de Barcelona y Girona\" \/>\n<meta property=\"og:url\" content=\"https:\/\/boscvidra.com\/es\/vila-vella-alquiler-espacio-natural\/\" \/>\n<meta property=\"og:site_name\" content=\"Bosc Vidr\u00e0\" \/>\n<meta property=\"article:publisher\" content=\"https:\/\/www.facebook.com\/profile.php?id=61556356701093&amp;locale=es_ES\" \/>\n<meta property=\"article:modified_time\" content=\"2025-01-16T07:47:27+00:00\" \/>\n<meta property=\"og:image\" content=\"http:\/\/boscvidra.com\/wp-content\/uploads\/2023\/11\/ElCavallerdeVidra-26-1024x768.jpeg\" \/>\n<meta name=\"twitter:card\" content=\"summary_large_image\" \/>\n<meta name=\"twitter:label1\" content=\"Tiempo de lectura\" \/>\n\t<meta name=\"twitter:data1\" content=\"12 minutos\" \/>\n<script type=\"application\/ld+json\" class=\"yoast-schema-graph\">{\"@context\":\"https:\\\/\\\/schema.org\",\"@graph\":[{\"@type\":\"WebPage\",\"@id\":\"https:\\\/\\\/boscvidra.com\\\/vila-vella-alquiler-espacio-natural\\\/\",\"url\":\"https:\\\/\\\/boscvidra.com\\\/vila-vella-alquiler-espacio-natural\\\/\",\"name\":\"Vila Vella - Bosc Vidr\u00e0\",\"isPartOf\":{\"@id\":\"https:\\\/\\\/boscvidra.com\\\/#website\"},\"primaryImageOfPage\":{\"@id\":\"https:\\\/\\\/boscvidra.com\\\/vila-vella-alquiler-espacio-natural\\\/#primaryimage\"},\"image\":{\"@id\":\"https:\\\/\\\/boscvidra.com\\\/vila-vella-alquiler-espacio-natural\\\/#primaryimage\"},\"thumbnailUrl\":\"http:\\\/\\\/boscvidra.com\\\/wp-content\\\/uploads\\\/2023\\\/11\\\/ElCavallerdeVidra-26-1024x768.jpeg\",\"datePublished\":\"2024-01-12T11:57:05+00:00\",\"dateModified\":\"2025-01-16T07:47:27+00:00\",\"description\":\"Disfruta del alquiler de espacios \u00fanicos en la naturaleza para cursos, yoga y actividades empresariales cerca de Barcelona y Girona\",\"breadcrumb\":{\"@id\":\"https:\\\/\\\/boscvidra.com\\\/vila-vella-alquiler-espacio-natural\\\/#breadcrumb\"},\"inLanguage\":\"es\",\"potentialAction\":[{\"@type\":\"ReadAction\",\"target\":[\"https:\\\/\\\/boscvidra.com\\\/vila-vella-alquiler-espacio-natural\\\/\"]}]},{\"@type\":\"ImageObject\",\"inLanguage\":\"es\",\"@id\":\"https:\\\/\\\/boscvidra.com\\\/vila-vella-alquiler-espacio-natural\\\/#primaryimage\",\"url\":\"http:\\\/\\\/boscvidra.com\\\/wp-content\\\/uploads\\\/2023\\\/11\\\/ElCavallerdeVidra-26-1024x768.jpeg\",\"contentUrl\":\"http:\\\/\\\/boscvidra.com\\\/wp-content\\\/uploads\\\/2023\\\/11\\\/ElCavallerdeVidra-26-1024x768.jpeg\"},{\"@type\":\"BreadcrumbList\",\"@id\":\"https:\\\/\\\/boscvidra.com\\\/vila-vella-alquiler-espacio-natural\\\/#breadcrumb\",\"itemListElement\":[{\"@type\":\"ListItem\",\"position\":1,\"name\":\"Portada\",\"item\":\"https:\\\/\\\/boscvidra.com\\\/\"},{\"@type\":\"ListItem\",\"position\":2,\"name\":\"Vila Vella\"}]},{\"@type\":\"WebSite\",\"@id\":\"https:\\\/\\\/boscvidra.com\\\/#website\",\"url\":\"https:\\\/\\\/boscvidra.com\\\/\",\"name\":\"Bosc Vidr\u00e0\",\"description\":\"Bosc Vidr\u00e0\",\"potentialAction\":[{\"@type\":\"SearchAction\",\"target\":{\"@type\":\"EntryPoint\",\"urlTemplate\":\"https:\\\/\\\/boscvidra.com\\\/?s={search_term_string}\"},\"query-input\":{\"@type\":\"PropertyValueSpecification\",\"valueRequired\":true,\"valueName\":\"search_term_string\"}}],\"inLanguage\":\"es\"}]}<\/script>\n<!-- \/ Yoast SEO plugin. -->","yoast_head_json":{"title":"Vila Vella - Bosc Vidr\u00e0","description":"Disfruta del alquiler de espacios \u00fanicos en la naturaleza para cursos, yoga y actividades empresariales cerca de Barcelona y Girona","robots":{"index":"index","follow":"follow","max-snippet":"max-snippet:-1","max-image-preview":"max-image-preview:large","max-video-preview":"max-video-preview:-1"},"canonical":"https:\/\/boscvidra.com\/es\/vila-vella-alquiler-espacio-natural\/","og_locale":"es_ES","og_type":"article","og_title":"Vila Vella - Bosc Vidr\u00e0","og_description":"Disfruta del alquiler de espacios \u00fanicos en la naturaleza para cursos, yoga y actividades empresariales cerca de Barcelona y Girona","og_url":"https:\/\/boscvidra.com\/es\/vila-vella-alquiler-espacio-natural\/","og_site_name":"Bosc Vidr\u00e0","article_publisher":"https:\/\/www.facebook.com\/profile.php?id=61556356701093&locale=es_ES","article_modified_time":"2025-01-16T07:47:27+00:00","og_image":[{"url":"http:\/\/boscvidra.com\/wp-content\/uploads\/2023\/11\/ElCavallerdeVidra-26-1024x768.jpeg","type":"","width":"","height":""}],"twitter_card":"summary_large_image","twitter_misc":{"Tiempo de lectura":"12 minutos"},"schema":{"@context":"https:\/\/schema.org","@graph":[{"@type":"WebPage","@id":"https:\/\/boscvidra.com\/vila-vella-alquiler-espacio-natural\/","url":"https:\/\/boscvidra.com\/vila-vella-alquiler-espacio-natural\/","name":"Vila Vella - Bosc Vidr\u00e0","isPartOf":{"@id":"https:\/\/boscvidra.com\/#website"},"primaryImageOfPage":{"@id":"https:\/\/boscvidra.com\/vila-vella-alquiler-espacio-natural\/#primaryimage"},"image":{"@id":"https:\/\/boscvidra.com\/vila-vella-alquiler-espacio-natural\/#primaryimage"},"thumbnailUrl":"http:\/\/boscvidra.com\/wp-content\/uploads\/2023\/11\/ElCavallerdeVidra-26-1024x768.jpeg","datePublished":"2024-01-12T11:57:05+00:00","dateModified":"2025-01-16T07:47:27+00:00","description":"Disfruta del alquiler de espacios \u00fanicos en la naturaleza para cursos, yoga y actividades empresariales cerca de Barcelona y Girona","breadcrumb":{"@id":"https:\/\/boscvidra.com\/vila-vella-alquiler-espacio-natural\/#breadcrumb"},"inLanguage":"es","potentialAction":[{"@type":"ReadAction","target":["https:\/\/boscvidra.com\/vila-vella-alquiler-espacio-natural\/"]}]},{"@type":"ImageObject","inLanguage":"es","@id":"https:\/\/boscvidra.com\/vila-vella-alquiler-espacio-natural\/#primaryimage","url":"http:\/\/boscvidra.com\/wp-content\/uploads\/2023\/11\/ElCavallerdeVidra-26-1024x768.jpeg","contentUrl":"http:\/\/boscvidra.com\/wp-content\/uploads\/2023\/11\/ElCavallerdeVidra-26-1024x768.jpeg"},{"@type":"BreadcrumbList","@id":"https:\/\/boscvidra.com\/vila-vella-alquiler-espacio-natural\/#breadcrumb","itemListElement":[{"@type":"ListItem","position":1,"name":"Portada","item":"https:\/\/boscvidra.com\/"},{"@type":"ListItem","position":2,"name":"Vila Vella"}]},{"@type":"WebSite","@id":"https:\/\/boscvidra.com\/#website","url":"https:\/\/boscvidra.com\/","name":"Bosc Vidr\u00e0","description":"Bosc Vidr\u00e0","potentialAction":[{"@type":"SearchAction","target":{"@type":"EntryPoint","urlTemplate":"https:\/\/boscvidra.com\/?s={search_term_string}"},"query-input":{"@type":"PropertyValueSpecification","valueRequired":true,"valueName":"search_term_string"}}],"inLanguage":"es"}]}},"uagb_featured_image_src":{"full":false,"thumbnail":false,"medium":false,"medium_large":false,"large":false,"1536x1536":false,"2048x2048":false,"trp-custom-language-flag":false},"uagb_author_info":{"display_name":"BoscVidr\u00e0","author_link":"https:\/\/boscvidra.com\/es\/author\/admin\/"},"uagb_comment_info":0,"uagb_excerpt":"Reserva Vila Vella per la teva activitat en naturalesa Lloga Vila Vella per al teu esdeveniment en naturalesa Pr\u00f2ximes activitats","_links":{"self":[{"href":"https:\/\/boscvidra.com\/es\/wp-json\/wp\/v2\/pages\/1975","targetHints":{"allow":["GET"]}}],"collection":[{"href":"https:\/\/boscvidra.com\/es\/wp-json\/wp\/v2\/pages"}],"about":[{"href":"https:\/\/boscvidra.com\/es\/wp-json\/wp\/v2\/types\/page"}],"author":[{"embeddable":true,"href":"https:\/\/boscvidra.com\/es\/wp-json\/wp\/v2\/users\/1"}],"replies":[{"embeddable":true,"href":"https:\/\/boscvidra.com\/es\/wp-json\/wp\/v2\/comments?post=1975"}],"version-history":[{"count":105,"href":"https:\/\/boscvidra.com\/es\/wp-json\/wp\/v2\/pages\/1975\/revisions"}],"predecessor-version":[{"id":2661,"href":"https:\/\/boscvidra.com\/es\/wp-json\/wp\/v2\/pages\/1975\/revisions\/2661"}],"wp:attachment":[{"href":"https:\/\/boscvidra.com\/es\/wp-json\/wp\/v2\/media?parent=1975"}],"curies":[{"name":"wp","href":"https:\/\/api.w.org\/{rel}","templated":true}]}}