{"id":1324,"date":"2022-02-24T05:03:32","date_gmt":"2022-02-24T05:03:32","guid":{"rendered":"http:\/\/boscvidra.com\/about\/"},"modified":"2025-04-11T17:43:01","modified_gmt":"2025-04-11T16:43:01","slug":"les-torrenteres-banys-de-bosc-catalunya","status":"publish","type":"page","link":"https:\/\/boscvidra.com\/es\/les-torrenteres-banys-de-bosc-catalunya\/","title":{"rendered":"Les Torrenteres"},"content":{"rendered":"<div class=\"wp-block-uagb-container uagb-block-3ad17e27 alignfull uagb-is-root-container\"><div class=\"uagb-container-inner-blocks-wrap\">\n<div class=\"wp-block-uagb-advanced-heading uagb-block-8a1eebc0\"><h1 class=\"uagb-heading-text\"><strong>Torrenteres<\/strong><\/h1><\/div>\n\n\n\n<p class=\"has-text-align-center has-ast-global-color-5-color has-text-color has-link-color has-medium-font-size wp-elements-26e0efe8b329f8c29d860e4a2a4f8c08\">El millor bosc de Catalunya per practicar banys de bosc i reconnectar amb la natura en un entorn \u00fanic i ple de serenitat<\/p>\n<\/div><\/div>\n\n\n\n<div class=\"wp-block-uagb-container uagb-block-pbwvgjnm alignfull uagb-is-root-container\"><div class=\"uagb-container-inner-blocks-wrap\">\n<div class=\"wp-block-uagb-container uagb-block-d91rf6nb\">\n<div class=\"wp-block-uagb-info-box uagb-block-iqzozwm5 uagb-infobox__content-wrap  uagb-infobox-icon-above-title uagb-infobox-image-valign-top\"><div class=\"uagb-ifb-content\"><div class=\"uagb-ifb-title-wrap\"><h2 class=\"uagb-ifb-title\">Sobre Les <mark style=\"background-color:rgba(0, 0, 0, 0)\" class=\"has-inline-color has-ast-global-color-0-color\">Torrenteres<\/mark><\/h2><\/div><\/div><\/div>\n<\/div>\n\n\n\n<div class=\"wp-block-uagb-container uagb-block-pgojbntf\">\n<div class=\"wp-block-uagb-container uagb-block-ziirvwij\">\n<div class=\"wp-block-uagb-info-box uagb-block-ydlpq4f7 uagb-infobox__content-wrap  uagb-infobox-icon-above-title uagb-infobox-image-valign-top\"><div class=\"uagb-ifb-content\"><div class=\"uagb-ifb-title-wrap\"><\/div><p class=\"uagb-ifb-desc\">El bosc de Les Torrenteres de 12 ha, es troba al terme municipal de Vidr\u00e0. Aquest bosc ha estat classificat com un dels millors boscos terap\u00e8utics de la prov\u00edncia de Girona per fer Banys de Bosc. Les caracter\u00edstiques naturals que s\u2019hi troben, originen una&nbsp;alta formaci\u00f3 de&nbsp;part\u00edcules phytocides. Aix\u00f2 fa que les estades dins Les Torrenteres millorin el nostre sistema immunol\u00f2gic i tinguem millor estat d\u2019\u00e0nim, entre d\u2019altres m\u00faltiples beneficis. <\/p><\/div><\/div>\n\n\n\n<div class=\"wp-block-uagb-info-box uagb-block-uqai1amn uagb-infobox__content-wrap  uagb-infobox-icon-above-title uagb-infobox-image-valign-top\"><div class=\"uagb-ifb-content\"><div class=\"uagb-ifb-title-wrap\"><\/div><p class=\"uagb-ifb-desc\">La comunidad cient\u00edfica, bajo el concepto de la \u201cmedicina forestal\u201d profundiza en c\u00f3mo las caracter\u00edsticas f\u00edsicas y bioqu\u00edmicas de los bosques m\u00e1s naturales potencian m\u00faltiples beneficios en el organismo humano, tanto psicol\u00f3gicos, como fisiol\u00f3gicos.<br><br>Estos beneficios se potencian, entre otros, gracias a la aerobiolog\u00eda forestal, el andar lento, el silencio, la relajaci\u00f3n, la respiraci\u00f3n consciente, y una (re)conexi\u00f3n con el entorno natural a trav\u00e9s de todos nuestros sentidos.<\/p><\/div><\/div>\n<\/div>\n\n\n\n<div class=\"wp-block-uagb-container uagb-block-4q5syy23\">\n<div class=\"wp-block-uagb-info-box uagb-block-n55wr2o7 uagb-infobox__content-wrap  uagb-infobox-icon-left-title uagb-infobox-left uagb-infobox-image-valign-middle\"><div class=\"uagb-ifb-content\"><div class=\"uagb-ifb-left-title-image\"><div class=\"uagb-ifb-icon-wrap\"><svg xmlns=\"https:\/\/www.w3.org\/2000\/svg\" viewbox=\"0 0 448 512\"><path d=\"M438.6 105.4C451.1 117.9 451.1 138.1 438.6 150.6L182.6 406.6C170.1 419.1 149.9 419.1 137.4 406.6L9.372 278.6C-3.124 266.1-3.124 245.9 9.372 233.4C21.87 220.9 42.13 220.9 54.63 233.4L159.1 338.7L393.4 105.4C405.9 92.88 426.1 92.88 438.6 105.4H438.6z\"><\/path><\/svg><\/div><div class=\"uagb-ifb-title-wrap\"><p class=\"uagb-ifb-title\">Bosque terap\u00e9utico certificado <\/p><\/div><\/div><p class=\"uagb-ifb-desc\">Las\u00a0Torrenteras\u00a0es uno de los mejores bosques terap\u00e9uticos de provincia de Girona.<\/p><div class=\"uagb-ifb-separator\"><\/div><\/div><\/div>\n\n\n\n<div class=\"wp-block-uagb-info-box uagb-block-xfvm7yka uagb-infobox__content-wrap  uagb-infobox-icon-left-title uagb-infobox-left uagb-infobox-image-valign-middle\"><div class=\"uagb-ifb-content\"><div class=\"uagb-ifb-left-title-image\"><div class=\"uagb-ifb-icon-wrap\"><svg xmlns=\"https:\/\/www.w3.org\/2000\/svg\" viewbox=\"0 0 448 512\"><path d=\"M438.6 105.4C451.1 117.9 451.1 138.1 438.6 150.6L182.6 406.6C170.1 419.1 149.9 419.1 137.4 406.6L9.372 278.6C-3.124 266.1-3.124 245.9 9.372 233.4C21.87 220.9 42.13 220.9 54.63 233.4L159.1 338.7L393.4 105.4C405.9 92.88 426.1 92.88 438.6 105.4H438.6z\"><\/path><\/svg><\/div><div class=\"uagb-ifb-title-wrap\"><p class=\"uagb-ifb-title\">Totalmente privado<\/p><\/div><\/div><p class=\"uagb-ifb-desc\">Las Torrenteras es un bosque privado el cual est\u00e1 cerrado y s\u00f3lo\u00a0se permite la estancia para hacer actividades respetuosas y en sinton\u00eda con la naturaleza.<\/p><div class=\"uagb-ifb-separator\"><\/div><\/div><\/div>\n\n\n\n<div class=\"wp-block-uagb-info-box uagb-block-wsnuqsmc uagb-infobox__content-wrap  uagb-infobox-icon-left-title uagb-infobox-left uagb-infobox-image-valign-middle\"><div class=\"uagb-ifb-content\"><div class=\"uagb-ifb-left-title-image\"><div class=\"uagb-ifb-icon-wrap\"><svg xmlns=\"https:\/\/www.w3.org\/2000\/svg\" viewbox=\"0 0 448 512\"><path d=\"M438.6 105.4C451.1 117.9 451.1 138.1 438.6 150.6L182.6 406.6C170.1 419.1 149.9 419.1 137.4 406.6L9.372 278.6C-3.124 266.1-3.124 245.9 9.372 233.4C21.87 220.9 42.13 220.9 54.63 233.4L159.1 338.7L393.4 105.4C405.9 92.88 426.1 92.88 438.6 105.4H438.6z\"><\/path><\/svg><\/div><div class=\"uagb-ifb-title-wrap\"><p class=\"uagb-ifb-title\">Se puede reservar<\/p><\/div><\/div><p class=\"uagb-ifb-desc\">Reserva Les&nbsp;Torrenteres&nbsp;per a la teva activitat conscient de benestar com Banys de Bosc, Retirs, Yoga a la Natura, o activitats RSC <a href=\"https:\/\/boscvidra.com\/es\/contacte\/\">cont\u00e1ctanos<\/a> para m\u00e1s informaci\u00f3n.<\/p><div class=\"uagb-ifb-separator\"><\/div><\/div><\/div>\n<\/div>\n<\/div>\n\n\n\n<div class=\"wp-block-uagb-advanced-heading uagb-block-68a9bb1a\"><h2 class=\"uagb-heading-text\">Qu\u00e9 es un bosque <mark style=\"background-color:rgba(0, 0, 0, 0)\" class=\"has-inline-color has-ast-global-color-0-color\">terap\u00e9utico<\/mark>?<\/h2><\/div>\n\n\n\n<p>Para que un bosque sea terap\u00e9utico tiene que tener ciertas caracter\u00edsticas, como por ejemplo, estar compuesto por \u00e1rboles de m\u00e1s de 100 a\u00f1os de antig\u00fcedad, ser rico en biodiversidad, con una gran variedad de especies vegetales y riachuelos tranquilos.<br><br>En el Jap\u00f3n, donde naci\u00f3 la t\u00e9cnica de bienestar Shinrin Yoku (o Ba\u00f1os de Bosque en espa\u00f1ol) existen m\u00e1s de 62 bosques terap\u00e9uticos hoy en d\u00eda.<br><br>Existen varios estudios que han demostrado que los bosques maduros son m\u00e1s terap\u00e9uticos, que los j\u00f3venes. Exactamente, un estudio realizado en el Jap\u00f3n en el 2008 que ha comparado un paseo de 15 minutos por un bosque joven y por un bosque maduro con cedros y cipreses de m\u00e1s de 300 a\u00f1os, ha revelado que los participantes del paseo por el bosque maduro se han sentido con mayor vitalidad y menor tensi\u00f3n y ansiedad. Adem\u00e1s, los participantes han descrito el bosque maduro como \u201cm\u00e1s natural, con mayor belleza, sensaci\u00f3n de espiritualidad, m\u00e1s tranquilizador y saludable.\u201d<br><br>Otro estudio conducido por la Universitat de Girona con personas con fibromialgia ha demostrado que realizar un ejercicio suave, como un Ba\u00f1o de Bosque en un bosque maduro, aumenta el bienestar y disminuye el n\u00famero de d\u00edas de dolor intenso y d\u00edas de insomnio.<br><br>Esto es por el hecho que los \u00e1rboles maduros tienen una mayor concentraci\u00f3n de fitoncidas, menor densidad (el que nos proporciona una mayor sensaci\u00f3n de bienestar y seguridad) y una mayor biodiversidad.<br><br>Las fitoncidas \u2013 compuestos org\u00e1nicos vol\u00e1tiles que emiten los \u00e1rboles y plantas para evitar que se pudran y que sean atacados por insectos y animales ayudan a fortalecer el sistema inmune (aumentando c\u00e9lulas asesinas o<em> \u201c<\/em>NK\u201d), prevenir ciertos tipos de c\u00e1ncer y son un antibi\u00f3tico natural. Los bosques maduros a causa de su mayor diversidad, complejidad y longevidad presentan fitoncidas m\u00e1s intensas y variadas el que los confiere una mayor capacidad curativa.<br><br>Los bosques terap\u00e9uticos concentran una mayor cantidad de sustancias, como hongos, resinas y aceites que al inhalar aumentan la serotonina (la hormona de la felicidad) y regulan la noradrenalina (la hormona que aumenta la presi\u00f3n arterial).<br><br>Nuestro bosque <strong>Les Torrenteres<\/strong> est\u00e1 dise\u00f1ado intencionalmente para crear un entorno armonioso que <strong>restaure el equilibrio de la mente, el cuerpo y el esp\u00edritu.<\/strong>. <br><br>Tiene un f\u00e1cil acceso para cualquier tipo de persona, una ruta de baja dificultad y senderos muy definidos que permiten a los visitantes sumergirse en la naturaleza de manera pausada y consciente.<\/p>\n<\/div><\/div>\n\n\n\n<div class=\"wp-block-uagb-container uagb-block-03926366 alignfull uagb-is-root-container\"><div class=\"uagb-container-inner-blocks-wrap\">\n<div class=\"wp-block-uagb-container uagb-block-d3634444\">\n<div data-aos= \"zoom-in\" data-aos-duration=\"400\" data-aos-delay=\"0\" data-aos-easing=\"ease\" data-aos-once=\"true\" class=\"wp-block-uagb-image alignleft uagb-block-bbccf630 wp-block-uagb-image--layout-default wp-block-uagb-image--effect-static wp-block-uagb-image--align-left\"><figure class=\"wp-block-uagb-image__figure\"><img decoding=\"async\" srcset=\"https:\/\/boscvidra.com\/wp-content\/uploads\/2023\/11\/2605a4b9-2c3a-4eb5-aebe-d72bd09791e6_16-9-aspect-ratio_default_0-edited.jpg ,http:\/\/boscvidra.com\/wp-content\/uploads\/2023\/11\/2605a4b9-2c3a-4eb5-aebe-d72bd09791e6_16-9-aspect-ratio_default_0-edited.jpg 780w, http:\/\/boscvidra.com\/wp-content\/uploads\/2023\/11\/2605a4b9-2c3a-4eb5-aebe-d72bd09791e6_16-9-aspect-ratio_default_0-edited.jpg 360w\" sizes=\"auto, (max-width: 480px) 150px\" src=\"https:\/\/boscvidra.com\/wp-content\/uploads\/2023\/11\/2605a4b9-2c3a-4eb5-aebe-d72bd09791e6_16-9-aspect-ratio_default_0-edited.jpg\" alt=\"Bosc Vidr\u00e0\" class=\"uag-image-1846\" width=\"465\" height=\"465\" title=\"\" loading=\"lazy\" role=\"img\"\/><\/figure><\/div>\n<\/div>\n\n\n\n<div class=\"wp-block-uagb-container uagb-block-4596b95e\">\n<div class=\"wp-block-uagb-advanced-heading uagb-block-755d0607\"><h6 class=\"uagb-heading-text\"><mark style=\"background-color:rgba(0, 0, 0, 0)\" class=\"has-inline-color has-ast-global-color-0-color\">de la fundadora<\/mark><\/h6><\/div>\n\n\n\n<div class=\"wp-block-uagb-info-box uagb-block-02d384db uagb-infobox__content-wrap  uagb-infobox-icon-above-title uagb-infobox-image-valign-top\"><div class=\"uagb-ifb-content\"><div class=\"uagb-ifb-icon-wrap\"><svg xmlns=\"https:\/\/www.w3.org\/2000\/svg\" viewbox=\"0 0 448 512\"><path d=\"M96 224C84.72 224 74.05 226.3 64 229.9V224c0-35.3 28.7-64 64-64c17.67 0 32-14.33 32-32S145.7 96 128 96C57.42 96 0 153.4 0 224v96c0 53.02 42.98 96 96 96s96-42.98 96-96S149 224 96 224zM352 224c-11.28 0-21.95 2.305-32 5.879V224c0-35.3 28.7-64 64-64c17.67 0 32-14.33 32-32s-14.33-32-32-32c-70.58 0-128 57.42-128 128v96c0 53.02 42.98 96 96 96s96-42.98 96-96S405 224 352 224z\"><\/path><\/svg><\/div><div class=\"uagb-ifb-title-wrap\"><span class=\"uagb-ifb-title-prefix\">Elisabet tiene un especial inter\u00e9s en este proyecto puesto que se estima de una manera especial esta zona, Les Torrenteres ha sido gestionada desde siempre por su familia y Elisabet es la 26\u00aa generaci\u00f3n. Gracias a este trabajo, hoy podemos disfrutar de un bosque con las caracter\u00edsticas y particularidades que encontramos.<\/span><p class=\"uagb-ifb-title\">Elisabet Vila d\u2019Abadal<\/p><\/div><p class=\"uagb-ifb-desc\">Fundadora<\/p><div class=\"uagb-ifb-separator\"><\/div><\/div><\/div>\n\n\n\n<div class=\"wp-block-uagb-advanced-heading uagb-block-f0a0aac2\"><h6 class=\"uagb-heading-text\">Redes sociales<\/h6><\/div>\n\n\n\n<ul class=\"wp-block-social-links has-icon-color is-style-logos-only is-horizontal is-content-justification-left is-layout-flex wp-container-core-social-links-is-layout-20be11b6 wp-block-social-links-is-layout-flex\"><li style=\"color:var(--ast-global-color-0);\" class=\"wp-social-link wp-social-link-instagram has-ast-global-color-0-color wp-block-social-link\"><a href=\"https:\/\/www.instagram.com\/boscvidra\/?hl=es\" class=\"wp-block-social-link-anchor\"><svg width=\"24\" height=\"24\" viewbox=\"0 0 24 24\" version=\"1.1\" xmlns=\"http:\/\/www.w3.org\/2000\/svg\" aria-hidden=\"true\" focusable=\"false\"><path d=\"M12,4.622c2.403,0,2.688,0.009,3.637,0.052c0.877,0.04,1.354,0.187,1.671,0.31c0.42,0.163,0.72,0.358,1.035,0.673 c0.315,0.315,0.51,0.615,0.673,1.035c0.123,0.317,0.27,0.794,0.31,1.671c0.043,0.949,0.052,1.234,0.052,3.637 s-0.009,2.688-0.052,3.637c-0.04,0.877-0.187,1.354-0.31,1.671c-0.163,0.42-0.358,0.72-0.673,1.035 c-0.315,0.315-0.615,0.51-1.035,0.673c-0.317,0.123-0.794,0.27-1.671,0.31c-0.949,0.043-1.233,0.052-3.637,0.052 s-2.688-0.009-3.637-0.052c-0.877-0.04-1.354-0.187-1.671-0.31c-0.42-0.163-0.72-0.358-1.035-0.673 c-0.315-0.315-0.51-0.615-0.673-1.035c-0.123-0.317-0.27-0.794-0.31-1.671C4.631,14.688,4.622,14.403,4.622,12 s0.009-2.688,0.052-3.637c0.04-0.877,0.187-1.354,0.31-1.671c0.163-0.42,0.358-0.72,0.673-1.035 c0.315-0.315,0.615-0.51,1.035-0.673c0.317-0.123,0.794-0.27,1.671-0.31C9.312,4.631,9.597,4.622,12,4.622 M12,3 C9.556,3,9.249,3.01,8.289,3.054C7.331,3.098,6.677,3.25,6.105,3.472C5.513,3.702,5.011,4.01,4.511,4.511 c-0.5,0.5-0.808,1.002-1.038,1.594C3.25,6.677,3.098,7.331,3.054,8.289C3.01,9.249,3,9.556,3,12c0,2.444,0.01,2.751,0.054,3.711 c0.044,0.958,0.196,1.612,0.418,2.185c0.23,0.592,0.538,1.094,1.038,1.594c0.5,0.5,1.002,0.808,1.594,1.038 c0.572,0.222,1.227,0.375,2.185,0.418C9.249,20.99,9.556,21,12,21s2.751-0.01,3.711-0.054c0.958-0.044,1.612-0.196,2.185-0.418 c0.592-0.23,1.094-0.538,1.594-1.038c0.5-0.5,0.808-1.002,1.038-1.594c0.222-0.572,0.375-1.227,0.418-2.185 C20.99,14.751,21,14.444,21,12s-0.01-2.751-0.054-3.711c-0.044-0.958-0.196-1.612-0.418-2.185c-0.23-0.592-0.538-1.094-1.038-1.594 c-0.5-0.5-1.002-0.808-1.594-1.038c-0.572-0.222-1.227-0.375-2.185-0.418C14.751,3.01,14.444,3,12,3L12,3z M12,7.378 c-2.552,0-4.622,2.069-4.622,4.622S9.448,16.622,12,16.622s4.622-2.069,4.622-4.622S14.552,7.378,12,7.378z M12,15 c-1.657,0-3-1.343-3-3s1.343-3,3-3s3,1.343,3,3S13.657,15,12,15z M16.804,6.116c-0.596,0-1.08,0.484-1.08,1.08 s0.484,1.08,1.08,1.08c0.596,0,1.08-0.484,1.08-1.08S17.401,6.116,16.804,6.116z\"><\/path><\/svg><span class=\"wp-block-social-link-label screen-reader-text\">Instagram<\/span><\/a><\/li>\n\n<li style=\"color:var(--ast-global-color-0);\" class=\"wp-social-link wp-social-link-facebook has-ast-global-color-0-color wp-block-social-link\"><a href=\"https:\/\/www.facebook.com\/profile.php?id=61556356701093\" class=\"wp-block-social-link-anchor\"><svg width=\"24\" height=\"24\" viewbox=\"0 0 24 24\" version=\"1.1\" xmlns=\"http:\/\/www.w3.org\/2000\/svg\" aria-hidden=\"true\" focusable=\"false\"><path d=\"M12 2C6.5 2 2 6.5 2 12c0 5 3.7 9.1 8.4 9.9v-7H7.9V12h2.5V9.8c0-2.5 1.5-3.9 3.8-3.9 1.1 0 2.2.2 2.2.2v2.5h-1.3c-1.2 0-1.6.8-1.6 1.6V12h2.8l-.4 2.9h-2.3v7C18.3 21.1 22 17 22 12c0-5.5-4.5-10-10-10z\"><\/path><\/svg><span class=\"wp-block-social-link-label screen-reader-text\">Facebook<\/span><\/a><\/li>\n\n<li style=\"color:var(--ast-global-color-0);\" class=\"wp-social-link wp-social-link-mail has-ast-global-color-0-color wp-block-social-link\"><a href=\"mailto:info@boscvidra.com\" class=\"wp-block-social-link-anchor\"><svg width=\"24\" height=\"24\" viewbox=\"0 0 24 24\" version=\"1.1\" xmlns=\"http:\/\/www.w3.org\/2000\/svg\" aria-hidden=\"true\" focusable=\"false\"><path d=\"M19,5H5c-1.1,0-2,.9-2,2v10c0,1.1.9,2,2,2h14c1.1,0,2-.9,2-2V7c0-1.1-.9-2-2-2zm.5,12c0,.3-.2.5-.5.5H5c-.3,0-.5-.2-.5-.5V9.8l7.5,5.6,7.5-5.6V17zm0-9.1L12,13.6,4.5,7.9V7c0-.3.2-.5.5-.5h14c.3,0,.5.2.5.5v.9z\"><\/path><\/svg><span class=\"wp-block-social-link-label screen-reader-text\">Correo electr\u00f3nico<\/span><\/a><\/li><\/ul>\n<\/div>\n<\/div><\/div>\n\n\n\n<div class=\"wp-block-uagb-container uagb-block-6b968533 alignfull uagb-is-root-container\"><div class=\"uagb-container-inner-blocks-wrap\">\n<div class=\"wp-block-uagb-container uagb-block-c6ba3fc6\">\n<div class=\"wp-block-uagb-advanced-heading uagb-block-70d21000\"><h2 class=\"uagb-heading-text\">Hablan de <mark style=\"background-color:rgba(0, 0, 0, 0)\" class=\"has-inline-color has-ast-global-color-0-color\">nosotros<\/mark><\/h2><\/div>\n\n\n\n<div class=\"wp-block-uagb-slider uagb-block-bc0e0c30 uagb-slider-container\"><div class=\"uagb-slides uagb-swiper\"><div class=\"swiper-wrapper\">\n<div class=\"wp-block-uagb-slider-child uagb-slider-child-wrap swiper-slide uagb-block-04684b98\"><div class=\"swiper-content\">\n<div class=\"wp-block-uagb-container uagb-block-e1c046de\">\n<div class=\"wp-block-uagb-info-box uagb-block-433376b7 uagb-infobox__content-wrap  uagb-infobox-icon-above-title uagb-infobox-image-valign-top\"><div class=\"uagb-ifb-content\"><div class=\"uagb-ifb-image-content\"><img decoding=\"async\" src=\"http:\/\/boscvidra.com\/wp-content\/uploads\/2023\/11\/download.png\" alt=\"\" width=\"165\" height=\"91\" loading=\"lazy\"\/><\/div><div class=\"uagb-ifb-title-wrap\"><h3 class=\"uagb-ifb-title\">\u00abNo ens ho inventem, els beneficis dels banys de bosc s\u00f3n reals\u00bb<\/h3><\/div><div class=\"uagb-ifb-separator\"><\/div><p class=\"uagb-ifb-desc\">Elisabet Vila d&#8217;Abadal \u00e9s la directora del Bosc de Vidr\u00e0, que ofereix banys terap\u00e8utics.<\/p><div class=\"uagb-ifb-button-wrapper wp-block-button\"><a href=\"https:\/\/www.diaridegirona.cat\/ultimes-noticies\/2018\/06\/28\/ens-ho-inventem-els-beneficis-48923389.html\" class=\"uagb-infobox-cta-link wp-block-button__link\" target=\"_self\" rel=\"noopener noreferrer\" onclick=\"return true;\"><span class=\"uagb-inline-editing\">Llegir m\u00e9s<\/span><\/a><\/div><\/div><\/div>\n<\/div>\n<\/div><\/div>\n\n\n\n<div class=\"wp-block-uagb-slider-child uagb-slider-child-wrap swiper-slide uagb-block-39723077\"><div class=\"swiper-content\">\n<div class=\"wp-block-uagb-container uagb-block-4625a7bd\">\n<div class=\"wp-block-uagb-info-box uagb-block-fb3e8b45 uagb-infobox__content-wrap  uagb-infobox-icon-above-title uagb-infobox-image-valign-top\"><div class=\"uagb-ifb-content\"><div class=\"uagb-ifb-image-content\"><img decoding=\"async\" src=\"http:\/\/boscvidra.com\/wp-content\/uploads\/2024\/02\/unnamed.jpg\" alt=\"\" width=\"165\" height=\"65\" loading=\"lazy\"\/><\/div><div class=\"uagb-ifb-title-wrap\"><h3 class=\"uagb-ifb-title\">\u00abLa visi\u00f3 de la propietat amb els banys de bosc.\u00bb<\/h3><\/div><div class=\"uagb-ifb-separator\"><\/div><p class=\"uagb-ifb-desc\">El bosc de les Torrenteres \u00e9s un bosc adult en qu\u00e8 es reuneixen les condicions perfectes per tenir el<br>m\u00e0xim de beneficis en la seva estada.<\/p><div class=\"uagb-ifb-button-wrapper wp-block-button\"><a href=\"https:\/\/cpf.gencat.cat\/web\/.content\/or_organismes\/or04_centre_propietat_forestal\/06-Publicacions\/revista_silvicultura\/numeros_publicats\/Binaris\/0081_Articles\/Article5_81.pdf\" class=\"uagb-infobox-cta-link wp-block-button__link\" target=\"_self\" rel=\"noopener noreferrer\" onclick=\"return true;\"><span class=\"uagb-inline-editing\">Llegir m\u00e9s<\/span><\/a><\/div><\/div><\/div>\n<\/div>\n<\/div><\/div>\n\n\n\n<div class=\"wp-block-uagb-slider-child uagb-slider-child-wrap swiper-slide uagb-block-e633a1c6\"><div class=\"swiper-content\">\n<div class=\"wp-block-uagb-container uagb-block-0a190f22\">\n<div class=\"wp-block-uagb-info-box uagb-block-7fd9f7bb uagb-infobox__content-wrap  uagb-infobox-icon-above-title uagb-infobox-image-valign-top\"><div class=\"uagb-ifb-content\"><div class=\"uagb-ifb-image-content\"><img decoding=\"async\" src=\"http:\/\/boscvidra.com\/wp-content\/uploads\/2023\/11\/download.jpg\" alt=\"\" width=\"165\" height=\"59\" loading=\"lazy\"\/><\/div><div class=\"uagb-ifb-title-wrap\"><h3 class=\"uagb-ifb-title\">\u00abEls serveis ecosist\u00e8mics dels boscos m\u00e9s madurs\u00bb<\/h3><\/div><div class=\"uagb-ifb-separator\"><\/div><p class=\"uagb-ifb-desc\">El bosc com a centre de salut m\u00e9s natural i farm\u00e0cia m\u00e9s completa i econ\u00f2mica.<\/p><div class=\"uagb-ifb-button-wrapper wp-block-button\"><a href=\"https:\/\/selvans.ong\/recerca-selvans\/\" class=\"uagb-infobox-cta-link wp-block-button__link\" target=\"_self\" rel=\"noopener noreferrer\" onclick=\"return true;\"><span class=\"uagb-inline-editing\">Llegir m\u00e9s<\/span><\/a><\/div><\/div><\/div>\n<\/div>\n<\/div><\/div>\n\n\n\n<div class=\"wp-block-uagb-slider-child uagb-slider-child-wrap swiper-slide uagb-block-d3175d37\"><div class=\"swiper-content\">\n<div class=\"wp-block-uagb-container uagb-block-404469b3\">\n<div class=\"wp-block-uagb-info-box uagb-block-a33afc9a uagb-infobox__content-wrap  uagb-infobox-icon-above-title uagb-infobox-image-valign-top\"><div class=\"uagb-ifb-content\"><div class=\"uagb-ifb-image-content\"><img decoding=\"async\" src=\"http:\/\/boscvidra.com\/wp-content\/uploads\/2024\/02\/el9nou.cat_.svg\" alt=\"\" width=\"164\" height=\"24\" loading=\"lazy\"\/><\/div><div class=\"uagb-ifb-title-wrap\"><h3 class=\"uagb-ifb-title\">\u00abUn bosc terap\u00e8utic a Vidr\u00e0\u00bb<\/h3><\/div><div class=\"uagb-ifb-separator\"><\/div><p class=\"uagb-ifb-desc\">El bosc terap\u00e8utic de Vidr\u00e0 \u00e9s l\u2019\u00fanic a Osona i el Ripoll\u00e8s que ofereix aquest servei, que est\u00e0 demostrat que afecta positivament la salut reduint l\u2019estr\u00e8s, entre tants altres beneficis.<br><\/p><div class=\"uagb-ifb-button-wrapper wp-block-button\"><a href=\"https:\/\/el9nou.cat\/osona-ripolles\/actualitat\/societat\/un-bosc-terapeutic-a-vidra\/\" class=\"uagb-infobox-cta-link wp-block-button__link\" target=\"_self\" rel=\"noopener noreferrer\" onclick=\"return true;\"><span class=\"uagb-inline-editing\">Llegir m\u00e9s<\/span><\/a><\/div><\/div><\/div>\n<\/div>\n<\/div><\/div>\n<\/div><\/div><div class=\"swiper-pagination\"><\/div><div class=\"swiper-button-prev\"><\/div><div class=\"swiper-button-next\"><\/div><\/div>\n<\/div>\n<\/div><\/div>\n\n\n\n<div class=\"wp-block-uagb-container uagb-block-l8tgiqv2 alignfull uagb-is-root-container\"><div class=\"uagb-container-inner-blocks-wrap\">\n<div class=\"wp-block-uagb-container uagb-block-lexxf90u\">\n<div class=\"wp-block-uagb-container uagb-block-8nem8mee\">\n<div class=\"wp-block-uagb-image alignleft uagb-block-f9tcndfc wp-block-uagb-image--layout-default wp-block-uagb-image--effect-static wp-block-uagb-image--align-left\"><figure class=\"wp-block-uagb-image__figure\"><img decoding=\"async\" srcset=\"https:\/\/boscvidra.com\/wp-content\/uploads\/2024\/01\/8943B0AA-2A0D-4799-95EA-4486909D6C94-819x1024.jpg ,https:\/\/boscvidra.com\/wp-content\/uploads\/2024\/01\/8943B0AA-2A0D-4799-95EA-4486909D6C94.jpg 780w, https:\/\/boscvidra.com\/wp-content\/uploads\/2024\/01\/8943B0AA-2A0D-4799-95EA-4486909D6C94.jpg 360w\" sizes=\"auto, (max-width: 480px) 150px\" src=\"https:\/\/boscvidra.com\/wp-content\/uploads\/2024\/01\/8943B0AA-2A0D-4799-95EA-4486909D6C94-819x1024.jpg\" alt=\"\" class=\"uag-image-2162\" width=\"384\" height=\"384\" title=\"\" loading=\"lazy\" role=\"img\"\/><\/figure><\/div>\n\n\n\n<div class=\"wp-block-uagb-image alignleft uagb-block-aqsby3rc wp-block-uagb-image--layout-default wp-block-uagb-image--effect-static wp-block-uagb-image--align-left\"><figure class=\"wp-block-uagb-image__figure\"><img decoding=\"async\" srcset=\"https:\/\/boscvidra.com\/wp-content\/uploads\/2023\/11\/ElCavallerdeVidra-91-1024x768.jpeg ,https:\/\/boscvidra.com\/wp-content\/uploads\/2023\/11\/ElCavallerdeVidra-91.jpeg 780w, https:\/\/boscvidra.com\/wp-content\/uploads\/2023\/11\/ElCavallerdeVidra-91.jpeg 360w\" sizes=\"auto, (max-width: 480px) 150px\" src=\"https:\/\/boscvidra.com\/wp-content\/uploads\/2023\/11\/ElCavallerdeVidra-91-1024x768.jpeg\" alt=\"\" class=\"uag-image-922\" width=\"384\" height=\"384\" title=\"\" loading=\"lazy\" role=\"img\"\/><\/figure><\/div>\n<\/div>\n\n\n\n<div class=\"wp-block-uagb-container uagb-block-qxkgc6zp\">\n<div class=\"wp-block-uagb-image alignleft uagb-block-sxnw5czu wp-block-uagb-image--layout-default wp-block-uagb-image--effect-static wp-block-uagb-image--align-left\"><figure class=\"wp-block-uagb-image__figure\"><img decoding=\"async\" srcset=\"https:\/\/boscvidra.com\/wp-content\/uploads\/2024\/02\/bosc-vidra-3-1-1024x768.webp ,https:\/\/boscvidra.com\/wp-content\/uploads\/2024\/02\/bosc-vidra-3-1-jpeg.webp 780w, https:\/\/boscvidra.com\/wp-content\/uploads\/2024\/02\/bosc-vidra-3-1-jpeg.webp 360w\" sizes=\"auto, (max-width: 480px) 150px\" src=\"https:\/\/boscvidra.com\/wp-content\/uploads\/2024\/02\/bosc-vidra-3-1-1024x768.webp\" alt=\"Bosc Terap\u00e9utic Les Torrenteres\" class=\"uag-image-2385\" width=\"384\" height=\"384\" title=\"\" loading=\"lazy\" role=\"img\"\/><\/figure><\/div>\n\n\n\n<div class=\"wp-block-uagb-image alignleft uagb-block-x3ezquzx wp-block-uagb-image--layout-default wp-block-uagb-image--effect-static wp-block-uagb-image--align-left\"><figure class=\"wp-block-uagb-image__figure\"><img decoding=\"async\" srcset=\"https:\/\/boscvidra.com\/wp-content\/uploads\/2024\/01\/IMG_9285-en-tamano-grande-768x1024.jpeg ,https:\/\/boscvidra.com\/wp-content\/uploads\/2024\/01\/IMG_9285-en-tamano-grande.jpeg 780w, https:\/\/boscvidra.com\/wp-content\/uploads\/2024\/01\/IMG_9285-en-tamano-grande.jpeg 360w\" sizes=\"auto, (max-width: 480px) 150px\" src=\"https:\/\/boscvidra.com\/wp-content\/uploads\/2024\/01\/IMG_9285-en-tamano-grande-768x1024.jpeg\" alt=\"\" class=\"uag-image-2161\" width=\"384\" height=\"384\" title=\"\" loading=\"lazy\" role=\"img\"\/><\/figure><\/div>\n<\/div>\n\n\n\n<div class=\"wp-block-uagb-container uagb-block-y6df7zsi\">\n<div class=\"wp-block-uagb-image alignleft uagb-block-amcd05nm wp-block-uagb-image--layout-default wp-block-uagb-image--effect-static wp-block-uagb-image--align-left\"><figure class=\"wp-block-uagb-image__figure\"><img decoding=\"async\" srcset=\"https:\/\/boscvidra.com\/wp-content\/uploads\/2024\/01\/IMG_9292-en-tamano-grande-768x1024.jpeg ,https:\/\/boscvidra.com\/wp-content\/uploads\/2024\/01\/IMG_9292-en-tamano-grande.jpeg 780w, https:\/\/boscvidra.com\/wp-content\/uploads\/2024\/01\/IMG_9292-en-tamano-grande.jpeg 360w\" sizes=\"auto, (max-width: 480px) 150px\" src=\"https:\/\/boscvidra.com\/wp-content\/uploads\/2024\/01\/IMG_9292-en-tamano-grande-768x1024.jpeg\" alt=\"\" class=\"uag-image-2160\" width=\"384\" height=\"384\" title=\"\" loading=\"lazy\" role=\"img\"\/><\/figure><\/div>\n\n\n\n<div class=\"wp-block-uagb-image alignleft uagb-block-15o5p4w3 wp-block-uagb-image--layout-default wp-block-uagb-image--effect-static wp-block-uagb-image--align-left\"><figure class=\"wp-block-uagb-image__figure\"><img decoding=\"async\" srcset=\"https:\/\/boscvidra.com\/wp-content\/uploads\/2024\/02\/vila-vella-2-1-1024x682.webp ,https:\/\/boscvidra.com\/wp-content\/uploads\/2024\/02\/vila-vella-2-1-jpeg.webp 780w, https:\/\/boscvidra.com\/wp-content\/uploads\/2024\/02\/vila-vella-2-1-jpeg.webp 360w\" sizes=\"auto, (max-width: 480px) 150px\" src=\"https:\/\/boscvidra.com\/wp-content\/uploads\/2024\/02\/vila-vella-2-1-1024x682.webp\" alt=\"Bosc Terap\u00e8utic Les Torrenteres\" class=\"uag-image-2388\" width=\"384\" height=\"384\" title=\"\" loading=\"lazy\" role=\"img\"\/><\/figure><\/div>\n<\/div>\n<\/div>\n<\/div><\/div>","protected":false},"excerpt":{"rendered":"<p>Torrenteres El millor bosc de Catalunya per practicar banys de bosc i reconnectar amb la natura en un entorn \u00fanic i ple de serenitat Qu\u00e8 \u00e9s un bosc terap\u00e8utic? Perqu\u00e8 [&hellip;]<\/p>\n","protected":false},"author":1,"featured_media":0,"parent":0,"menu_order":0,"comment_status":"closed","ping_status":"closed","template":"","meta":{"_uag_custom_page_level_css":"","site-sidebar-layout":"no-sidebar","site-content-layout":"page-builder","ast-site-content-layout":"full-width-container","site-content-style":"unboxed","site-sidebar-style":"unboxed","ast-global-header-display":"","ast-banner-title-visibility":"","ast-main-header-display":"","ast-hfb-above-header-display":"","ast-hfb-below-header-display":"","ast-hfb-mobile-header-display":"","site-post-title":"disabled","ast-breadcrumbs-content":"","ast-featured-img":"disabled","footer-sml-layout":"","ast-disable-related-posts":"","theme-transparent-header-meta":"enabled","adv-header-id-meta":"","stick-header-meta":"","header-above-stick-meta":"","header-main-stick-meta":"","header-below-stick-meta":"","astra-migrate-meta-layouts":"set","ast-page-background-enabled":"default","ast-page-background-meta":{"desktop":{"background-color":"var(--ast-global-color-4)","background-image":"","background-repeat":"repeat","background-position":"center center","background-size":"auto","background-attachment":"scroll","background-type":"","background-media":"","overlay-type":"","overlay-color":"","overlay-opacity":"","overlay-gradient":""},"tablet":{"background-color":"","background-image":"","background-repeat":"repeat","background-position":"center center","background-size":"auto","background-attachment":"scroll","background-type":"","background-media":"","overlay-type":"","overlay-color":"","overlay-opacity":"","overlay-gradient":""},"mobile":{"background-color":"","background-image":"","background-repeat":"repeat","background-position":"center center","background-size":"auto","background-attachment":"scroll","background-type":"","background-media":"","overlay-type":"","overlay-color":"","overlay-opacity":"","overlay-gradient":""}},"ast-content-background-meta":{"desktop":{"background-color":"var(--ast-global-color-5)","background-image":"","background-repeat":"repeat","background-position":"center center","background-size":"auto","background-attachment":"scroll","background-type":"","background-media":"","overlay-type":"","overlay-color":"","overlay-opacity":"","overlay-gradient":""},"tablet":{"background-color":"var(--ast-global-color-5)","background-image":"","background-repeat":"repeat","background-position":"center center","background-size":"auto","background-attachment":"scroll","background-type":"","background-media":"","overlay-type":"","overlay-color":"","overlay-opacity":"","overlay-gradient":""},"mobile":{"background-color":"var(--ast-global-color-5)","background-image":"","background-repeat":"repeat","background-position":"center center","background-size":"auto","background-attachment":"scroll","background-type":"","background-media":"","overlay-type":"","overlay-color":"","overlay-opacity":"","overlay-gradient":""}},"_EventAllDay":false,"_EventTimezone":"","_EventStartDate":"","_EventEndDate":"","_EventStartDateUTC":"","_EventEndDateUTC":"","_EventShowMap":false,"_EventShowMapLink":false,"_EventURL":"","_EventCost":"","_EventCostDescription":"","_EventCurrencySymbol":"","_EventCurrencyCode":"","_EventCurrencyPosition":"","_EventDateTimeSeparator":"","_EventTimeRangeSeparator":"","_EventOrganizerID":[],"_EventVenueID":[],"_OrganizerEmail":"","_OrganizerPhone":"","_OrganizerWebsite":"","_VenueAddress":"","_VenueCity":"","_VenueCountry":"","_VenueProvince":"","_VenueState":"","_VenueZip":"","_VenuePhone":"","_VenueURL":"","_VenueStateProvince":"","_VenueLat":"","_VenueLng":"","_VenueShowMap":false,"_VenueShowMapLink":false,"footnotes":""},"class_list":["post-1324","page","type-page","status-publish","hentry"],"yoast_head":"<!-- This site is optimized with the Yoast SEO plugin v27.4 - https:\/\/yoast.com\/product\/yoast-seo-wordpress\/ -->\n<title>Les Torrenteres - Bosc Vidr\u00e0<\/title>\n<meta name=\"description\" content=\"Disfruta del alquiler de espacios \u00fanicos en la naturaleza para cursos, yoga y actividades empresariales cerca de Barcelona y Girona.\" \/>\n<meta name=\"robots\" content=\"index, follow, max-snippet:-1, max-image-preview:large, max-video-preview:-1\" \/>\n<link rel=\"canonical\" href=\"https:\/\/boscvidra.com\/es\/les-torrenteres-banys-de-bosc-catalunya\/\" \/>\n<meta property=\"og:locale\" content=\"es_ES\" \/>\n<meta property=\"og:type\" content=\"article\" \/>\n<meta property=\"og:title\" content=\"Les Torrenteres - Bosc Vidr\u00e0\" \/>\n<meta property=\"og:description\" content=\"Disfruta del alquiler de espacios \u00fanicos en la naturaleza para cursos, yoga y actividades empresariales cerca de Barcelona y Girona.\" \/>\n<meta property=\"og:url\" content=\"https:\/\/boscvidra.com\/es\/les-torrenteres-banys-de-bosc-catalunya\/\" \/>\n<meta property=\"og:site_name\" content=\"Bosc Vidr\u00e0\" \/>\n<meta property=\"article:publisher\" content=\"https:\/\/www.facebook.com\/profile.php?id=61556356701093&amp;locale=es_ES\" \/>\n<meta property=\"article:modified_time\" content=\"2025-04-11T16:43:01+00:00\" \/>\n<meta property=\"og:image\" content=\"https:\/\/boscvidra.com\/wp-content\/uploads\/2023\/11\/2605a4b9-2c3a-4eb5-aebe-d72bd09791e6_16-9-aspect-ratio_default_0-edited.jpg\" \/>\n<meta name=\"twitter:card\" content=\"summary_large_image\" \/>\n<meta name=\"twitter:label1\" content=\"Tiempo de lectura\" \/>\n\t<meta name=\"twitter:data1\" content=\"6 minutos\" \/>\n<script type=\"application\/ld+json\" class=\"yoast-schema-graph\">{\"@context\":\"https:\\\/\\\/schema.org\",\"@graph\":[{\"@type\":\"WebPage\",\"@id\":\"https:\\\/\\\/boscvidra.com\\\/les-torrenteres-banys-de-bosc-catalunya\\\/\",\"url\":\"https:\\\/\\\/boscvidra.com\\\/les-torrenteres-banys-de-bosc-catalunya\\\/\",\"name\":\"Les Torrenteres - Bosc Vidr\u00e0\",\"isPartOf\":{\"@id\":\"https:\\\/\\\/boscvidra.com\\\/#website\"},\"primaryImageOfPage\":{\"@id\":\"https:\\\/\\\/boscvidra.com\\\/les-torrenteres-banys-de-bosc-catalunya\\\/#primaryimage\"},\"image\":{\"@id\":\"https:\\\/\\\/boscvidra.com\\\/les-torrenteres-banys-de-bosc-catalunya\\\/#primaryimage\"},\"thumbnailUrl\":\"https:\\\/\\\/boscvidra.com\\\/wp-content\\\/uploads\\\/2023\\\/11\\\/2605a4b9-2c3a-4eb5-aebe-d72bd09791e6_16-9-aspect-ratio_default_0-edited.jpg\",\"datePublished\":\"2022-02-24T05:03:32+00:00\",\"dateModified\":\"2025-04-11T16:43:01+00:00\",\"description\":\"Disfruta del alquiler de espacios \u00fanicos en la naturaleza para cursos, yoga y actividades empresariales cerca de Barcelona y Girona.\",\"breadcrumb\":{\"@id\":\"https:\\\/\\\/boscvidra.com\\\/les-torrenteres-banys-de-bosc-catalunya\\\/#breadcrumb\"},\"inLanguage\":\"es\",\"potentialAction\":[{\"@type\":\"ReadAction\",\"target\":[\"https:\\\/\\\/boscvidra.com\\\/les-torrenteres-banys-de-bosc-catalunya\\\/\"]}]},{\"@type\":\"ImageObject\",\"inLanguage\":\"es\",\"@id\":\"https:\\\/\\\/boscvidra.com\\\/les-torrenteres-banys-de-bosc-catalunya\\\/#primaryimage\",\"url\":\"https:\\\/\\\/boscvidra.com\\\/wp-content\\\/uploads\\\/2023\\\/11\\\/2605a4b9-2c3a-4eb5-aebe-d72bd09791e6_16-9-aspect-ratio_default_0-edited.jpg\",\"contentUrl\":\"https:\\\/\\\/boscvidra.com\\\/wp-content\\\/uploads\\\/2023\\\/11\\\/2605a4b9-2c3a-4eb5-aebe-d72bd09791e6_16-9-aspect-ratio_default_0-edited.jpg\"},{\"@type\":\"BreadcrumbList\",\"@id\":\"https:\\\/\\\/boscvidra.com\\\/les-torrenteres-banys-de-bosc-catalunya\\\/#breadcrumb\",\"itemListElement\":[{\"@type\":\"ListItem\",\"position\":1,\"name\":\"Portada\",\"item\":\"https:\\\/\\\/boscvidra.com\\\/\"},{\"@type\":\"ListItem\",\"position\":2,\"name\":\"Les Torrenteres\"}]},{\"@type\":\"WebSite\",\"@id\":\"https:\\\/\\\/boscvidra.com\\\/#website\",\"url\":\"https:\\\/\\\/boscvidra.com\\\/\",\"name\":\"Bosc Vidr\u00e0\",\"description\":\"Bosc Vidr\u00e0\",\"potentialAction\":[{\"@type\":\"SearchAction\",\"target\":{\"@type\":\"EntryPoint\",\"urlTemplate\":\"https:\\\/\\\/boscvidra.com\\\/?s={search_term_string}\"},\"query-input\":{\"@type\":\"PropertyValueSpecification\",\"valueRequired\":true,\"valueName\":\"search_term_string\"}}],\"inLanguage\":\"es\"}]}<\/script>\n<!-- \/ Yoast SEO plugin. -->","yoast_head_json":{"title":"Les Torrenteres - Bosc Vidr\u00e0","description":"Disfruta del alquiler de espacios \u00fanicos en la naturaleza para cursos, yoga y actividades empresariales cerca de Barcelona y Girona.","robots":{"index":"index","follow":"follow","max-snippet":"max-snippet:-1","max-image-preview":"max-image-preview:large","max-video-preview":"max-video-preview:-1"},"canonical":"https:\/\/boscvidra.com\/es\/les-torrenteres-banys-de-bosc-catalunya\/","og_locale":"es_ES","og_type":"article","og_title":"Les Torrenteres - Bosc Vidr\u00e0","og_description":"Disfruta del alquiler de espacios \u00fanicos en la naturaleza para cursos, yoga y actividades empresariales cerca de Barcelona y Girona.","og_url":"https:\/\/boscvidra.com\/es\/les-torrenteres-banys-de-bosc-catalunya\/","og_site_name":"Bosc Vidr\u00e0","article_publisher":"https:\/\/www.facebook.com\/profile.php?id=61556356701093&locale=es_ES","article_modified_time":"2025-04-11T16:43:01+00:00","og_image":[{"url":"https:\/\/boscvidra.com\/wp-content\/uploads\/2023\/11\/2605a4b9-2c3a-4eb5-aebe-d72bd09791e6_16-9-aspect-ratio_default_0-edited.jpg","type":"","width":"","height":""}],"twitter_card":"summary_large_image","twitter_misc":{"Tiempo de lectura":"6 minutos"},"schema":{"@context":"https:\/\/schema.org","@graph":[{"@type":"WebPage","@id":"https:\/\/boscvidra.com\/les-torrenteres-banys-de-bosc-catalunya\/","url":"https:\/\/boscvidra.com\/les-torrenteres-banys-de-bosc-catalunya\/","name":"Les Torrenteres - Bosc Vidr\u00e0","isPartOf":{"@id":"https:\/\/boscvidra.com\/#website"},"primaryImageOfPage":{"@id":"https:\/\/boscvidra.com\/les-torrenteres-banys-de-bosc-catalunya\/#primaryimage"},"image":{"@id":"https:\/\/boscvidra.com\/les-torrenteres-banys-de-bosc-catalunya\/#primaryimage"},"thumbnailUrl":"https:\/\/boscvidra.com\/wp-content\/uploads\/2023\/11\/2605a4b9-2c3a-4eb5-aebe-d72bd09791e6_16-9-aspect-ratio_default_0-edited.jpg","datePublished":"2022-02-24T05:03:32+00:00","dateModified":"2025-04-11T16:43:01+00:00","description":"Disfruta del alquiler de espacios \u00fanicos en la naturaleza para cursos, yoga y actividades empresariales cerca de Barcelona y Girona.","breadcrumb":{"@id":"https:\/\/boscvidra.com\/les-torrenteres-banys-de-bosc-catalunya\/#breadcrumb"},"inLanguage":"es","potentialAction":[{"@type":"ReadAction","target":["https:\/\/boscvidra.com\/les-torrenteres-banys-de-bosc-catalunya\/"]}]},{"@type":"ImageObject","inLanguage":"es","@id":"https:\/\/boscvidra.com\/les-torrenteres-banys-de-bosc-catalunya\/#primaryimage","url":"https:\/\/boscvidra.com\/wp-content\/uploads\/2023\/11\/2605a4b9-2c3a-4eb5-aebe-d72bd09791e6_16-9-aspect-ratio_default_0-edited.jpg","contentUrl":"https:\/\/boscvidra.com\/wp-content\/uploads\/2023\/11\/2605a4b9-2c3a-4eb5-aebe-d72bd09791e6_16-9-aspect-ratio_default_0-edited.jpg"},{"@type":"BreadcrumbList","@id":"https:\/\/boscvidra.com\/les-torrenteres-banys-de-bosc-catalunya\/#breadcrumb","itemListElement":[{"@type":"ListItem","position":1,"name":"Portada","item":"https:\/\/boscvidra.com\/"},{"@type":"ListItem","position":2,"name":"Les Torrenteres"}]},{"@type":"WebSite","@id":"https:\/\/boscvidra.com\/#website","url":"https:\/\/boscvidra.com\/","name":"Bosc Vidr\u00e0","description":"Bosc Vidr\u00e0","potentialAction":[{"@type":"SearchAction","target":{"@type":"EntryPoint","urlTemplate":"https:\/\/boscvidra.com\/?s={search_term_string}"},"query-input":{"@type":"PropertyValueSpecification","valueRequired":true,"valueName":"search_term_string"}}],"inLanguage":"es"}]}},"uagb_featured_image_src":{"full":false,"thumbnail":false,"medium":false,"medium_large":false,"large":false,"1536x1536":false,"2048x2048":false,"trp-custom-language-flag":false},"uagb_author_info":{"display_name":"BoscVidr\u00e0","author_link":"https:\/\/boscvidra.com\/es\/author\/admin\/"},"uagb_comment_info":0,"uagb_excerpt":"Torrenteres El millor bosc de Catalunya per practicar banys de bosc i reconnectar amb la natura en un entorn \u00fanic i ple de serenitat Qu\u00e8 \u00e9s un bosc terap\u00e8utic? Perqu\u00e8 [&hellip;]","_links":{"self":[{"href":"https:\/\/boscvidra.com\/es\/wp-json\/wp\/v2\/pages\/1324","targetHints":{"allow":["GET"]}}],"collection":[{"href":"https:\/\/boscvidra.com\/es\/wp-json\/wp\/v2\/pages"}],"about":[{"href":"https:\/\/boscvidra.com\/es\/wp-json\/wp\/v2\/types\/page"}],"author":[{"embeddable":true,"href":"https:\/\/boscvidra.com\/es\/wp-json\/wp\/v2\/users\/1"}],"replies":[{"embeddable":true,"href":"https:\/\/boscvidra.com\/es\/wp-json\/wp\/v2\/comments?post=1324"}],"version-history":[{"count":46,"href":"https:\/\/boscvidra.com\/es\/wp-json\/wp\/v2\/pages\/1324\/revisions"}],"predecessor-version":[{"id":2663,"href":"https:\/\/boscvidra.com\/es\/wp-json\/wp\/v2\/pages\/1324\/revisions\/2663"}],"wp:attachment":[{"href":"https:\/\/boscvidra.com\/es\/wp-json\/wp\/v2\/media?parent=1324"}],"curies":[{"name":"wp","href":"https:\/\/api.w.org\/{rel}","templated":true}]}}